{"id":4078,"date":"2021-07-02T12:41:15","date_gmt":"2021-07-02T15:41:15","guid":{"rendered":"https:\/\/www.acaoparamita.com.br\/?page_id=4078"},"modified":"2023-09-05T14:56:24","modified_gmt":"2023-09-05T17:56:24","slug":"linhas-tematicas-antiga","status":"publish","type":"page","link":"https:\/\/acaoparamita.com.br\/en\/linhas-tematicas-antiga\/","title":{"rendered":"Linhas tem\u00e1ticas-antiga"},"content":{"rendered":"<div data-elementor-type=\"wp-page\" data-elementor-id=\"4078\" class=\"elementor elementor-4078\" data-elementor-post-type=\"page\">\n\t\t\t\t\t\t<section class=\"elementor-section elementor-top-section elementor-element elementor-element-f1a12b3 elementor-section-boxed elementor-section-height-default elementor-section-height-default\" data-id=\"f1a12b3\" data-element_type=\"section\" data-e-type=\"section\" data-settings=\"{&quot;background_background&quot;:&quot;classic&quot;}\">\n\t\t\t\t\t\t<div class=\"elementor-container elementor-column-gap-default\">\n\t\t\t\t\t<div class=\"elementor-column elementor-col-100 elementor-top-column elementor-element elementor-element-fc75af7\" data-id=\"fc75af7\" data-element_type=\"column\" data-e-type=\"column\">\n\t\t\t<div class=\"elementor-widget-wrap elementor-element-populated\">\n\t\t\t\t\t\t<section class=\"elementor-section elementor-inner-section elementor-element elementor-element-23c8d58 elementor-section-boxed elementor-section-height-default elementor-section-height-default\" data-id=\"23c8d58\" data-element_type=\"section\" data-e-type=\"section\">\n\t\t\t\t\t\t<div class=\"elementor-container elementor-column-gap-default\">\n\t\t\t\t\t<div class=\"elementor-column elementor-col-50 elementor-inner-column elementor-element elementor-element-11e37a4\" data-id=\"11e37a4\" data-element_type=\"column\" data-e-type=\"column\">\n\t\t\t<div class=\"elementor-widget-wrap elementor-element-populated\">\n\t\t\t\t\t\t<div class=\"elementor-element elementor-element-c5735ee elementor-widget elementor-widget-heading\" data-id=\"c5735ee\" data-element_type=\"widget\" data-e-type=\"widget\" data-widget_type=\"heading.default\">\n\t\t\t\t<div class=\"elementor-widget-container\">\n\t\t\t\t\t<h2 class=\"elementor-heading-title elementor-size-default\">THEMATIC COURSES<\/h2>\t\t\t\t<\/div>\n\t\t\t\t<\/div>\n\t\t\t\t\t<\/div>\n\t\t<\/div>\n\t\t\t\t<div class=\"elementor-column elementor-col-50 elementor-inner-column elementor-element elementor-element-db589dd\" data-id=\"db589dd\" data-element_type=\"column\" data-e-type=\"column\">\n\t\t\t<div class=\"elementor-widget-wrap\">\n\t\t\t\t\t\t\t<\/div>\n\t\t<\/div>\n\t\t\t\t\t<\/div>\n\t\t<\/section>\n\t\t\t\t\t<\/div>\n\t\t<\/div>\n\t\t\t\t\t<\/div>\n\t\t<\/section>\n\t\t\t\t<section class=\"elementor-section elementor-top-section elementor-element elementor-element-7a081c7 elementor-section-boxed elementor-section-height-default elementor-section-height-default\" data-id=\"7a081c7\" data-element_type=\"section\" data-e-type=\"section\">\n\t\t\t\t\t\t<div class=\"elementor-container elementor-column-gap-default\">\n\t\t\t\t\t<div class=\"elementor-column elementor-col-100 elementor-top-column elementor-element elementor-element-fbdddeb\" data-id=\"fbdddeb\" data-element_type=\"column\" data-e-type=\"column\">\n\t\t\t<div class=\"elementor-widget-wrap elementor-element-populated\">\n\t\t\t\t\t\t<div class=\"elementor-element elementor-element-3b8a777 elementor-widget elementor-widget-heading\" data-id=\"3b8a777\" data-element_type=\"widget\" data-e-type=\"widget\" data-widget_type=\"heading.default\">\n\t\t\t\t<div class=\"elementor-widget-container\">\n\t\t\t\t\t<h2 class=\"elementor-heading-title elementor-size-default\">About<\/h2>\t\t\t\t<\/div>\n\t\t\t\t<\/div>\n\t\t\t\t\t<\/div>\n\t\t<\/div>\n\t\t\t\t\t<\/div>\n\t\t<\/section>\n\t\t\t\t<section class=\"elementor-section elementor-top-section elementor-element elementor-element-477d705 elementor-section-boxed elementor-section-height-default elementor-section-height-default\" data-id=\"477d705\" data-element_type=\"section\" data-e-type=\"section\">\n\t\t\t\t\t\t<div class=\"elementor-container elementor-column-gap-default\">\n\t\t\t\t\t<div class=\"elementor-column elementor-col-100 elementor-top-column elementor-element elementor-element-5abd761\" data-id=\"5abd761\" data-element_type=\"column\" data-e-type=\"column\">\n\t\t\t<div class=\"elementor-widget-wrap elementor-element-populated\">\n\t\t\t\t\t\t<div class=\"elementor-element elementor-element-481b94a elementor-widget elementor-widget-text-editor\" data-id=\"481b94a\" data-element_type=\"widget\" data-e-type=\"widget\" data-widget_type=\"text-editor.default\">\n\t\t\t\t<div class=\"elementor-widget-container\">\n\t\t\t\t\t\t\t\t\t<p>The thematic courses organize the techings in order to enrich the contents which support the <strong>development of stability of mind, vision, meditation and action in the world<\/strong>. The main goal is to help practitioners to develop awareness in the various blocks, reigns and bardos - which are all expressions of clear light,<\/p>\t\t\t\t\t\t\t\t<\/div>\n\t\t\t\t<\/div>\n\t\t\t\t\t<\/div>\n\t\t<\/div>\n\t\t\t\t\t<\/div>\n\t\t<\/section>\n\t\t\t\t<section class=\"elementor-section elementor-top-section elementor-element elementor-element-3c08277 elementor-section-boxed elementor-section-height-default elementor-section-height-default\" data-id=\"3c08277\" data-element_type=\"section\" data-e-type=\"section\">\n\t\t\t\t\t\t<div class=\"elementor-container elementor-column-gap-default\">\n\t\t\t\t\t<div class=\"elementor-column elementor-col-100 elementor-top-column elementor-element elementor-element-a2303b3\" data-id=\"a2303b3\" data-element_type=\"column\" data-e-type=\"column\">\n\t\t\t<div class=\"elementor-widget-wrap elementor-element-populated\">\n\t\t\t\t\t\t<div class=\"elementor-element elementor-element-13f4471 elementor-widget elementor-widget-heading\" data-id=\"13f4471\" data-element_type=\"widget\" data-e-type=\"widget\" data-widget_type=\"heading.default\">\n\t\t\t\t<div class=\"elementor-widget-container\">\n\t\t\t\t\t<h2 class=\"elementor-heading-title elementor-size-default\">How to use and where to start<\/h2>\t\t\t\t<\/div>\n\t\t\t\t<\/div>\n\t\t\t\t\t<\/div>\n\t\t<\/div>\n\t\t\t\t\t<\/div>\n\t\t<\/section>\n\t\t\t\t<section class=\"elementor-section elementor-top-section elementor-element elementor-element-dccae7a elementor-section-boxed elementor-section-height-default elementor-section-height-default\" data-id=\"dccae7a\" data-element_type=\"section\" data-e-type=\"section\">\n\t\t\t\t\t\t<div class=\"elementor-container elementor-column-gap-default\">\n\t\t\t\t\t<div class=\"elementor-column elementor-col-100 elementor-top-column elementor-element elementor-element-8ec7950\" data-id=\"8ec7950\" data-element_type=\"column\" data-e-type=\"column\">\n\t\t\t<div class=\"elementor-widget-wrap elementor-element-populated\">\n\t\t\t\t\t\t<div class=\"elementor-element elementor-element-2c14caf elementor-widget elementor-widget-text-editor\" data-id=\"2c14caf\" data-element_type=\"widget\" data-e-type=\"widget\" data-widget_type=\"text-editor.default\">\n\t\t\t\t<div class=\"elementor-widget-container\">\n\t\t\t\t\t\t\t\t\t<p>Here we use the <strong>circular method<\/strong> between these various thematic courses. The suggestion is to <strong>start<\/strong> with the <a href=\"https:\/\/acaoparamita.com.br\/en\/o-darma-do-buda\/\"><b>Buddha Dharma in the World<\/b><\/a> The <strong>next step<\/strong> is to continue with another thematic line of your interest and then go through it all again circularly, taking <strong>contemplation as the main practice.<\/strong>.<\/p><p><em>Each thematic line came from teachings on retreats, all led by Lama Samten from different locations in Brazil. Other thematic lines will be offered next, in order to enrich the contents which support the development of stability of mind, vision, meditation and action in the world.<\/em><\/p>\t\t\t\t\t\t\t\t<\/div>\n\t\t\t\t<\/div>\n\t\t\t\t\t<\/div>\n\t\t<\/div>\n\t\t\t\t\t<\/div>\n\t\t<\/section>\n\t\t\t\t<section class=\"elementor-section elementor-top-section elementor-element elementor-element-f75c646 elementor-section-boxed elementor-section-height-default elementor-section-height-default\" data-id=\"f75c646\" data-element_type=\"section\" data-e-type=\"section\">\n\t\t\t\t\t\t<div class=\"elementor-container elementor-column-gap-default\">\n\t\t\t\t\t<div class=\"elementor-column elementor-col-100 elementor-top-column elementor-element elementor-element-a0c4d7d\" data-id=\"a0c4d7d\" data-element_type=\"column\" data-e-type=\"column\">\n\t\t\t<div class=\"elementor-widget-wrap elementor-element-populated\">\n\t\t\t\t\t\t<div class=\"elementor-element elementor-element-e4fb9bf elementor-grid-4 elementor-grid-tablet-2 elementor-grid-mobile-1 elementor-posts--thumbnail-top elementor-card-shadow-yes elementor-posts__hover-gradient elementor-widget elementor-widget-posts\" data-id=\"e4fb9bf\" data-element_type=\"widget\" data-e-type=\"widget\" data-settings=\"{&quot;cards_columns&quot;:&quot;4&quot;,&quot;cards_columns_tablet&quot;:&quot;2&quot;,&quot;cards_columns_mobile&quot;:&quot;1&quot;,&quot;cards_row_gap&quot;:{&quot;unit&quot;:&quot;px&quot;,&quot;size&quot;:35,&quot;sizes&quot;:[]},&quot;cards_row_gap_tablet&quot;:{&quot;unit&quot;:&quot;px&quot;,&quot;size&quot;:&quot;&quot;,&quot;sizes&quot;:[]},&quot;cards_row_gap_mobile&quot;:{&quot;unit&quot;:&quot;px&quot;,&quot;size&quot;:&quot;&quot;,&quot;sizes&quot;:[]}}\" data-widget_type=\"posts.cards\">\n\t\t\t\t<div class=\"elementor-widget-container\">\n\t\t\t\t\t\t\t<div class=\"elementor-posts-container elementor-posts elementor-posts--skin-cards elementor-grid\" role=\"list\">\n\t\t\t\t<article class=\"elementor-post elementor-grid-item post-23813 post type-post status-publish format-standard has-post-thumbnail hentry category-linha-tematica-especial category-linha-tematica-ii category-pagina-acompanhamento-interna category-retiro-da-iluminacao-do-buda category-sul category-visao tag-surangama\" role=\"listitem\">\n\t\t\t<div class=\"elementor-post__card\">\n\t\t\t\t<a class=\"elementor-post__thumbnail__link\" href=\"https:\/\/acaoparamita.com.br\/en\/iluminacao-buda-2020-2-2\/\" tabindex=\"-1\" target=\"_blank\"><div class=\"elementor-post__thumbnail\"><img fetchpriority=\"high\" decoding=\"async\" width=\"960\" height=\"643\" src=\"https:\/\/i0.wp.com\/acaoparamita.com.br\/wp-content\/uploads\/2023\/08\/lama-7.jpg?fit=960%2C643&amp;ssl=1\" class=\"attachment-full size-full wp-image-9945\" alt=\"\" srcset=\"https:\/\/i0.wp.com\/acaoparamita.com.br\/wp-content\/uploads\/2023\/08\/lama-7.jpg?w=960&amp;ssl=1 960w, https:\/\/i0.wp.com\/acaoparamita.com.br\/wp-content\/uploads\/2023\/08\/lama-7.jpg?resize=600%2C402&amp;ssl=1 600w, https:\/\/i0.wp.com\/acaoparamita.com.br\/wp-content\/uploads\/2023\/08\/lama-7.jpg?resize=300%2C201&amp;ssl=1 300w, https:\/\/i0.wp.com\/acaoparamita.com.br\/wp-content\/uploads\/2023\/08\/lama-7.jpg?resize=768%2C514&amp;ssl=1 768w, https:\/\/i0.wp.com\/acaoparamita.com.br\/wp-content\/uploads\/2023\/08\/lama-7.jpg?resize=18%2C12&amp;ssl=1 18w\" sizes=\"(max-width: 800px) 100vw, 800px\" \/><\/div><\/a>\n\t\t\t\t<div class=\"elementor-post__text\">\n\t\t\t\t<h3 class=\"elementor-post__title\">\n\t\t\t<a href=\"https:\/\/acaoparamita.com.br\/en\/iluminacao-buda-2020-2-2\/\" target=\"&quot;_blank&quot;\">\n\t\t\t\tRetiro da Ilumina\u00e7\u00e3o do Buda 2022\t\t\t<\/a>\n\t\t<\/h3>\n\t\t\t\t<div class=\"elementor-post__excerpt\">\n\t\t\t<p>Retiro da Ilumina\u00e7\u00e3o do Buda 2022 Ensinamentos com Lama Padma Samten no Retiro da Ilumina\u00e7\u00e3o do Buda, transmitido ao vivo<\/p>\n\t\t<\/div>\n\t\t\t\t\t<div class=\"elementor-post__read-more-wrapper\">\n\t\t\n\t\t<a class=\"elementor-post__read-more\" href=\"https:\/\/acaoparamita.com.br\/en\/iluminacao-buda-2020-2-2\/\" aria-label=\"Read more about Retiro da Ilumina\u00e7\u00e3o do Buda 2022\" tabindex=\"-1\" target=\"_blank\">\n\t\t\tAcessar \u00bb\t\t<\/a>\n\n\t\t\t\t\t<\/div>\n\t\t\t\t<\/div>\n\t\t\t\t\t<\/div>\n\t\t<\/article>\n\t\t\t\t<article class=\"elementor-post elementor-grid-item post-23761 post type-post status-publish format-standard has-post-thumbnail hentry category-linha-tematica-especial category-linha-tematica-ii category-pagina-acompanhamento-interna category-retiro-da-iluminacao-do-buda category-sul category-visao tag-surangama\" role=\"listitem\">\n\t\t\t<div class=\"elementor-post__card\">\n\t\t\t\t<a class=\"elementor-post__thumbnail__link\" href=\"https:\/\/acaoparamita.com.br\/en\/iluminacao-buda-2020-2\/\" tabindex=\"-1\" target=\"_blank\"><div class=\"elementor-post__thumbnail\"><img fetchpriority=\"high\" decoding=\"async\" width=\"960\" height=\"643\" src=\"https:\/\/i0.wp.com\/acaoparamita.com.br\/wp-content\/uploads\/2023\/08\/lama-7.jpg?fit=960%2C643&amp;ssl=1\" class=\"attachment-full size-full wp-image-9945\" alt=\"\" srcset=\"https:\/\/i0.wp.com\/acaoparamita.com.br\/wp-content\/uploads\/2023\/08\/lama-7.jpg?w=960&amp;ssl=1 960w, https:\/\/i0.wp.com\/acaoparamita.com.br\/wp-content\/uploads\/2023\/08\/lama-7.jpg?resize=600%2C402&amp;ssl=1 600w, https:\/\/i0.wp.com\/acaoparamita.com.br\/wp-content\/uploads\/2023\/08\/lama-7.jpg?resize=300%2C201&amp;ssl=1 300w, https:\/\/i0.wp.com\/acaoparamita.com.br\/wp-content\/uploads\/2023\/08\/lama-7.jpg?resize=768%2C514&amp;ssl=1 768w, https:\/\/i0.wp.com\/acaoparamita.com.br\/wp-content\/uploads\/2023\/08\/lama-7.jpg?resize=18%2C12&amp;ssl=1 18w\" sizes=\"(max-width: 800px) 100vw, 800px\" \/><\/div><\/a>\n\t\t\t\t<div class=\"elementor-post__text\">\n\t\t\t\t<h3 class=\"elementor-post__title\">\n\t\t\t<a href=\"https:\/\/acaoparamita.com.br\/en\/iluminacao-buda-2020-2\/\" target=\"&quot;_blank&quot;\">\n\t\t\t\tRetiro da Ilumina\u00e7\u00e3o do Buda 2021\t\t\t<\/a>\n\t\t<\/h3>\n\t\t\t\t<div class=\"elementor-post__excerpt\">\n\t\t\t<p>Retiro da Ilumina\u00e7\u00e3o do Buda 2021 Ensinamentos com Lama Padma Samten no Retiro da Ilumina\u00e7\u00e3o do Buda, transmitido ao vivo<\/p>\n\t\t<\/div>\n\t\t\t\t\t<div class=\"elementor-post__read-more-wrapper\">\n\t\t\n\t\t<a class=\"elementor-post__read-more\" href=\"https:\/\/acaoparamita.com.br\/en\/iluminacao-buda-2020-2\/\" aria-label=\"Read more about Retiro da Ilumina\u00e7\u00e3o do Buda 2021\" tabindex=\"-1\" target=\"_blank\">\n\t\t\tAcessar \u00bb\t\t<\/a>\n\n\t\t\t\t\t<\/div>\n\t\t\t\t<\/div>\n\t\t\t\t\t<\/div>\n\t\t<\/article>\n\t\t\t\t<article class=\"elementor-post elementor-grid-item post-23705 post type-post status-publish format-standard has-post-thumbnail hentry category-linha-tematica-especial category-linha-tematica-ii category-pagina-acompanhamento-interna category-retiro-da-iluminacao-do-buda category-sul category-visao tag-surangama\" role=\"listitem\">\n\t\t\t<div class=\"elementor-post__card\">\n\t\t\t\t<a class=\"elementor-post__thumbnail__link\" href=\"https:\/\/acaoparamita.com.br\/en\/iluminacao-buda-2020\/\" tabindex=\"-1\" target=\"_blank\"><div class=\"elementor-post__thumbnail\"><img fetchpriority=\"high\" decoding=\"async\" width=\"960\" height=\"643\" src=\"https:\/\/i0.wp.com\/acaoparamita.com.br\/wp-content\/uploads\/2023\/08\/lama-7.jpg?fit=960%2C643&amp;ssl=1\" class=\"attachment-full size-full wp-image-9945\" alt=\"\" srcset=\"https:\/\/i0.wp.com\/acaoparamita.com.br\/wp-content\/uploads\/2023\/08\/lama-7.jpg?w=960&amp;ssl=1 960w, https:\/\/i0.wp.com\/acaoparamita.com.br\/wp-content\/uploads\/2023\/08\/lama-7.jpg?resize=600%2C402&amp;ssl=1 600w, https:\/\/i0.wp.com\/acaoparamita.com.br\/wp-content\/uploads\/2023\/08\/lama-7.jpg?resize=300%2C201&amp;ssl=1 300w, https:\/\/i0.wp.com\/acaoparamita.com.br\/wp-content\/uploads\/2023\/08\/lama-7.jpg?resize=768%2C514&amp;ssl=1 768w, https:\/\/i0.wp.com\/acaoparamita.com.br\/wp-content\/uploads\/2023\/08\/lama-7.jpg?resize=18%2C12&amp;ssl=1 18w\" sizes=\"(max-width: 800px) 100vw, 800px\" \/><\/div><\/a>\n\t\t\t\t<div class=\"elementor-post__text\">\n\t\t\t\t<h3 class=\"elementor-post__title\">\n\t\t\t<a href=\"https:\/\/acaoparamita.com.br\/en\/iluminacao-buda-2020\/\" target=\"&quot;_blank&quot;\">\n\t\t\t\tRetiro da Ilumina\u00e7\u00e3o do Buda 2020\t\t\t<\/a>\n\t\t<\/h3>\n\t\t\t\t<div class=\"elementor-post__excerpt\">\n\t\t\t<p>Retiro da Ilumina\u00e7\u00e3o do Buda 2020 Ensinamentos com Lama Padma Samten no Retiro da Ilumina\u00e7\u00e3o do Buda, transmitido ao vivo<\/p>\n\t\t<\/div>\n\t\t\t\t\t<div class=\"elementor-post__read-more-wrapper\">\n\t\t\n\t\t<a class=\"elementor-post__read-more\" href=\"https:\/\/acaoparamita.com.br\/en\/iluminacao-buda-2020\/\" aria-label=\"Read more about Retiro da Ilumina\u00e7\u00e3o do Buda 2020\" tabindex=\"-1\" target=\"_blank\">\n\t\t\tAcessar \u00bb\t\t<\/a>\n\n\t\t\t\t\t<\/div>\n\t\t\t\t<\/div>\n\t\t\t\t\t<\/div>\n\t\t<\/article>\n\t\t\t\t<article class=\"elementor-post elementor-grid-item post-23431 post type-post status-publish format-standard has-post-thumbnail hentry category-aprofundamento category-linha-tematica-especial category-linha-tematica-ii category-hsuan-hua category-pagina-acompanhamento-interna category-sukhavati category-sul category-sutra-lotus category-sutras category-sutta-sutra-buda category-visao\" role=\"listitem\">\n\t\t\t<div class=\"elementor-post__card\">\n\t\t\t\t<a class=\"elementor-post__thumbnail__link\" href=\"https:\/\/acaoparamita.com.br\/en\/sutra-do-lotus\/\" tabindex=\"-1\" target=\"_blank\"><div class=\"elementor-post__thumbnail\"><img decoding=\"async\" width=\"500\" height=\"500\" src=\"https:\/\/i0.wp.com\/acaoparamita.com.br\/wp-content\/uploads\/2025\/08\/1.png?fit=500%2C500&amp;ssl=1\" class=\"attachment-full size-full wp-image-23532\" alt=\"\" srcset=\"https:\/\/i0.wp.com\/acaoparamita.com.br\/wp-content\/uploads\/2025\/08\/1.png?w=500&amp;ssl=1 500w, https:\/\/i0.wp.com\/acaoparamita.com.br\/wp-content\/uploads\/2025\/08\/1.png?resize=300%2C300&amp;ssl=1 300w, https:\/\/i0.wp.com\/acaoparamita.com.br\/wp-content\/uploads\/2025\/08\/1.png?resize=150%2C150&amp;ssl=1 150w, https:\/\/i0.wp.com\/acaoparamita.com.br\/wp-content\/uploads\/2025\/08\/1.png?resize=12%2C12&amp;ssl=1 12w, https:\/\/i0.wp.com\/acaoparamita.com.br\/wp-content\/uploads\/2025\/08\/1.png?resize=100%2C100&amp;ssl=1 100w\" sizes=\"(max-width: 500px) 100vw, 500px\" \/><\/div><\/a>\n\t\t\t\t<div class=\"elementor-post__text\">\n\t\t\t\t<h3 class=\"elementor-post__title\">\n\t\t\t<a href=\"https:\/\/acaoparamita.com.br\/en\/sutra-do-lotus\/\" target=\"&quot;_blank&quot;\">\n\t\t\t\tLinha tem\u00e1tica | O Sutra do L\u00f3tus\t\t\t<\/a>\n\t\t<\/h3>\n\t\t\t\t<div class=\"elementor-post__excerpt\">\n\t\t\t<p>O Sutra do L\u00f3tus \u00a0 \u00a0 \u00a0&#8220;A ess\u00eancia do Sutra do L\u00f3tus, se quisermos falar de modo muito curto, \u00e9<\/p>\n\t\t<\/div>\n\t\t\t\t\t<div class=\"elementor-post__read-more-wrapper\">\n\t\t\n\t\t<a class=\"elementor-post__read-more\" href=\"https:\/\/acaoparamita.com.br\/en\/sutra-do-lotus\/\" aria-label=\"Read more about Linha tem\u00e1tica | O Sutra do L\u00f3tus\" tabindex=\"-1\" target=\"_blank\">\n\t\t\tAcessar \u00bb\t\t<\/a>\n\n\t\t\t\t\t<\/div>\n\t\t\t\t<\/div>\n\t\t\t\t\t<\/div>\n\t\t<\/article>\n\t\t\t\t<article class=\"elementor-post elementor-grid-item post-21355 post type-post status-publish format-standard has-post-thumbnail hentry category-budismo-na-vida-cotidiana category-linha-tematica-especial category-linha-tematica-ii category-meditacao category-pagina-acompanhamento-interna category-retiros-fds category-sul\" role=\"listitem\">\n\t\t\t<div class=\"elementor-post__card\">\n\t\t\t\t<a class=\"elementor-post__thumbnail__link\" href=\"https:\/\/acaoparamita.com.br\/en\/curso-curitiba-visao-espiritual\/\" tabindex=\"-1\" target=\"_blank\"><div class=\"elementor-post__thumbnail\"><img fetchpriority=\"high\" decoding=\"async\" width=\"960\" height=\"643\" src=\"https:\/\/i0.wp.com\/acaoparamita.com.br\/wp-content\/uploads\/2023\/08\/lama-7.jpg?fit=960%2C643&amp;ssl=1\" class=\"attachment-full size-full wp-image-9945\" alt=\"\" srcset=\"https:\/\/i0.wp.com\/acaoparamita.com.br\/wp-content\/uploads\/2023\/08\/lama-7.jpg?w=960&amp;ssl=1 960w, https:\/\/i0.wp.com\/acaoparamita.com.br\/wp-content\/uploads\/2023\/08\/lama-7.jpg?resize=600%2C402&amp;ssl=1 600w, https:\/\/i0.wp.com\/acaoparamita.com.br\/wp-content\/uploads\/2023\/08\/lama-7.jpg?resize=300%2C201&amp;ssl=1 300w, https:\/\/i0.wp.com\/acaoparamita.com.br\/wp-content\/uploads\/2023\/08\/lama-7.jpg?resize=768%2C514&amp;ssl=1 768w, https:\/\/i0.wp.com\/acaoparamita.com.br\/wp-content\/uploads\/2023\/08\/lama-7.jpg?resize=18%2C12&amp;ssl=1 18w\" sizes=\"(max-width: 800px) 100vw, 800px\" \/><\/div><\/a>\n\t\t\t\t<div class=\"elementor-post__text\">\n\t\t\t\t<h3 class=\"elementor-post__title\">\n\t\t\t<a href=\"https:\/\/acaoparamita.com.br\/en\/curso-curitiba-visao-espiritual\/\" target=\"&quot;_blank&quot;\">\n\t\t\t\tCurso &#8220;A Vis\u00e3o Espiritual como Eixo da A\u00e7\u00e3o no Mundo&#8221;\t\t\t<\/a>\n\t\t<\/h3>\n\t\t\t\t<div class=\"elementor-post__excerpt\">\n\t\t\t<p>Curso &#8220;A Vis\u00e3o Espiritual como Eixo da A\u00e7\u00e3o no Mundo&#8221; P\u00e1gina de Acompanhamento do curso com Lama Padma Samten no<\/p>\n\t\t<\/div>\n\t\t\t\t\t<div class=\"elementor-post__read-more-wrapper\">\n\t\t\n\t\t<a class=\"elementor-post__read-more\" href=\"https:\/\/acaoparamita.com.br\/en\/curso-curitiba-visao-espiritual\/\" aria-label=\"Read more about Curso &#8220;A Vis\u00e3o Espiritual como Eixo da A\u00e7\u00e3o no Mundo&#8221;\" tabindex=\"-1\" target=\"_blank\">\n\t\t\tAcessar \u00bb\t\t<\/a>\n\n\t\t\t\t\t<\/div>\n\t\t\t\t<\/div>\n\t\t\t\t\t<\/div>\n\t\t<\/article>\n\t\t\t\t<article class=\"elementor-post elementor-grid-item post-20858 post type-post status-publish format-standard has-post-thumbnail hentry category-aprofundamento category-linha-tematica-especial category-linha-tematica-ii category-hsuan-hua category-pagina-acompanhamento-interna category-sukhavati category-sul category-sutra-lotus category-sutras category-sutta-sutra-buda category-visao\" role=\"listitem\">\n\t\t\t<div class=\"elementor-post__card\">\n\t\t\t\t<a class=\"elementor-post__thumbnail__link\" href=\"https:\/\/acaoparamita.com.br\/en\/estudo-de-aprofundamento-o-sutra-do-lotus-parte2\/\" tabindex=\"-1\" target=\"_blank\"><div class=\"elementor-post__thumbnail\"><img decoding=\"async\" width=\"2048\" height=\"1365\" src=\"https:\/\/i0.wp.com\/acaoparamita.com.br\/wp-content\/uploads\/2024\/05\/capa-post-site-min.png?fit=2048%2C1365&amp;ssl=1\" class=\"attachment-full size-full wp-image-12714\" alt=\"\" srcset=\"https:\/\/i0.wp.com\/acaoparamita.com.br\/wp-content\/uploads\/2024\/05\/capa-post-site-min.png?w=2048&amp;ssl=1 2048w, https:\/\/i0.wp.com\/acaoparamita.com.br\/wp-content\/uploads\/2024\/05\/capa-post-site-min.png?resize=300%2C200&amp;ssl=1 300w, https:\/\/i0.wp.com\/acaoparamita.com.br\/wp-content\/uploads\/2024\/05\/capa-post-site-min.png?resize=1024%2C683&amp;ssl=1 1024w, https:\/\/i0.wp.com\/acaoparamita.com.br\/wp-content\/uploads\/2024\/05\/capa-post-site-min.png?resize=768%2C512&amp;ssl=1 768w, https:\/\/i0.wp.com\/acaoparamita.com.br\/wp-content\/uploads\/2024\/05\/capa-post-site-min.png?resize=1536%2C1024&amp;ssl=1 1536w, https:\/\/i0.wp.com\/acaoparamita.com.br\/wp-content\/uploads\/2024\/05\/capa-post-site-min.png?resize=18%2C12&amp;ssl=1 18w, https:\/\/i0.wp.com\/acaoparamita.com.br\/wp-content\/uploads\/2024\/05\/capa-post-site-min.png?resize=600%2C400&amp;ssl=1 600w, https:\/\/i0.wp.com\/acaoparamita.com.br\/wp-content\/uploads\/2024\/05\/capa-post-site-min.png?w=1600&amp;ssl=1 1600w\" sizes=\"(max-width: 800px) 100vw, 800px\" \/><\/div><\/a>\n\t\t\t\t<div class=\"elementor-post__text\">\n\t\t\t\t<h3 class=\"elementor-post__title\">\n\t\t\t<a href=\"https:\/\/acaoparamita.com.br\/en\/estudo-de-aprofundamento-o-sutra-do-lotus-parte2\/\" target=\"&quot;_blank&quot;\">\n\t\t\t\tEstudo de Aprofundamento &#8211; O Sutra do L\u00f3tus (Parte 2)\t\t\t<\/a>\n\t\t<\/h3>\n\t\t\t\t<div class=\"elementor-post__excerpt\">\n\t\t\t<p>Estudo de Aprofundamento &#8211; O Sutra do L\u00f3tus (Parte 2) Ensinamentos com Lama Padma Samten no Estudo de Aprofundamento, transmitido<\/p>\n\t\t<\/div>\n\t\t\t\t\t<div class=\"elementor-post__read-more-wrapper\">\n\t\t\n\t\t<a class=\"elementor-post__read-more\" href=\"https:\/\/acaoparamita.com.br\/en\/estudo-de-aprofundamento-o-sutra-do-lotus-parte2\/\" aria-label=\"Read more about Estudo de Aprofundamento &#8211; O Sutra do L\u00f3tus (Parte 2)\" tabindex=\"-1\" target=\"_blank\">\n\t\t\tAcessar \u00bb\t\t<\/a>\n\n\t\t\t\t\t<\/div>\n\t\t\t\t<\/div>\n\t\t\t\t\t<\/div>\n\t\t<\/article>\n\t\t\t\t<article class=\"elementor-post elementor-grid-item post-20488 post type-post status-publish format-standard has-post-thumbnail hentry category-aprofundamento category-linha-tematica-especial category-linha-tematica-ii category-hsuan-hua category-pagina-acompanhamento-interna category-sukhavati category-sul category-sutra-lotus category-sutras category-sutta-sutra-buda category-visao\" role=\"listitem\">\n\t\t\t<div class=\"elementor-post__card\">\n\t\t\t\t<a class=\"elementor-post__thumbnail__link\" href=\"https:\/\/acaoparamita.com.br\/en\/estudo-de-aprofundamento-o-sutra-do-lotus\/\" tabindex=\"-1\" target=\"_blank\"><div class=\"elementor-post__thumbnail\"><img decoding=\"async\" width=\"2048\" height=\"1365\" src=\"https:\/\/i0.wp.com\/acaoparamita.com.br\/wp-content\/uploads\/2024\/05\/capa-post-site-min.png?fit=2048%2C1365&amp;ssl=1\" class=\"attachment-full size-full wp-image-12714\" alt=\"\" srcset=\"https:\/\/i0.wp.com\/acaoparamita.com.br\/wp-content\/uploads\/2024\/05\/capa-post-site-min.png?w=2048&amp;ssl=1 2048w, https:\/\/i0.wp.com\/acaoparamita.com.br\/wp-content\/uploads\/2024\/05\/capa-post-site-min.png?resize=300%2C200&amp;ssl=1 300w, https:\/\/i0.wp.com\/acaoparamita.com.br\/wp-content\/uploads\/2024\/05\/capa-post-site-min.png?resize=1024%2C683&amp;ssl=1 1024w, https:\/\/i0.wp.com\/acaoparamita.com.br\/wp-content\/uploads\/2024\/05\/capa-post-site-min.png?resize=768%2C512&amp;ssl=1 768w, https:\/\/i0.wp.com\/acaoparamita.com.br\/wp-content\/uploads\/2024\/05\/capa-post-site-min.png?resize=1536%2C1024&amp;ssl=1 1536w, https:\/\/i0.wp.com\/acaoparamita.com.br\/wp-content\/uploads\/2024\/05\/capa-post-site-min.png?resize=18%2C12&amp;ssl=1 18w, https:\/\/i0.wp.com\/acaoparamita.com.br\/wp-content\/uploads\/2024\/05\/capa-post-site-min.png?resize=600%2C400&amp;ssl=1 600w, https:\/\/i0.wp.com\/acaoparamita.com.br\/wp-content\/uploads\/2024\/05\/capa-post-site-min.png?w=1600&amp;ssl=1 1600w\" sizes=\"(max-width: 800px) 100vw, 800px\" \/><\/div><\/a>\n\t\t\t\t<div class=\"elementor-post__text\">\n\t\t\t\t<h3 class=\"elementor-post__title\">\n\t\t\t<a href=\"https:\/\/acaoparamita.com.br\/en\/estudo-de-aprofundamento-o-sutra-do-lotus\/\" target=\"&quot;_blank&quot;\">\n\t\t\t\tEstudo de Aprofundamento &#8211; O Sutra do L\u00f3tus\t\t\t<\/a>\n\t\t<\/h3>\n\t\t\t\t<div class=\"elementor-post__excerpt\">\n\t\t\t<p>Estudo de Aprofundamento &#8211; O Sutra do L\u00f3tus (parte 1) Ensinamentos com Lama Padma Samten no Estudo de Aprofundamento, transmitido<\/p>\n\t\t<\/div>\n\t\t\t\t\t<div class=\"elementor-post__read-more-wrapper\">\n\t\t\n\t\t<a class=\"elementor-post__read-more\" href=\"https:\/\/acaoparamita.com.br\/en\/estudo-de-aprofundamento-o-sutra-do-lotus\/\" aria-label=\"Read more about Estudo de Aprofundamento &#8211; O Sutra do L\u00f3tus\" tabindex=\"-1\" target=\"_blank\">\n\t\t\tAcessar \u00bb\t\t<\/a>\n\n\t\t\t\t\t<\/div>\n\t\t\t\t<\/div>\n\t\t\t\t\t<\/div>\n\t\t<\/article>\n\t\t\t\t<article class=\"elementor-post elementor-grid-item post-20000 post type-post status-publish format-standard has-post-thumbnail hentry category-aprofundamento category-linha-tematica-especial category-linha-tematica-ii category-meditacao category-pagina-acompanhamento-interna category-sul category-termasgururinpoche\" role=\"listitem\">\n\t\t\t<div class=\"elementor-post__card\">\n\t\t\t\t<a class=\"elementor-post__thumbnail__link\" href=\"https:\/\/acaoparamita.com.br\/en\/estudo-de-aprofundamento-tesouros-do-pico-do-junipero-parte-2\/\" tabindex=\"-1\" target=\"_blank\"><div class=\"elementor-post__thumbnail\"><img decoding=\"async\" width=\"2048\" height=\"1365\" src=\"https:\/\/i0.wp.com\/acaoparamita.com.br\/wp-content\/uploads\/2024\/05\/capa-post-site-min.png?fit=2048%2C1365&amp;ssl=1\" class=\"attachment-full size-full wp-image-12714\" alt=\"\" srcset=\"https:\/\/i0.wp.com\/acaoparamita.com.br\/wp-content\/uploads\/2024\/05\/capa-post-site-min.png?w=2048&amp;ssl=1 2048w, https:\/\/i0.wp.com\/acaoparamita.com.br\/wp-content\/uploads\/2024\/05\/capa-post-site-min.png?resize=300%2C200&amp;ssl=1 300w, https:\/\/i0.wp.com\/acaoparamita.com.br\/wp-content\/uploads\/2024\/05\/capa-post-site-min.png?resize=1024%2C683&amp;ssl=1 1024w, https:\/\/i0.wp.com\/acaoparamita.com.br\/wp-content\/uploads\/2024\/05\/capa-post-site-min.png?resize=768%2C512&amp;ssl=1 768w, https:\/\/i0.wp.com\/acaoparamita.com.br\/wp-content\/uploads\/2024\/05\/capa-post-site-min.png?resize=1536%2C1024&amp;ssl=1 1536w, https:\/\/i0.wp.com\/acaoparamita.com.br\/wp-content\/uploads\/2024\/05\/capa-post-site-min.png?resize=18%2C12&amp;ssl=1 18w, https:\/\/i0.wp.com\/acaoparamita.com.br\/wp-content\/uploads\/2024\/05\/capa-post-site-min.png?resize=600%2C400&amp;ssl=1 600w, https:\/\/i0.wp.com\/acaoparamita.com.br\/wp-content\/uploads\/2024\/05\/capa-post-site-min.png?w=1600&amp;ssl=1 1600w\" sizes=\"(max-width: 800px) 100vw, 800px\" \/><\/div><\/a>\n\t\t\t\t<div class=\"elementor-post__text\">\n\t\t\t\t<h3 class=\"elementor-post__title\">\n\t\t\t<a href=\"https:\/\/acaoparamita.com.br\/en\/estudo-de-aprofundamento-tesouros-do-pico-do-junipero-parte-2\/\" target=\"&quot;_blank&quot;\">\n\t\t\t\tEstudo de Aprofundamento &#8211; Tesouros do Pico do Jun\u00edpero (Parte 2)\t\t\t<\/a>\n\t\t<\/h3>\n\t\t\t\t<div class=\"elementor-post__excerpt\">\n\t\t\t<p>Estudo de Aprofundamento &#8211; Tesouros do Pico do Jun\u00edpero (Parte 2) Ensinamentos com Lama Padma Samten no Estudo de Aprofundamento,<\/p>\n\t\t<\/div>\n\t\t\t\t\t<div class=\"elementor-post__read-more-wrapper\">\n\t\t\n\t\t<a class=\"elementor-post__read-more\" href=\"https:\/\/acaoparamita.com.br\/en\/estudo-de-aprofundamento-tesouros-do-pico-do-junipero-parte-2\/\" aria-label=\"Read more about Estudo de Aprofundamento &#8211; Tesouros do Pico do Jun\u00edpero (Parte 2)\" tabindex=\"-1\" target=\"_blank\">\n\t\t\tAcessar \u00bb\t\t<\/a>\n\n\t\t\t\t\t<\/div>\n\t\t\t\t<\/div>\n\t\t\t\t\t<\/div>\n\t\t<\/article>\n\t\t\t\t<article class=\"elementor-post elementor-grid-item post-19295 post type-post status-publish format-standard has-post-thumbnail hentry category-aprofundamento category-linha-tematica-especial category-linha-tematica-ii category-meditacao category-pagina-acompanhamento-interna category-sul category-termasgururinpoche\" role=\"listitem\">\n\t\t\t<div class=\"elementor-post__card\">\n\t\t\t\t<a class=\"elementor-post__thumbnail__link\" href=\"https:\/\/acaoparamita.com.br\/en\/estudo-de-aprofundamento-tesouros-do-pico-do-junipero\/\" tabindex=\"-1\" target=\"_blank\"><div class=\"elementor-post__thumbnail\"><img decoding=\"async\" width=\"2048\" height=\"1365\" src=\"https:\/\/i0.wp.com\/acaoparamita.com.br\/wp-content\/uploads\/2024\/05\/capa-post-site-min.png?fit=2048%2C1365&amp;ssl=1\" class=\"attachment-full size-full wp-image-12714\" alt=\"\" srcset=\"https:\/\/i0.wp.com\/acaoparamita.com.br\/wp-content\/uploads\/2024\/05\/capa-post-site-min.png?w=2048&amp;ssl=1 2048w, https:\/\/i0.wp.com\/acaoparamita.com.br\/wp-content\/uploads\/2024\/05\/capa-post-site-min.png?resize=300%2C200&amp;ssl=1 300w, https:\/\/i0.wp.com\/acaoparamita.com.br\/wp-content\/uploads\/2024\/05\/capa-post-site-min.png?resize=1024%2C683&amp;ssl=1 1024w, https:\/\/i0.wp.com\/acaoparamita.com.br\/wp-content\/uploads\/2024\/05\/capa-post-site-min.png?resize=768%2C512&amp;ssl=1 768w, https:\/\/i0.wp.com\/acaoparamita.com.br\/wp-content\/uploads\/2024\/05\/capa-post-site-min.png?resize=1536%2C1024&amp;ssl=1 1536w, https:\/\/i0.wp.com\/acaoparamita.com.br\/wp-content\/uploads\/2024\/05\/capa-post-site-min.png?resize=18%2C12&amp;ssl=1 18w, https:\/\/i0.wp.com\/acaoparamita.com.br\/wp-content\/uploads\/2024\/05\/capa-post-site-min.png?resize=600%2C400&amp;ssl=1 600w, https:\/\/i0.wp.com\/acaoparamita.com.br\/wp-content\/uploads\/2024\/05\/capa-post-site-min.png?w=1600&amp;ssl=1 1600w\" sizes=\"(max-width: 800px) 100vw, 800px\" \/><\/div><\/a>\n\t\t\t\t<div class=\"elementor-post__text\">\n\t\t\t\t<h3 class=\"elementor-post__title\">\n\t\t\t<a href=\"https:\/\/acaoparamita.com.br\/en\/estudo-de-aprofundamento-tesouros-do-pico-do-junipero\/\" target=\"&quot;_blank&quot;\">\n\t\t\t\tEstudo de Aprofundamento &#8211; Tesouros do Pico do Jun\u00edpero\t\t\t<\/a>\n\t\t<\/h3>\n\t\t\t\t<div class=\"elementor-post__excerpt\">\n\t\t\t<p>Estudo de Aprofundamento &#8211; Tesouros do Pico do Jun\u00edpero Ensinamentos com Lama Padma Samten no Estudo de Aprofundamento, transmitido ao<\/p>\n\t\t<\/div>\n\t\t\t\t\t<div class=\"elementor-post__read-more-wrapper\">\n\t\t\n\t\t<a class=\"elementor-post__read-more\" href=\"https:\/\/acaoparamita.com.br\/en\/estudo-de-aprofundamento-tesouros-do-pico-do-junipero\/\" aria-label=\"Read more about Estudo de Aprofundamento &#8211; Tesouros do Pico do Jun\u00edpero\" tabindex=\"-1\" target=\"_blank\">\n\t\t\tAcessar \u00bb\t\t<\/a>\n\n\t\t\t\t\t<\/div>\n\t\t\t\t<\/div>\n\t\t\t\t\t<\/div>\n\t\t<\/article>\n\t\t\t\t<article class=\"elementor-post elementor-grid-item post-19081 post type-post status-publish format-standard has-post-thumbnail hentry category-aprofundamento category-linha-tematica-especial category-linha-tematica-ii category-pagina-acompanhamento-interna category-sul category-sutra-samdhinirmocana category-sutta-sutra-buda category-visao\" role=\"listitem\">\n\t\t\t<div class=\"elementor-post__card\">\n\t\t\t\t<a class=\"elementor-post__thumbnail__link\" href=\"https:\/\/acaoparamita.com.br\/en\/estudo-de-aprofundamento-marco-2025\/\" tabindex=\"-1\" target=\"_blank\"><div class=\"elementor-post__thumbnail\"><img decoding=\"async\" width=\"2048\" height=\"1365\" src=\"https:\/\/i0.wp.com\/acaoparamita.com.br\/wp-content\/uploads\/2024\/05\/capa-post-site-min.png?fit=2048%2C1365&amp;ssl=1\" class=\"attachment-full size-full wp-image-12714\" alt=\"\" srcset=\"https:\/\/i0.wp.com\/acaoparamita.com.br\/wp-content\/uploads\/2024\/05\/capa-post-site-min.png?w=2048&amp;ssl=1 2048w, https:\/\/i0.wp.com\/acaoparamita.com.br\/wp-content\/uploads\/2024\/05\/capa-post-site-min.png?resize=300%2C200&amp;ssl=1 300w, https:\/\/i0.wp.com\/acaoparamita.com.br\/wp-content\/uploads\/2024\/05\/capa-post-site-min.png?resize=1024%2C683&amp;ssl=1 1024w, https:\/\/i0.wp.com\/acaoparamita.com.br\/wp-content\/uploads\/2024\/05\/capa-post-site-min.png?resize=768%2C512&amp;ssl=1 768w, https:\/\/i0.wp.com\/acaoparamita.com.br\/wp-content\/uploads\/2024\/05\/capa-post-site-min.png?resize=1536%2C1024&amp;ssl=1 1536w, https:\/\/i0.wp.com\/acaoparamita.com.br\/wp-content\/uploads\/2024\/05\/capa-post-site-min.png?resize=18%2C12&amp;ssl=1 18w, https:\/\/i0.wp.com\/acaoparamita.com.br\/wp-content\/uploads\/2024\/05\/capa-post-site-min.png?resize=600%2C400&amp;ssl=1 600w, https:\/\/i0.wp.com\/acaoparamita.com.br\/wp-content\/uploads\/2024\/05\/capa-post-site-min.png?w=1600&amp;ssl=1 1600w\" sizes=\"(max-width: 800px) 100vw, 800px\" \/><\/div><\/a>\n\t\t\t\t<div class=\"elementor-post__text\">\n\t\t\t\t<h3 class=\"elementor-post__title\">\n\t\t\t<a href=\"https:\/\/acaoparamita.com.br\/en\/estudo-de-aprofundamento-marco-2025\/\" target=\"&quot;_blank&quot;\">\n\t\t\t\tEstudo de Aprofundamento &#8211; Sutra desvendando a Inten\u00e7\u00e3o (Samdhinirmocana\u00a0Sutra)\t\t\t<\/a>\n\t\t<\/h3>\n\t\t\t\t<div class=\"elementor-post__excerpt\">\n\t\t\t<p>Estudo de Aprofundamento de Mar\u00e7o de 2025 Ensinamentos com Lama Padma Samten no Estudo de Aprofundamento de Mar\u00e7o de 2025,<\/p>\n\t\t<\/div>\n\t\t\t\t\t<div class=\"elementor-post__read-more-wrapper\">\n\t\t\n\t\t<a class=\"elementor-post__read-more\" href=\"https:\/\/acaoparamita.com.br\/en\/estudo-de-aprofundamento-marco-2025\/\" aria-label=\"Read more about Estudo de Aprofundamento &#8211; Sutra desvendando a Inten\u00e7\u00e3o (Samdhinirmocana\u00a0Sutra)\" tabindex=\"-1\" target=\"_blank\">\n\t\t\tAcessar \u00bb\t\t<\/a>\n\n\t\t\t\t\t<\/div>\n\t\t\t\t<\/div>\n\t\t\t\t\t<\/div>\n\t\t<\/article>\n\t\t\t\t<article class=\"elementor-post elementor-grid-item post-18096 post type-post status-publish format-standard has-post-thumbnail hentry category-lenda-grande-stupa category-aprofundamento category-linha-tematica-especial category-linha-tematica-ii category-pagina-acompanhamento-interna category-sul category-termasgururinpoche category-visao\" role=\"listitem\">\n\t\t\t<div class=\"elementor-post__card\">\n\t\t\t\t<a class=\"elementor-post__thumbnail__link\" href=\"https:\/\/acaoparamita.com.br\/en\/estudo-de-aprofundamento-a-lenda-da-grande-stupa\/\" tabindex=\"-1\" target=\"_blank\"><div class=\"elementor-post__thumbnail\"><img decoding=\"async\" width=\"2048\" height=\"1365\" src=\"https:\/\/i0.wp.com\/acaoparamita.com.br\/wp-content\/uploads\/2024\/05\/capa-post-site-min.png?fit=2048%2C1365&amp;ssl=1\" class=\"attachment-full size-full wp-image-12714\" alt=\"\" srcset=\"https:\/\/i0.wp.com\/acaoparamita.com.br\/wp-content\/uploads\/2024\/05\/capa-post-site-min.png?w=2048&amp;ssl=1 2048w, https:\/\/i0.wp.com\/acaoparamita.com.br\/wp-content\/uploads\/2024\/05\/capa-post-site-min.png?resize=300%2C200&amp;ssl=1 300w, https:\/\/i0.wp.com\/acaoparamita.com.br\/wp-content\/uploads\/2024\/05\/capa-post-site-min.png?resize=1024%2C683&amp;ssl=1 1024w, https:\/\/i0.wp.com\/acaoparamita.com.br\/wp-content\/uploads\/2024\/05\/capa-post-site-min.png?resize=768%2C512&amp;ssl=1 768w, https:\/\/i0.wp.com\/acaoparamita.com.br\/wp-content\/uploads\/2024\/05\/capa-post-site-min.png?resize=1536%2C1024&amp;ssl=1 1536w, https:\/\/i0.wp.com\/acaoparamita.com.br\/wp-content\/uploads\/2024\/05\/capa-post-site-min.png?resize=18%2C12&amp;ssl=1 18w, https:\/\/i0.wp.com\/acaoparamita.com.br\/wp-content\/uploads\/2024\/05\/capa-post-site-min.png?resize=600%2C400&amp;ssl=1 600w, https:\/\/i0.wp.com\/acaoparamita.com.br\/wp-content\/uploads\/2024\/05\/capa-post-site-min.png?w=1600&amp;ssl=1 1600w\" sizes=\"(max-width: 800px) 100vw, 800px\" \/><\/div><\/a>\n\t\t\t\t<div class=\"elementor-post__text\">\n\t\t\t\t<h3 class=\"elementor-post__title\">\n\t\t\t<a href=\"https:\/\/acaoparamita.com.br\/en\/estudo-de-aprofundamento-a-lenda-da-grande-stupa\/\" target=\"&quot;_blank&quot;\">\n\t\t\t\tA Lenda da Grande Stupa &#8211; Estudo de Aprofundamento\t\t\t<\/a>\n\t\t<\/h3>\n\t\t\t\t<div class=\"elementor-post__excerpt\">\n\t\t\t<p>Estudo de Aprofundamento &#8220;A Lenda da Grande Stupa&#8221; Ensinamentos com Lama Padma Samten no Estudo de Aprofundamento &#8220;A Lenda da<\/p>\n\t\t<\/div>\n\t\t\t\t\t<div class=\"elementor-post__read-more-wrapper\">\n\t\t\n\t\t<a class=\"elementor-post__read-more\" href=\"https:\/\/acaoparamita.com.br\/en\/estudo-de-aprofundamento-a-lenda-da-grande-stupa\/\" aria-label=\"Read more about A Lenda da Grande Stupa &#8211; Estudo de Aprofundamento\" tabindex=\"-1\" target=\"_blank\">\n\t\t\tAcessar \u00bb\t\t<\/a>\n\n\t\t\t\t\t<\/div>\n\t\t\t\t<\/div>\n\t\t\t\t\t<\/div>\n\t\t<\/article>\n\t\t\t\t<article class=\"elementor-post elementor-grid-item post-17766 post type-post status-publish format-standard has-post-thumbnail hentry category-budismo-na-vida-cotidiana category-linha-tematica-especial category-linha-tematica-ii category-meditacao category-sul tag-meditacao\" role=\"listitem\">\n\t\t\t<div class=\"elementor-post__card\">\n\t\t\t\t<a class=\"elementor-post__thumbnail__link\" href=\"https:\/\/acaoparamita.com.br\/en\/meditando-com-lama-samten\/\" tabindex=\"-1\" target=\"_blank\"><div class=\"elementor-post__thumbnail\"><img loading=\"lazy\" decoding=\"async\" width=\"799\" height=\"533\" src=\"https:\/\/i0.wp.com\/acaoparamita.com.br\/wp-content\/uploads\/2024\/05\/53641113859_e17c2423a4_c.jpg?fit=799%2C533&amp;ssl=1\" class=\"attachment-full size-full wp-image-13239\" alt=\"\" srcset=\"https:\/\/i0.wp.com\/acaoparamita.com.br\/wp-content\/uploads\/2024\/05\/53641113859_e17c2423a4_c.jpg?w=799&amp;ssl=1 799w, https:\/\/i0.wp.com\/acaoparamita.com.br\/wp-content\/uploads\/2024\/05\/53641113859_e17c2423a4_c.jpg?resize=300%2C200&amp;ssl=1 300w, https:\/\/i0.wp.com\/acaoparamita.com.br\/wp-content\/uploads\/2024\/05\/53641113859_e17c2423a4_c.jpg?resize=768%2C512&amp;ssl=1 768w, https:\/\/i0.wp.com\/acaoparamita.com.br\/wp-content\/uploads\/2024\/05\/53641113859_e17c2423a4_c.jpg?resize=18%2C12&amp;ssl=1 18w, https:\/\/i0.wp.com\/acaoparamita.com.br\/wp-content\/uploads\/2024\/05\/53641113859_e17c2423a4_c.jpg?resize=600%2C400&amp;ssl=1 600w\" sizes=\"(max-width: 799px) 100vw, 799px\" \/><\/div><\/a>\n\t\t\t\t<div class=\"elementor-post__text\">\n\t\t\t\t<h3 class=\"elementor-post__title\">\n\t\t\t<a href=\"https:\/\/acaoparamita.com.br\/en\/meditando-com-lama-samten\/\" target=\"&quot;_blank&quot;\">\n\t\t\t\tMeditando com Lama Samten\t\t\t<\/a>\n\t\t<\/h3>\n\t\t\t\t<div class=\"elementor-post__excerpt\">\n\t\t\t<p>Meditando com Lama Padma Samten Meditando com Lama Padma Samten Ciclo de Encontros: Medita\u00e7\u00e3o com Lama Padma Samten Nestes cinco<\/p>\n\t\t<\/div>\n\t\t\t\t\t<div class=\"elementor-post__read-more-wrapper\">\n\t\t\n\t\t<a class=\"elementor-post__read-more\" href=\"https:\/\/acaoparamita.com.br\/en\/meditando-com-lama-samten\/\" aria-label=\"Read more about Meditando com Lama Samten\" tabindex=\"-1\" target=\"_blank\">\n\t\t\tAcessar \u00bb\t\t<\/a>\n\n\t\t\t\t\t<\/div>\n\t\t\t\t<\/div>\n\t\t\t\t\t<\/div>\n\t\t<\/article>\n\t\t\t\t<article class=\"elementor-post elementor-grid-item post-17697 post type-post status-publish format-standard has-post-thumbnail hentry category-budismo-na-vida-cotidiana category-linha-tematica-especial category-linha-tematica-ii category-palestras tag-palestras\" role=\"listitem\">\n\t\t\t<div class=\"elementor-post__card\">\n\t\t\t\t<a class=\"elementor-post__thumbnail__link\" href=\"https:\/\/acaoparamita.com.br\/en\/palestras-2024\/\" tabindex=\"-1\" target=\"_blank\"><div class=\"elementor-post__thumbnail\"><img loading=\"lazy\" decoding=\"async\" width=\"696\" height=\"464\" src=\"https:\/\/i0.wp.com\/acaoparamita.com.br\/wp-content\/uploads\/2023\/03\/Foto_Lama_AltoP_boa_resolucao-696x464-1.jpeg?fit=696%2C464&amp;ssl=1\" class=\"attachment-full size-full wp-image-8003\" alt=\"\" srcset=\"https:\/\/i0.wp.com\/acaoparamita.com.br\/wp-content\/uploads\/2023\/03\/Foto_Lama_AltoP_boa_resolucao-696x464-1.jpeg?w=696&amp;ssl=1 696w, https:\/\/i0.wp.com\/acaoparamita.com.br\/wp-content\/uploads\/2023\/03\/Foto_Lama_AltoP_boa_resolucao-696x464-1.jpeg?resize=600%2C400&amp;ssl=1 600w, https:\/\/i0.wp.com\/acaoparamita.com.br\/wp-content\/uploads\/2023\/03\/Foto_Lama_AltoP_boa_resolucao-696x464-1.jpeg?resize=300%2C200&amp;ssl=1 300w\" sizes=\"(max-width: 696px) 100vw, 696px\" \/><\/div><\/a>\n\t\t\t\t<div class=\"elementor-post__text\">\n\t\t\t\t<h3 class=\"elementor-post__title\">\n\t\t\t<a href=\"https:\/\/acaoparamita.com.br\/en\/palestras-2024\/\" target=\"&quot;_blank&quot;\">\n\t\t\t\tPalestras 2024\t\t\t<\/a>\n\t\t<\/h3>\n\t\t\t\t<div class=\"elementor-post__excerpt\">\n\t\t\t<p>Budismo na Vida Cotidiana Budismo na Vida Cotidiana Palestras 2024 \u00cdndice Motiva\u00e7\u00e3o no Cotidiano Reflex\u00f5es sobre as Pr\u00e1ticas no Dia<\/p>\n\t\t<\/div>\n\t\t\t\t\t<div class=\"elementor-post__read-more-wrapper\">\n\t\t\n\t\t<a class=\"elementor-post__read-more\" href=\"https:\/\/acaoparamita.com.br\/en\/palestras-2024\/\" aria-label=\"Read more about Palestras 2024\" tabindex=\"-1\" target=\"_blank\">\n\t\t\tAcessar \u00bb\t\t<\/a>\n\n\t\t\t\t\t<\/div>\n\t\t\t\t<\/div>\n\t\t\t\t\t<\/div>\n\t\t<\/article>\n\t\t\t\t<article class=\"elementor-post elementor-grid-item post-17255 post type-post status-publish format-standard has-post-thumbnail hentry category-linha-tematica-especial category-linha-tematica-ii category-pagina-acompanhamento-interna category-retiro-da-iluminacao-do-buda category-sul category-sutra-surangama category-sutta-sutra-buda category-visao tag-surangama\" role=\"listitem\">\n\t\t\t<div class=\"elementor-post__card\">\n\t\t\t\t<a class=\"elementor-post__thumbnail__link\" href=\"https:\/\/acaoparamita.com.br\/en\/retiro-iluminacao-buda-2024\/\" tabindex=\"-1\" target=\"_blank\"><div class=\"elementor-post__thumbnail\"><img fetchpriority=\"high\" decoding=\"async\" width=\"960\" height=\"643\" src=\"https:\/\/i0.wp.com\/acaoparamita.com.br\/wp-content\/uploads\/2023\/08\/lama-7.jpg?fit=960%2C643&amp;ssl=1\" class=\"attachment-full size-full wp-image-9945\" alt=\"\" srcset=\"https:\/\/i0.wp.com\/acaoparamita.com.br\/wp-content\/uploads\/2023\/08\/lama-7.jpg?w=960&amp;ssl=1 960w, https:\/\/i0.wp.com\/acaoparamita.com.br\/wp-content\/uploads\/2023\/08\/lama-7.jpg?resize=600%2C402&amp;ssl=1 600w, https:\/\/i0.wp.com\/acaoparamita.com.br\/wp-content\/uploads\/2023\/08\/lama-7.jpg?resize=300%2C201&amp;ssl=1 300w, https:\/\/i0.wp.com\/acaoparamita.com.br\/wp-content\/uploads\/2023\/08\/lama-7.jpg?resize=768%2C514&amp;ssl=1 768w, https:\/\/i0.wp.com\/acaoparamita.com.br\/wp-content\/uploads\/2023\/08\/lama-7.jpg?resize=18%2C12&amp;ssl=1 18w\" sizes=\"(max-width: 800px) 100vw, 800px\" \/><\/div><\/a>\n\t\t\t\t<div class=\"elementor-post__text\">\n\t\t\t\t<h3 class=\"elementor-post__title\">\n\t\t\t<a href=\"https:\/\/acaoparamita.com.br\/en\/retiro-iluminacao-buda-2024\/\" target=\"&quot;_blank&quot;\">\n\t\t\t\tRetiro da Ilumina\u00e7\u00e3o do Buda 2024\t\t\t<\/a>\n\t\t<\/h3>\n\t\t\t\t<div class=\"elementor-post__excerpt\">\n\t\t\t<p>Retiro da Ilumina\u00e7\u00e3o do Buda 2024 Ensinamentos com Lama Padma Samten no Retiro da Ilumina\u00e7\u00e3o do Buda, transmitido ao vivo<\/p>\n\t\t<\/div>\n\t\t\t\t\t<div class=\"elementor-post__read-more-wrapper\">\n\t\t\n\t\t<a class=\"elementor-post__read-more\" href=\"https:\/\/acaoparamita.com.br\/en\/retiro-iluminacao-buda-2024\/\" aria-label=\"Read more about Retiro da Ilumina\u00e7\u00e3o do Buda 2024\" tabindex=\"-1\" target=\"_blank\">\n\t\t\tAcessar \u00bb\t\t<\/a>\n\n\t\t\t\t\t<\/div>\n\t\t\t\t<\/div>\n\t\t\t\t\t<\/div>\n\t\t<\/article>\n\t\t\t\t<article class=\"elementor-post elementor-grid-item post-16453 post type-post status-publish format-standard has-post-thumbnail hentry category-linha-tematica-especial category-linha-tematica-ii category-meditacao category-pagina-acompanhamento-interna category-sul tag-bardos\" role=\"listitem\">\n\t\t\t<div class=\"elementor-post__card\">\n\t\t\t\t<a class=\"elementor-post__thumbnail__link\" href=\"https:\/\/acaoparamita.com.br\/en\/retiro-o-caminho-delusivo-dos-bardos-da-vida-e-da-morte\/\" tabindex=\"-1\" target=\"_blank\"><div class=\"elementor-post__thumbnail\"><img fetchpriority=\"high\" decoding=\"async\" width=\"960\" height=\"643\" src=\"https:\/\/i0.wp.com\/acaoparamita.com.br\/wp-content\/uploads\/2023\/08\/lama-7.jpg?fit=960%2C643&amp;ssl=1\" class=\"attachment-full size-full wp-image-9945\" alt=\"\" srcset=\"https:\/\/i0.wp.com\/acaoparamita.com.br\/wp-content\/uploads\/2023\/08\/lama-7.jpg?w=960&amp;ssl=1 960w, https:\/\/i0.wp.com\/acaoparamita.com.br\/wp-content\/uploads\/2023\/08\/lama-7.jpg?resize=600%2C402&amp;ssl=1 600w, https:\/\/i0.wp.com\/acaoparamita.com.br\/wp-content\/uploads\/2023\/08\/lama-7.jpg?resize=300%2C201&amp;ssl=1 300w, https:\/\/i0.wp.com\/acaoparamita.com.br\/wp-content\/uploads\/2023\/08\/lama-7.jpg?resize=768%2C514&amp;ssl=1 768w, https:\/\/i0.wp.com\/acaoparamita.com.br\/wp-content\/uploads\/2023\/08\/lama-7.jpg?resize=18%2C12&amp;ssl=1 18w\" sizes=\"(max-width: 800px) 100vw, 800px\" \/><\/div><\/a>\n\t\t\t\t<div class=\"elementor-post__text\">\n\t\t\t\t<h3 class=\"elementor-post__title\">\n\t\t\t<a href=\"https:\/\/acaoparamita.com.br\/en\/retiro-o-caminho-delusivo-dos-bardos-da-vida-e-da-morte\/\" target=\"&quot;_blank&quot;\">\n\t\t\t\tRetiro &#8220;O Caminho Delusivo dos Bardos da Vida e da Morte&#8221; CEBB Sukhavati\t\t\t<\/a>\n\t\t<\/h3>\n\t\t\t\t<div class=\"elementor-post__excerpt\">\n\t\t\t<p>Retiro &#8220;O Caminho Delusivo dos Bardos da Vida e da Morte&#8221; CEBB Sukhavati Ensinamentos com Lama Padma Samten no Retiro<\/p>\n\t\t<\/div>\n\t\t\t\t\t<div class=\"elementor-post__read-more-wrapper\">\n\t\t\n\t\t<a class=\"elementor-post__read-more\" href=\"https:\/\/acaoparamita.com.br\/en\/retiro-o-caminho-delusivo-dos-bardos-da-vida-e-da-morte\/\" aria-label=\"Read more about Retiro &#8220;O Caminho Delusivo dos Bardos da Vida e da Morte&#8221; CEBB Sukhavati\" tabindex=\"-1\" target=\"_blank\">\n\t\t\tAcessar \u00bb\t\t<\/a>\n\n\t\t\t\t\t<\/div>\n\t\t\t\t<\/div>\n\t\t\t\t\t<\/div>\n\t\t<\/article>\n\t\t\t\t<article class=\"elementor-post elementor-grid-item post-16111 post type-post status-publish format-standard has-post-thumbnail hentry category-aprofundamento category-linha-tematica-especial category-linha-tematica-ii category-morte category-o-livro-tibetano-dos-mortos category-pagina-acompanhamento-interna category-sul category-termasgururinpoche tag-bardos\" role=\"listitem\">\n\t\t\t<div class=\"elementor-post__card\">\n\t\t\t\t<a class=\"elementor-post__thumbnail__link\" href=\"https:\/\/acaoparamita.com.br\/en\/estudo-de-aprofundamento-o-livro-tibetano-dos-mortos-parte-2\/\" tabindex=\"-1\" target=\"_blank\"><div class=\"elementor-post__thumbnail\"><img decoding=\"async\" width=\"2048\" height=\"1365\" src=\"https:\/\/i0.wp.com\/acaoparamita.com.br\/wp-content\/uploads\/2024\/05\/capa-post-site-min.png?fit=2048%2C1365&amp;ssl=1\" class=\"attachment-full size-full wp-image-12714\" alt=\"\" srcset=\"https:\/\/i0.wp.com\/acaoparamita.com.br\/wp-content\/uploads\/2024\/05\/capa-post-site-min.png?w=2048&amp;ssl=1 2048w, https:\/\/i0.wp.com\/acaoparamita.com.br\/wp-content\/uploads\/2024\/05\/capa-post-site-min.png?resize=300%2C200&amp;ssl=1 300w, https:\/\/i0.wp.com\/acaoparamita.com.br\/wp-content\/uploads\/2024\/05\/capa-post-site-min.png?resize=1024%2C683&amp;ssl=1 1024w, https:\/\/i0.wp.com\/acaoparamita.com.br\/wp-content\/uploads\/2024\/05\/capa-post-site-min.png?resize=768%2C512&amp;ssl=1 768w, https:\/\/i0.wp.com\/acaoparamita.com.br\/wp-content\/uploads\/2024\/05\/capa-post-site-min.png?resize=1536%2C1024&amp;ssl=1 1536w, https:\/\/i0.wp.com\/acaoparamita.com.br\/wp-content\/uploads\/2024\/05\/capa-post-site-min.png?resize=18%2C12&amp;ssl=1 18w, https:\/\/i0.wp.com\/acaoparamita.com.br\/wp-content\/uploads\/2024\/05\/capa-post-site-min.png?resize=600%2C400&amp;ssl=1 600w, https:\/\/i0.wp.com\/acaoparamita.com.br\/wp-content\/uploads\/2024\/05\/capa-post-site-min.png?w=1600&amp;ssl=1 1600w\" sizes=\"(max-width: 800px) 100vw, 800px\" \/><\/div><\/a>\n\t\t\t\t<div class=\"elementor-post__text\">\n\t\t\t\t<h3 class=\"elementor-post__title\">\n\t\t\t<a href=\"https:\/\/acaoparamita.com.br\/en\/estudo-de-aprofundamento-o-livro-tibetano-dos-mortos-parte-2\/\" target=\"&quot;_blank&quot;\">\n\t\t\t\tO Livro Tibetano dos Mortos &#8211; Partes 2 e 3\t\t\t<\/a>\n\t\t<\/h3>\n\t\t\t\t<div class=\"elementor-post__excerpt\">\n\t\t\t<p>Estudo de Aprofundamento &#8220;O Livro Tibetano dos Mortos&#8221; &#8211; Partes 2 e 3 Ensinamentos com Lama Padma Samten no Estudo<\/p>\n\t\t<\/div>\n\t\t\t\t\t<div class=\"elementor-post__read-more-wrapper\">\n\t\t\n\t\t<a class=\"elementor-post__read-more\" href=\"https:\/\/acaoparamita.com.br\/en\/estudo-de-aprofundamento-o-livro-tibetano-dos-mortos-parte-2\/\" aria-label=\"Read more about O Livro Tibetano dos Mortos &#8211; Partes 2 e 3\" tabindex=\"-1\" target=\"_blank\">\n\t\t\tAcessar \u00bb\t\t<\/a>\n\n\t\t\t\t\t<\/div>\n\t\t\t\t<\/div>\n\t\t\t\t\t<\/div>\n\t\t<\/article>\n\t\t\t\t<article class=\"elementor-post elementor-grid-item post-15610 post type-post status-publish format-standard has-post-thumbnail hentry category-linha-tematica-especial category-linha-tematica-ii category-meditacao category-pagina-acompanhamento-interna category-retiros-fds category-sul category-sutra-surangama category-sutta-sutra-buda category-visao tag-surangama\" role=\"listitem\">\n\t\t\t<div class=\"elementor-post__card\">\n\t\t\t\t<a class=\"elementor-post__thumbnail__link\" href=\"https:\/\/acaoparamita.com.br\/en\/surangama-o-sutra-que-preseva-a-profundidade-do-darma-do-buda-2024\/\" tabindex=\"-1\" target=\"_blank\"><div class=\"elementor-post__thumbnail\"><img fetchpriority=\"high\" decoding=\"async\" width=\"960\" height=\"643\" src=\"https:\/\/i0.wp.com\/acaoparamita.com.br\/wp-content\/uploads\/2023\/08\/lama-7.jpg?fit=960%2C643&amp;ssl=1\" class=\"attachment-full size-full wp-image-9945\" alt=\"\" srcset=\"https:\/\/i0.wp.com\/acaoparamita.com.br\/wp-content\/uploads\/2023\/08\/lama-7.jpg?w=960&amp;ssl=1 960w, https:\/\/i0.wp.com\/acaoparamita.com.br\/wp-content\/uploads\/2023\/08\/lama-7.jpg?resize=600%2C402&amp;ssl=1 600w, https:\/\/i0.wp.com\/acaoparamita.com.br\/wp-content\/uploads\/2023\/08\/lama-7.jpg?resize=300%2C201&amp;ssl=1 300w, https:\/\/i0.wp.com\/acaoparamita.com.br\/wp-content\/uploads\/2023\/08\/lama-7.jpg?resize=768%2C514&amp;ssl=1 768w, https:\/\/i0.wp.com\/acaoparamita.com.br\/wp-content\/uploads\/2023\/08\/lama-7.jpg?resize=18%2C12&amp;ssl=1 18w\" sizes=\"(max-width: 800px) 100vw, 800px\" \/><\/div><\/a>\n\t\t\t\t<div class=\"elementor-post__text\">\n\t\t\t\t<h3 class=\"elementor-post__title\">\n\t\t\t<a href=\"https:\/\/acaoparamita.com.br\/en\/surangama-o-sutra-que-preseva-a-profundidade-do-darma-do-buda-2024\/\" target=\"&quot;_blank&quot;\">\n\t\t\t\tRetiro &#8211; Surangama, o Sutra que Preserva a Profundidade do Darma do Buda | CEBB Caminho do Meio\t\t\t<\/a>\n\t\t<\/h3>\n\t\t\t\t<div class=\"elementor-post__excerpt\">\n\t\t\t<p>Retiro &#8220;Surangama, o Sutra que Preserva a Profundidade do Darma do Buda&#8221; CEBB Caminho do Meio Ensinamentos com Lama Padma<\/p>\n\t\t<\/div>\n\t\t\t\t\t<div class=\"elementor-post__read-more-wrapper\">\n\t\t\n\t\t<a class=\"elementor-post__read-more\" href=\"https:\/\/acaoparamita.com.br\/en\/surangama-o-sutra-que-preseva-a-profundidade-do-darma-do-buda-2024\/\" aria-label=\"Read more about Retiro &#8211; Surangama, o Sutra que Preserva a Profundidade do Darma do Buda | CEBB Caminho do Meio\" tabindex=\"-1\" target=\"_blank\">\n\t\t\tAcessar \u00bb\t\t<\/a>\n\n\t\t\t\t\t<\/div>\n\t\t\t\t<\/div>\n\t\t\t\t\t<\/div>\n\t\t<\/article>\n\t\t\t\t<article class=\"elementor-post elementor-grid-item post-15602 post type-post status-publish format-standard has-post-thumbnail hentry category-aprofundamento category-linha-tematica-especial category-linha-tematica-ii category-morte category-o-livro-tibetano-dos-mortos category-pagina-acompanhamento-interna category-sul category-termasgururinpoche category-visao tag-bardos\" role=\"listitem\">\n\t\t\t<div class=\"elementor-post__card\">\n\t\t\t\t<a class=\"elementor-post__thumbnail__link\" href=\"https:\/\/acaoparamita.com.br\/en\/estudo-de-aprofundamento-o-livro-tibetano-dos-mortos\/\" tabindex=\"-1\" target=\"_blank\"><div class=\"elementor-post__thumbnail\"><img decoding=\"async\" width=\"2048\" height=\"1365\" src=\"https:\/\/i0.wp.com\/acaoparamita.com.br\/wp-content\/uploads\/2024\/05\/capa-post-site-min.png?fit=2048%2C1365&amp;ssl=1\" class=\"attachment-full size-full wp-image-12714\" alt=\"\" srcset=\"https:\/\/i0.wp.com\/acaoparamita.com.br\/wp-content\/uploads\/2024\/05\/capa-post-site-min.png?w=2048&amp;ssl=1 2048w, https:\/\/i0.wp.com\/acaoparamita.com.br\/wp-content\/uploads\/2024\/05\/capa-post-site-min.png?resize=300%2C200&amp;ssl=1 300w, https:\/\/i0.wp.com\/acaoparamita.com.br\/wp-content\/uploads\/2024\/05\/capa-post-site-min.png?resize=1024%2C683&amp;ssl=1 1024w, https:\/\/i0.wp.com\/acaoparamita.com.br\/wp-content\/uploads\/2024\/05\/capa-post-site-min.png?resize=768%2C512&amp;ssl=1 768w, https:\/\/i0.wp.com\/acaoparamita.com.br\/wp-content\/uploads\/2024\/05\/capa-post-site-min.png?resize=1536%2C1024&amp;ssl=1 1536w, https:\/\/i0.wp.com\/acaoparamita.com.br\/wp-content\/uploads\/2024\/05\/capa-post-site-min.png?resize=18%2C12&amp;ssl=1 18w, https:\/\/i0.wp.com\/acaoparamita.com.br\/wp-content\/uploads\/2024\/05\/capa-post-site-min.png?resize=600%2C400&amp;ssl=1 600w, https:\/\/i0.wp.com\/acaoparamita.com.br\/wp-content\/uploads\/2024\/05\/capa-post-site-min.png?w=1600&amp;ssl=1 1600w\" sizes=\"(max-width: 800px) 100vw, 800px\" \/><\/div><\/a>\n\t\t\t\t<div class=\"elementor-post__text\">\n\t\t\t\t<h3 class=\"elementor-post__title\">\n\t\t\t<a href=\"https:\/\/acaoparamita.com.br\/en\/estudo-de-aprofundamento-o-livro-tibetano-dos-mortos\/\" target=\"&quot;_blank&quot;\">\n\t\t\t\tO Livro Tibetano dos Mortos\t\t\t<\/a>\n\t\t<\/h3>\n\t\t\t\t<div class=\"elementor-post__excerpt\">\n\t\t\t<p>Estudo de Aprofundamento &#8220;O Livro Tibetano dos Mortos&#8221; Ensinamentos com Lama Padma Samten no Estudo de Aprofundamento &#8220;O Livro Tibetano<\/p>\n\t\t<\/div>\n\t\t\t\t\t<div class=\"elementor-post__read-more-wrapper\">\n\t\t\n\t\t<a class=\"elementor-post__read-more\" href=\"https:\/\/acaoparamita.com.br\/en\/estudo-de-aprofundamento-o-livro-tibetano-dos-mortos\/\" aria-label=\"Read more about O Livro Tibetano dos Mortos\" tabindex=\"-1\" target=\"_blank\">\n\t\t\tAcessar \u00bb\t\t<\/a>\n\n\t\t\t\t\t<\/div>\n\t\t\t\t<\/div>\n\t\t\t\t\t<\/div>\n\t\t<\/article>\n\t\t\t\t<article class=\"elementor-post elementor-grid-item post-14972 post type-post status-publish format-standard has-post-thumbnail hentry category-linha-tematica-especial category-linha-tematica-ii category-nordeste category-pagina-acompanhamento-interna category-retiros-fds tag-bardos\" role=\"listitem\">\n\t\t\t<div class=\"elementor-post__card\">\n\t\t\t\t<a class=\"elementor-post__thumbnail__link\" href=\"https:\/\/acaoparamita.com.br\/en\/curso-o-caminho-da-lucidez-diante-dos-bardos\/\" tabindex=\"-1\" target=\"_blank\"><div class=\"elementor-post__thumbnail\"><img fetchpriority=\"high\" decoding=\"async\" width=\"960\" height=\"643\" src=\"https:\/\/i0.wp.com\/acaoparamita.com.br\/wp-content\/uploads\/2023\/08\/lama-7.jpg?fit=960%2C643&amp;ssl=1\" class=\"attachment-full size-full wp-image-9945\" alt=\"\" srcset=\"https:\/\/i0.wp.com\/acaoparamita.com.br\/wp-content\/uploads\/2023\/08\/lama-7.jpg?w=960&amp;ssl=1 960w, https:\/\/i0.wp.com\/acaoparamita.com.br\/wp-content\/uploads\/2023\/08\/lama-7.jpg?resize=600%2C402&amp;ssl=1 600w, https:\/\/i0.wp.com\/acaoparamita.com.br\/wp-content\/uploads\/2023\/08\/lama-7.jpg?resize=300%2C201&amp;ssl=1 300w, https:\/\/i0.wp.com\/acaoparamita.com.br\/wp-content\/uploads\/2023\/08\/lama-7.jpg?resize=768%2C514&amp;ssl=1 768w, https:\/\/i0.wp.com\/acaoparamita.com.br\/wp-content\/uploads\/2023\/08\/lama-7.jpg?resize=18%2C12&amp;ssl=1 18w\" sizes=\"(max-width: 800px) 100vw, 800px\" \/><\/div><\/a>\n\t\t\t\t<div class=\"elementor-post__text\">\n\t\t\t\t<h3 class=\"elementor-post__title\">\n\t\t\t<a href=\"https:\/\/acaoparamita.com.br\/en\/curso-o-caminho-da-lucidez-diante-dos-bardos\/\" target=\"&quot;_blank&quot;\">\n\t\t\t\tCurso &#8220;O caminho da lucidez diante dos Bardos&#8221;\t\t\t<\/a>\n\t\t<\/h3>\n\t\t\t\t<div class=\"elementor-post__excerpt\">\n\t\t\t<p>Curso &#8220;O caminho da lucidez diante dos Bardos&#8221; P\u00e1gina de Acompanhamento do curso com Lama Padma Samten no CEBB Recife<\/p>\n\t\t<\/div>\n\t\t\t\t\t<div class=\"elementor-post__read-more-wrapper\">\n\t\t\n\t\t<a class=\"elementor-post__read-more\" href=\"https:\/\/acaoparamita.com.br\/en\/curso-o-caminho-da-lucidez-diante-dos-bardos\/\" aria-label=\"Read more about Curso &#8220;O caminho da lucidez diante dos Bardos&#8221;\" tabindex=\"-1\" target=\"_blank\">\n\t\t\tAcessar \u00bb\t\t<\/a>\n\n\t\t\t\t\t<\/div>\n\t\t\t\t<\/div>\n\t\t\t\t\t<\/div>\n\t\t<\/article>\n\t\t\t\t<article class=\"elementor-post elementor-grid-item post-14872 post type-post status-publish format-standard has-post-thumbnail hentry category-budismo-na-vida-cotidiana category-linha-tematica-especial category-linha-tematica-ii category-pagina-acompanhamento-interna category-21-itens category-retiros-fds category-sul tag-reencantando\" role=\"listitem\">\n\t\t\t<div class=\"elementor-post__card\">\n\t\t\t\t<a class=\"elementor-post__thumbnail__link\" href=\"https:\/\/acaoparamita.com.br\/en\/retiro-o-reencantando-realidade\/\" tabindex=\"-1\" target=\"_blank\"><div class=\"elementor-post__thumbnail\"><img fetchpriority=\"high\" decoding=\"async\" width=\"960\" height=\"643\" src=\"https:\/\/i0.wp.com\/acaoparamita.com.br\/wp-content\/uploads\/2023\/08\/lama-7.jpg?fit=960%2C643&amp;ssl=1\" class=\"attachment-full size-full wp-image-9945\" alt=\"\" srcset=\"https:\/\/i0.wp.com\/acaoparamita.com.br\/wp-content\/uploads\/2023\/08\/lama-7.jpg?w=960&amp;ssl=1 960w, https:\/\/i0.wp.com\/acaoparamita.com.br\/wp-content\/uploads\/2023\/08\/lama-7.jpg?resize=600%2C402&amp;ssl=1 600w, https:\/\/i0.wp.com\/acaoparamita.com.br\/wp-content\/uploads\/2023\/08\/lama-7.jpg?resize=300%2C201&amp;ssl=1 300w, https:\/\/i0.wp.com\/acaoparamita.com.br\/wp-content\/uploads\/2023\/08\/lama-7.jpg?resize=768%2C514&amp;ssl=1 768w, https:\/\/i0.wp.com\/acaoparamita.com.br\/wp-content\/uploads\/2023\/08\/lama-7.jpg?resize=18%2C12&amp;ssl=1 18w\" sizes=\"(max-width: 800px) 100vw, 800px\" \/><\/div><\/a>\n\t\t\t\t<div class=\"elementor-post__text\">\n\t\t\t\t<h3 class=\"elementor-post__title\">\n\t\t\t<a href=\"https:\/\/acaoparamita.com.br\/en\/retiro-o-reencantando-realidade\/\" target=\"&quot;_blank&quot;\">\n\t\t\t\tRetiro &#8220;Reencantando a realidade &#8211; Para onde vamos?&#8221; CEBB Caminho do meio\t\t\t<\/a>\n\t\t<\/h3>\n\t\t\t\t<div class=\"elementor-post__excerpt\">\n\t\t\t<p>Retiro &#8220;Reencantando a Realidade &#8211; Para onde vamos?&#8221; CEBB Caminho do Meio Ensinamentos com Lama Padma Samten no Retiro &#8220;Reencantando<\/p>\n\t\t<\/div>\n\t\t\t\t\t<div class=\"elementor-post__read-more-wrapper\">\n\t\t\n\t\t<a class=\"elementor-post__read-more\" href=\"https:\/\/acaoparamita.com.br\/en\/retiro-o-reencantando-realidade\/\" aria-label=\"Read more about Retiro &#8220;Reencantando a realidade &#8211; Para onde vamos?&#8221; CEBB Caminho do meio\" tabindex=\"-1\" target=\"_blank\">\n\t\t\tAcessar \u00bb\t\t<\/a>\n\n\t\t\t\t\t<\/div>\n\t\t\t\t<\/div>\n\t\t\t\t\t<\/div>\n\t\t<\/article>\n\t\t\t\t<article class=\"elementor-post elementor-grid-item post-14760 post type-post status-publish format-standard has-post-thumbnail hentry category-linha-tematica-especial category-linha-tematica-ii category-meditacao category-nordeste category-pagina-acompanhamento-interna category-retiros-fds tag-cebb-darmata\" role=\"listitem\">\n\t\t\t<div class=\"elementor-post__card\">\n\t\t\t\t<a class=\"elementor-post__thumbnail__link\" href=\"https:\/\/acaoparamita.com.br\/en\/retiro-o-caminho-da-meditacao-e-sabedoria\/\" tabindex=\"-1\" target=\"_blank\"><div class=\"elementor-post__thumbnail\"><img fetchpriority=\"high\" decoding=\"async\" width=\"960\" height=\"643\" src=\"https:\/\/i0.wp.com\/acaoparamita.com.br\/wp-content\/uploads\/2023\/08\/lama-7.jpg?fit=960%2C643&amp;ssl=1\" class=\"attachment-full size-full wp-image-9945\" alt=\"\" srcset=\"https:\/\/i0.wp.com\/acaoparamita.com.br\/wp-content\/uploads\/2023\/08\/lama-7.jpg?w=960&amp;ssl=1 960w, https:\/\/i0.wp.com\/acaoparamita.com.br\/wp-content\/uploads\/2023\/08\/lama-7.jpg?resize=600%2C402&amp;ssl=1 600w, https:\/\/i0.wp.com\/acaoparamita.com.br\/wp-content\/uploads\/2023\/08\/lama-7.jpg?resize=300%2C201&amp;ssl=1 300w, https:\/\/i0.wp.com\/acaoparamita.com.br\/wp-content\/uploads\/2023\/08\/lama-7.jpg?resize=768%2C514&amp;ssl=1 768w, https:\/\/i0.wp.com\/acaoparamita.com.br\/wp-content\/uploads\/2023\/08\/lama-7.jpg?resize=18%2C12&amp;ssl=1 18w\" sizes=\"(max-width: 800px) 100vw, 800px\" \/><\/div><\/a>\n\t\t\t\t<div class=\"elementor-post__text\">\n\t\t\t\t<h3 class=\"elementor-post__title\">\n\t\t\t<a href=\"https:\/\/acaoparamita.com.br\/en\/retiro-o-caminho-da-meditacao-e-sabedoria\/\" target=\"&quot;_blank&quot;\">\n\t\t\t\tRetiro &#8220;O Caminho da Medita\u00e7\u00e3o e Sabedoria&#8221; CEBB Darmata\t\t\t<\/a>\n\t\t<\/h3>\n\t\t\t\t<div class=\"elementor-post__excerpt\">\n\t\t\t<p>Retiro &#8220;O Caminho da Medita\u00e7\u00e3o e Sabedoria&#8221; CEBB Darmata Ensinamentos com Lama Padma Samten no Retiro &#8220;O Caminho da Medita\u00e7\u00e3o<\/p>\n\t\t<\/div>\n\t\t\t\t\t<div class=\"elementor-post__read-more-wrapper\">\n\t\t\n\t\t<a class=\"elementor-post__read-more\" href=\"https:\/\/acaoparamita.com.br\/en\/retiro-o-caminho-da-meditacao-e-sabedoria\/\" aria-label=\"Read more about Retiro &#8220;O Caminho da Medita\u00e7\u00e3o e Sabedoria&#8221; CEBB Darmata\" tabindex=\"-1\" target=\"_blank\">\n\t\t\tAcessar \u00bb\t\t<\/a>\n\n\t\t\t\t\t<\/div>\n\t\t\t\t<\/div>\n\t\t\t\t\t<\/div>\n\t\t<\/article>\n\t\t\t\t<article class=\"elementor-post elementor-grid-item post-14413 post type-post status-publish format-standard has-post-thumbnail hentry category-aprofundamento category-bikkhuboddhi category-budismo-na-vida-cotidiana category-linha-tematica-especial category-linha-tematica-ii category-pagina-acompanhamento-interna category-sul category-sutta-sutra-buda tag-buda\" role=\"listitem\">\n\t\t\t<div class=\"elementor-post__card\">\n\t\t\t\t<a class=\"elementor-post__thumbnail__link\" href=\"https:\/\/acaoparamita.com.br\/en\/estudo-de-aprofundamento-os-ensinamentos-do-buda-sobre-a-harmonia-social-e-comunitaria\/\" tabindex=\"-1\" target=\"_blank\"><div class=\"elementor-post__thumbnail\"><img decoding=\"async\" width=\"2048\" height=\"1365\" src=\"https:\/\/i0.wp.com\/acaoparamita.com.br\/wp-content\/uploads\/2024\/05\/capa-post-site-min.png?fit=2048%2C1365&amp;ssl=1\" class=\"attachment-full size-full wp-image-12714\" alt=\"\" srcset=\"https:\/\/i0.wp.com\/acaoparamita.com.br\/wp-content\/uploads\/2024\/05\/capa-post-site-min.png?w=2048&amp;ssl=1 2048w, https:\/\/i0.wp.com\/acaoparamita.com.br\/wp-content\/uploads\/2024\/05\/capa-post-site-min.png?resize=300%2C200&amp;ssl=1 300w, https:\/\/i0.wp.com\/acaoparamita.com.br\/wp-content\/uploads\/2024\/05\/capa-post-site-min.png?resize=1024%2C683&amp;ssl=1 1024w, https:\/\/i0.wp.com\/acaoparamita.com.br\/wp-content\/uploads\/2024\/05\/capa-post-site-min.png?resize=768%2C512&amp;ssl=1 768w, https:\/\/i0.wp.com\/acaoparamita.com.br\/wp-content\/uploads\/2024\/05\/capa-post-site-min.png?resize=1536%2C1024&amp;ssl=1 1536w, https:\/\/i0.wp.com\/acaoparamita.com.br\/wp-content\/uploads\/2024\/05\/capa-post-site-min.png?resize=18%2C12&amp;ssl=1 18w, https:\/\/i0.wp.com\/acaoparamita.com.br\/wp-content\/uploads\/2024\/05\/capa-post-site-min.png?resize=600%2C400&amp;ssl=1 600w, https:\/\/i0.wp.com\/acaoparamita.com.br\/wp-content\/uploads\/2024\/05\/capa-post-site-min.png?w=1600&amp;ssl=1 1600w\" sizes=\"(max-width: 800px) 100vw, 800px\" \/><\/div><\/a>\n\t\t\t\t<div class=\"elementor-post__text\">\n\t\t\t\t<h3 class=\"elementor-post__title\">\n\t\t\t<a href=\"https:\/\/acaoparamita.com.br\/en\/estudo-de-aprofundamento-os-ensinamentos-do-buda-sobre-a-harmonia-social-e-comunitaria\/\" target=\"&quot;_blank&quot;\">\n\t\t\t\tOs ensinamentos do Buda sobre a harmonia social\t\t\t<\/a>\n\t\t<\/h3>\n\t\t\t\t<div class=\"elementor-post__excerpt\">\n\t\t\t<p>Estudo de Aprofundamento &#8220;Os ensinamentos do Buda sobre a harmonia social e comunit\u00e1ria&#8221; Ensinamentos com Lama Padma Samten no Estudo<\/p>\n\t\t<\/div>\n\t\t\t\t\t<div class=\"elementor-post__read-more-wrapper\">\n\t\t\n\t\t<a class=\"elementor-post__read-more\" href=\"https:\/\/acaoparamita.com.br\/en\/estudo-de-aprofundamento-os-ensinamentos-do-buda-sobre-a-harmonia-social-e-comunitaria\/\" aria-label=\"Read more about Os ensinamentos do Buda sobre a harmonia social\" tabindex=\"-1\" target=\"_blank\">\n\t\t\tAcessar \u00bb\t\t<\/a>\n\n\t\t\t\t\t<\/div>\n\t\t\t\t<\/div>\n\t\t\t\t\t<\/div>\n\t\t<\/article>\n\t\t\t\t<article class=\"elementor-post elementor-grid-item post-14362 post type-post status-publish format-standard has-post-thumbnail hentry category-bikkhuboddhi category-linha-tematica-especial category-linha-tematica-ii category-meditacao category-pagina-acompanhamento-interna category-retiros-fds category-sudeste category-sutta-sutra-buda tag-obstaculos-como-caminho\" role=\"listitem\">\n\t\t\t<div class=\"elementor-post__card\">\n\t\t\t\t<a class=\"elementor-post__thumbnail__link\" href=\"https:\/\/acaoparamita.com.br\/en\/tomando-os-5-obstaculos-como-caminho\/\" tabindex=\"-1\" target=\"_blank\"><div class=\"elementor-post__thumbnail\"><img fetchpriority=\"high\" decoding=\"async\" width=\"960\" height=\"643\" src=\"https:\/\/i0.wp.com\/acaoparamita.com.br\/wp-content\/uploads\/2023\/08\/lama-7.jpg?fit=960%2C643&amp;ssl=1\" class=\"attachment-full size-full wp-image-9945\" alt=\"\" srcset=\"https:\/\/i0.wp.com\/acaoparamita.com.br\/wp-content\/uploads\/2023\/08\/lama-7.jpg?w=960&amp;ssl=1 960w, https:\/\/i0.wp.com\/acaoparamita.com.br\/wp-content\/uploads\/2023\/08\/lama-7.jpg?resize=600%2C402&amp;ssl=1 600w, https:\/\/i0.wp.com\/acaoparamita.com.br\/wp-content\/uploads\/2023\/08\/lama-7.jpg?resize=300%2C201&amp;ssl=1 300w, https:\/\/i0.wp.com\/acaoparamita.com.br\/wp-content\/uploads\/2023\/08\/lama-7.jpg?resize=768%2C514&amp;ssl=1 768w, https:\/\/i0.wp.com\/acaoparamita.com.br\/wp-content\/uploads\/2023\/08\/lama-7.jpg?resize=18%2C12&amp;ssl=1 18w\" sizes=\"(max-width: 800px) 100vw, 800px\" \/><\/div><\/a>\n\t\t\t\t<div class=\"elementor-post__text\">\n\t\t\t\t<h3 class=\"elementor-post__title\">\n\t\t\t<a href=\"https:\/\/acaoparamita.com.br\/en\/tomando-os-5-obstaculos-como-caminho\/\" target=\"&quot;_blank&quot;\">\n\t\t\t\tRetiro &#8220;Tomando os 5 obst\u00e1culos como caminho&#8221; Abhirati\t\t\t<\/a>\n\t\t<\/h3>\n\t\t\t\t<div class=\"elementor-post__excerpt\">\n\t\t\t<p>Retiro &#8220;Tomando os 5 obst\u00e1culos como caminho&#8221; CEBB Abhirati Ensinamentos com Lama Padma Samten no Retiro &#8220;Tomando os 5 obst\u00e1culos<\/p>\n\t\t<\/div>\n\t\t\t\t\t<div class=\"elementor-post__read-more-wrapper\">\n\t\t\n\t\t<a class=\"elementor-post__read-more\" href=\"https:\/\/acaoparamita.com.br\/en\/tomando-os-5-obstaculos-como-caminho\/\" aria-label=\"Read more about Retiro &#8220;Tomando os 5 obst\u00e1culos como caminho&#8221; Abhirati\" tabindex=\"-1\" target=\"_blank\">\n\t\t\tAcessar \u00bb\t\t<\/a>\n\n\t\t\t\t\t<\/div>\n\t\t\t\t<\/div>\n\t\t\t\t\t<\/div>\n\t\t<\/article>\n\t\t\t\t<article class=\"elementor-post elementor-grid-item post-13646 post type-post status-publish format-standard has-post-thumbnail hentry category-anapanasati-sutta category-bikkhuboddhi category-centro-oeste category-linha-tematica-especial category-linha-tematica-ii category-pagina-acompanhamento-interna category-21-itens category-retiros-inverno category-satipatana-sutta category-sutta-sutra-buda tag-145 tag-cebb-alto-paraiso\" role=\"listitem\">\n\t\t\t<div class=\"elementor-post__card\">\n\t\t\t\t<a class=\"elementor-post__thumbnail__link\" href=\"https:\/\/acaoparamita.com.br\/en\/retiro-de-inverno-2024-alto-paraiso\/\" tabindex=\"-1\" target=\"_blank\"><div class=\"elementor-post__thumbnail\"><img fetchpriority=\"high\" decoding=\"async\" width=\"960\" height=\"643\" src=\"https:\/\/i0.wp.com\/acaoparamita.com.br\/wp-content\/uploads\/2023\/08\/lama-7.jpg?fit=960%2C643&amp;ssl=1\" class=\"attachment-full size-full wp-image-9945\" alt=\"\" srcset=\"https:\/\/i0.wp.com\/acaoparamita.com.br\/wp-content\/uploads\/2023\/08\/lama-7.jpg?w=960&amp;ssl=1 960w, https:\/\/i0.wp.com\/acaoparamita.com.br\/wp-content\/uploads\/2023\/08\/lama-7.jpg?resize=600%2C402&amp;ssl=1 600w, https:\/\/i0.wp.com\/acaoparamita.com.br\/wp-content\/uploads\/2023\/08\/lama-7.jpg?resize=300%2C201&amp;ssl=1 300w, https:\/\/i0.wp.com\/acaoparamita.com.br\/wp-content\/uploads\/2023\/08\/lama-7.jpg?resize=768%2C514&amp;ssl=1 768w, https:\/\/i0.wp.com\/acaoparamita.com.br\/wp-content\/uploads\/2023\/08\/lama-7.jpg?resize=18%2C12&amp;ssl=1 18w\" sizes=\"(max-width: 800px) 100vw, 800px\" \/><\/div><\/a>\n\t\t\t\t<div class=\"elementor-post__text\">\n\t\t\t\t<h3 class=\"elementor-post__title\">\n\t\t\t<a href=\"https:\/\/acaoparamita.com.br\/en\/retiro-de-inverno-2024-alto-paraiso\/\" target=\"&quot;_blank&quot;\">\n\t\t\t\tRetiro de Inverno 2024 | CEBB Alto Para\u00edso\t\t\t<\/a>\n\t\t<\/h3>\n\t\t\t\t<div class=\"elementor-post__excerpt\">\n\t\t\t<p>Retiro de Inverno 2024 no CEBB Alto Para\u00edso Ensinamentos com Lama Padma Samten no Retiro de Inverno 2024 no CEBB<\/p>\n\t\t<\/div>\n\t\t\t\t\t<div class=\"elementor-post__read-more-wrapper\">\n\t\t\n\t\t<a class=\"elementor-post__read-more\" href=\"https:\/\/acaoparamita.com.br\/en\/retiro-de-inverno-2024-alto-paraiso\/\" aria-label=\"Read more about Retiro de Inverno 2024 | CEBB Alto Para\u00edso\" tabindex=\"-1\" target=\"_blank\">\n\t\t\tAcessar \u00bb\t\t<\/a>\n\n\t\t\t\t\t<\/div>\n\t\t\t\t<\/div>\n\t\t\t\t\t<\/div>\n\t\t<\/article>\n\t\t\t\t<article class=\"elementor-post elementor-grid-item post-13630 post type-post status-publish format-standard has-post-thumbnail hentry category-iluminacao-sabedoria-primordial category-bikkhuboddhi category-dudjomlingpa category-dudjomrinpoche category-linha-tematica-especial category-linha-tematica-ii category-meditacao category-darma-tolo category-pagina-acompanhamento-interna category-retiros-inverno category-sul tag-retiro-de-inverno-2024-no-cebb-sukhavati\" role=\"listitem\">\n\t\t\t<div class=\"elementor-post__card\">\n\t\t\t\t<a class=\"elementor-post__thumbnail__link\" href=\"https:\/\/acaoparamita.com.br\/en\/retiro-de-inverno-2024-sukhavati\/\" tabindex=\"-1\" target=\"_blank\"><div class=\"elementor-post__thumbnail\"><img fetchpriority=\"high\" decoding=\"async\" width=\"960\" height=\"643\" src=\"https:\/\/i0.wp.com\/acaoparamita.com.br\/wp-content\/uploads\/2023\/08\/lama-7.jpg?fit=960%2C643&amp;ssl=1\" class=\"attachment-full size-full wp-image-9945\" alt=\"\" srcset=\"https:\/\/i0.wp.com\/acaoparamita.com.br\/wp-content\/uploads\/2023\/08\/lama-7.jpg?w=960&amp;ssl=1 960w, https:\/\/i0.wp.com\/acaoparamita.com.br\/wp-content\/uploads\/2023\/08\/lama-7.jpg?resize=600%2C402&amp;ssl=1 600w, https:\/\/i0.wp.com\/acaoparamita.com.br\/wp-content\/uploads\/2023\/08\/lama-7.jpg?resize=300%2C201&amp;ssl=1 300w, https:\/\/i0.wp.com\/acaoparamita.com.br\/wp-content\/uploads\/2023\/08\/lama-7.jpg?resize=768%2C514&amp;ssl=1 768w, https:\/\/i0.wp.com\/acaoparamita.com.br\/wp-content\/uploads\/2023\/08\/lama-7.jpg?resize=18%2C12&amp;ssl=1 18w\" sizes=\"(max-width: 800px) 100vw, 800px\" \/><\/div><\/a>\n\t\t\t\t<div class=\"elementor-post__text\">\n\t\t\t\t<h3 class=\"elementor-post__title\">\n\t\t\t<a href=\"https:\/\/acaoparamita.com.br\/en\/retiro-de-inverno-2024-sukhavati\/\" target=\"&quot;_blank&quot;\">\n\t\t\t\tRetiro de Inverno 2024 | CEBB Sukhavati\t\t\t<\/a>\n\t\t<\/h3>\n\t\t\t\t<div class=\"elementor-post__excerpt\">\n\t\t\t<p>Retiro de Inverno 2024 no CEBB Sukhavati Ensinamentos com Lama Padma Samten no Retiro de Inverno 2024 no CEBB Sukhavati,<\/p>\n\t\t<\/div>\n\t\t\t\t\t<div class=\"elementor-post__read-more-wrapper\">\n\t\t\n\t\t<a class=\"elementor-post__read-more\" href=\"https:\/\/acaoparamita.com.br\/en\/retiro-de-inverno-2024-sukhavati\/\" aria-label=\"Read more about Retiro de Inverno 2024 | CEBB Sukhavati\" tabindex=\"-1\" target=\"_blank\">\n\t\t\tAcessar \u00bb\t\t<\/a>\n\n\t\t\t\t\t<\/div>\n\t\t\t\t<\/div>\n\t\t\t\t\t<\/div>\n\t\t<\/article>\n\t\t\t\t<article class=\"elementor-post elementor-grid-item post-13383 post type-post status-publish format-standard has-post-thumbnail hentry category-aprofundamento category-bikkhuboddhi category-budismo-na-vida-cotidiana category-linha-tematica-especial category-linha-tematica-ii category-pagina-acompanhamento-interna category-sul category-sutta-sutra-buda category-visao tag-darma tag-relacoes-positivas\" role=\"listitem\">\n\t\t\t<div class=\"elementor-post__card\">\n\t\t\t\t<a class=\"elementor-post__thumbnail__link\" href=\"https:\/\/acaoparamita.com.br\/en\/estudo-de-aprofundamento-caminho-relacoes-positivas-darma-sociedade\/\" tabindex=\"-1\" target=\"_blank\"><div class=\"elementor-post__thumbnail\"><img decoding=\"async\" width=\"2048\" height=\"1365\" src=\"https:\/\/i0.wp.com\/acaoparamita.com.br\/wp-content\/uploads\/2024\/05\/capa-post-site-min.png?fit=2048%2C1365&amp;ssl=1\" class=\"attachment-full size-full wp-image-12714\" alt=\"\" srcset=\"https:\/\/i0.wp.com\/acaoparamita.com.br\/wp-content\/uploads\/2024\/05\/capa-post-site-min.png?w=2048&amp;ssl=1 2048w, https:\/\/i0.wp.com\/acaoparamita.com.br\/wp-content\/uploads\/2024\/05\/capa-post-site-min.png?resize=300%2C200&amp;ssl=1 300w, https:\/\/i0.wp.com\/acaoparamita.com.br\/wp-content\/uploads\/2024\/05\/capa-post-site-min.png?resize=1024%2C683&amp;ssl=1 1024w, https:\/\/i0.wp.com\/acaoparamita.com.br\/wp-content\/uploads\/2024\/05\/capa-post-site-min.png?resize=768%2C512&amp;ssl=1 768w, https:\/\/i0.wp.com\/acaoparamita.com.br\/wp-content\/uploads\/2024\/05\/capa-post-site-min.png?resize=1536%2C1024&amp;ssl=1 1536w, https:\/\/i0.wp.com\/acaoparamita.com.br\/wp-content\/uploads\/2024\/05\/capa-post-site-min.png?resize=18%2C12&amp;ssl=1 18w, https:\/\/i0.wp.com\/acaoparamita.com.br\/wp-content\/uploads\/2024\/05\/capa-post-site-min.png?resize=600%2C400&amp;ssl=1 600w, https:\/\/i0.wp.com\/acaoparamita.com.br\/wp-content\/uploads\/2024\/05\/capa-post-site-min.png?w=1600&amp;ssl=1 1600w\" sizes=\"(max-width: 800px) 100vw, 800px\" \/><\/div><\/a>\n\t\t\t\t<div class=\"elementor-post__text\">\n\t\t\t\t<h3 class=\"elementor-post__title\">\n\t\t\t<a href=\"https:\/\/acaoparamita.com.br\/en\/estudo-de-aprofundamento-caminho-relacoes-positivas-darma-sociedade\/\" target=\"&quot;_blank&quot;\">\n\t\t\t\tO Caminho, Rela\u00e7\u00f5es Positivas, o Darma e a Sociedade\t\t\t<\/a>\n\t\t<\/h3>\n\t\t\t\t<div class=\"elementor-post__excerpt\">\n\t\t\t<p>Estudo de Aprofundamento &#8220;O Caminho, Rela\u00e7\u00f5es Positivas, o Darma e a Sociedade&#8221; Ensinamentos com Lama Padma Samten no Estudo de<\/p>\n\t\t<\/div>\n\t\t\t\t\t<div class=\"elementor-post__read-more-wrapper\">\n\t\t\n\t\t<a class=\"elementor-post__read-more\" href=\"https:\/\/acaoparamita.com.br\/en\/estudo-de-aprofundamento-caminho-relacoes-positivas-darma-sociedade\/\" aria-label=\"Read more about O Caminho, Rela\u00e7\u00f5es Positivas, o Darma e a Sociedade\" tabindex=\"-1\" target=\"_blank\">\n\t\t\tAcessar \u00bb\t\t<\/a>\n\n\t\t\t\t\t<\/div>\n\t\t\t\t<\/div>\n\t\t\t\t\t<\/div>\n\t\t<\/article>\n\t\t\t\t<article class=\"elementor-post elementor-grid-item post-13294 post type-post status-publish format-standard has-post-thumbnail hentry category-budismo-na-vida-cotidiana category-linha-tematica-especial category-linha-tematica-ii category-pagina-acompanhamento-interna category-retiros-fds category-sudeste tag-conselhos\" role=\"listitem\">\n\t\t\t<div class=\"elementor-post__card\">\n\t\t\t\t<a class=\"elementor-post__thumbnail__link\" href=\"https:\/\/acaoparamita.com.br\/en\/conselhos-para-aprofundar-a-pratica\/\" tabindex=\"-1\" target=\"_blank\"><div class=\"elementor-post__thumbnail\"><img fetchpriority=\"high\" decoding=\"async\" width=\"960\" height=\"643\" src=\"https:\/\/i0.wp.com\/acaoparamita.com.br\/wp-content\/uploads\/2023\/08\/lama-7.jpg?fit=960%2C643&amp;ssl=1\" class=\"attachment-full size-full wp-image-9945\" alt=\"\" srcset=\"https:\/\/i0.wp.com\/acaoparamita.com.br\/wp-content\/uploads\/2023\/08\/lama-7.jpg?w=960&amp;ssl=1 960w, https:\/\/i0.wp.com\/acaoparamita.com.br\/wp-content\/uploads\/2023\/08\/lama-7.jpg?resize=600%2C402&amp;ssl=1 600w, https:\/\/i0.wp.com\/acaoparamita.com.br\/wp-content\/uploads\/2023\/08\/lama-7.jpg?resize=300%2C201&amp;ssl=1 300w, https:\/\/i0.wp.com\/acaoparamita.com.br\/wp-content\/uploads\/2023\/08\/lama-7.jpg?resize=768%2C514&amp;ssl=1 768w, https:\/\/i0.wp.com\/acaoparamita.com.br\/wp-content\/uploads\/2023\/08\/lama-7.jpg?resize=18%2C12&amp;ssl=1 18w\" sizes=\"(max-width: 800px) 100vw, 800px\" \/><\/div><\/a>\n\t\t\t\t<div class=\"elementor-post__text\">\n\t\t\t\t<h3 class=\"elementor-post__title\">\n\t\t\t<a href=\"https:\/\/acaoparamita.com.br\/en\/conselhos-para-aprofundar-a-pratica\/\" target=\"&quot;_blank&quot;\">\n\t\t\t\tRetiro &#8220;Conselhos para Aprofundar a Pr\u00e1tica&#8221;\t\t\t<\/a>\n\t\t<\/h3>\n\t\t\t\t<div class=\"elementor-post__excerpt\">\n\t\t\t<p>Retiro &#8220;Conselhos para Aprofundar a Pr\u00e1tica&#8221; &#8211; CEBB SP Ensinamentos com Lama Padma Samten no Retiro &#8220;Conselhos para Aprofundar a<\/p>\n\t\t<\/div>\n\t\t\t\t\t<div class=\"elementor-post__read-more-wrapper\">\n\t\t\n\t\t<a class=\"elementor-post__read-more\" href=\"https:\/\/acaoparamita.com.br\/en\/conselhos-para-aprofundar-a-pratica\/\" aria-label=\"Read more about Retiro &#8220;Conselhos para Aprofundar a Pr\u00e1tica&#8221;\" tabindex=\"-1\" target=\"_blank\">\n\t\t\tAcessar \u00bb\t\t<\/a>\n\n\t\t\t\t\t<\/div>\n\t\t\t\t<\/div>\n\t\t\t\t\t<\/div>\n\t\t<\/article>\n\t\t\t\t<article class=\"elementor-post elementor-grid-item post-13265 post type-post status-publish format-standard has-post-thumbnail hentry category-linha-tematica-especial category-linha-tematica-ii category-meditacao category-nordeste category-oitoconsciencias category-pagina-acompanhamento-interna category-retiros-fds tag-8-consciencias\" role=\"listitem\">\n\t\t\t<div class=\"elementor-post__card\">\n\t\t\t\t<a class=\"elementor-post__thumbnail__link\" href=\"https:\/\/acaoparamita.com.br\/en\/visao-profunda-das-oito-consciencias-como-caminho\/\" tabindex=\"-1\" target=\"_blank\"><div class=\"elementor-post__thumbnail\"><img fetchpriority=\"high\" decoding=\"async\" width=\"960\" height=\"643\" src=\"https:\/\/i0.wp.com\/acaoparamita.com.br\/wp-content\/uploads\/2023\/08\/lama-7.jpg?fit=960%2C643&amp;ssl=1\" class=\"attachment-full size-full wp-image-9945\" alt=\"\" srcset=\"https:\/\/i0.wp.com\/acaoparamita.com.br\/wp-content\/uploads\/2023\/08\/lama-7.jpg?w=960&amp;ssl=1 960w, https:\/\/i0.wp.com\/acaoparamita.com.br\/wp-content\/uploads\/2023\/08\/lama-7.jpg?resize=600%2C402&amp;ssl=1 600w, https:\/\/i0.wp.com\/acaoparamita.com.br\/wp-content\/uploads\/2023\/08\/lama-7.jpg?resize=300%2C201&amp;ssl=1 300w, https:\/\/i0.wp.com\/acaoparamita.com.br\/wp-content\/uploads\/2023\/08\/lama-7.jpg?resize=768%2C514&amp;ssl=1 768w, https:\/\/i0.wp.com\/acaoparamita.com.br\/wp-content\/uploads\/2023\/08\/lama-7.jpg?resize=18%2C12&amp;ssl=1 18w\" sizes=\"(max-width: 800px) 100vw, 800px\" \/><\/div><\/a>\n\t\t\t\t<div class=\"elementor-post__text\">\n\t\t\t\t<h3 class=\"elementor-post__title\">\n\t\t\t<a href=\"https:\/\/acaoparamita.com.br\/en\/visao-profunda-das-oito-consciencias-como-caminho\/\" target=\"&quot;_blank&quot;\">\n\t\t\t\tRetiro &#8220;Vis\u00e3o Profunda das Oito Consci\u00eancias como Caminho&#8221;\t\t\t<\/a>\n\t\t<\/h3>\n\t\t\t\t<div class=\"elementor-post__excerpt\">\n\t\t\t<p>Retiro &#8220;Vis\u00e3o Profunda das Oito Consci\u00eancias como Caminho&#8221; &#8211; CEBB Macei\u00f3 Ensinamentos com Lama Padma Samten no Retiro &#8220;Vis\u00e3o Profunda<\/p>\n\t\t<\/div>\n\t\t\t\t\t<div class=\"elementor-post__read-more-wrapper\">\n\t\t\n\t\t<a class=\"elementor-post__read-more\" href=\"https:\/\/acaoparamita.com.br\/en\/visao-profunda-das-oito-consciencias-como-caminho\/\" aria-label=\"Read more about Retiro &#8220;Vis\u00e3o Profunda das Oito Consci\u00eancias como Caminho&#8221;\" tabindex=\"-1\" target=\"_blank\">\n\t\t\tAcessar \u00bb\t\t<\/a>\n\n\t\t\t\t\t<\/div>\n\t\t\t\t<\/div>\n\t\t\t\t\t<\/div>\n\t\t<\/article>\n\t\t\t\t<article class=\"elementor-post elementor-grid-item post-12736 post type-post status-publish format-standard has-post-thumbnail hentry category-linha-tematica-especial category-linha-tematica-ii category-meditacao category-pagina-acompanhamento-interna category-retiros-fds category-sudeste tag-lucidez tag-meditacao\" role=\"listitem\">\n\t\t\t<div class=\"elementor-post__card\">\n\t\t\t\t<a class=\"elementor-post__thumbnail__link\" href=\"https:\/\/acaoparamita.com.br\/en\/a-pratica-budista-da-meditacao-e-lucidez\/\" tabindex=\"-1\" target=\"_blank\"><div class=\"elementor-post__thumbnail\"><img fetchpriority=\"high\" decoding=\"async\" width=\"960\" height=\"643\" src=\"https:\/\/i0.wp.com\/acaoparamita.com.br\/wp-content\/uploads\/2023\/08\/lama-7.jpg?fit=960%2C643&amp;ssl=1\" class=\"attachment-full size-full wp-image-9945\" alt=\"\" srcset=\"https:\/\/i0.wp.com\/acaoparamita.com.br\/wp-content\/uploads\/2023\/08\/lama-7.jpg?w=960&amp;ssl=1 960w, https:\/\/i0.wp.com\/acaoparamita.com.br\/wp-content\/uploads\/2023\/08\/lama-7.jpg?resize=600%2C402&amp;ssl=1 600w, https:\/\/i0.wp.com\/acaoparamita.com.br\/wp-content\/uploads\/2023\/08\/lama-7.jpg?resize=300%2C201&amp;ssl=1 300w, https:\/\/i0.wp.com\/acaoparamita.com.br\/wp-content\/uploads\/2023\/08\/lama-7.jpg?resize=768%2C514&amp;ssl=1 768w, https:\/\/i0.wp.com\/acaoparamita.com.br\/wp-content\/uploads\/2023\/08\/lama-7.jpg?resize=18%2C12&amp;ssl=1 18w\" sizes=\"(max-width: 800px) 100vw, 800px\" \/><\/div><\/a>\n\t\t\t\t<div class=\"elementor-post__text\">\n\t\t\t\t<h3 class=\"elementor-post__title\">\n\t\t\t<a href=\"https:\/\/acaoparamita.com.br\/en\/a-pratica-budista-da-meditacao-e-lucidez\/\" target=\"&quot;_blank&quot;\">\n\t\t\t\tRetiro &#8220;A Pr\u00e1tica Budista da Medita\u00e7\u00e3o e Lucidez&#8221;\t\t\t<\/a>\n\t\t<\/h3>\n\t\t\t\t<div class=\"elementor-post__excerpt\">\n\t\t\t<p>Retiro &#8220;A Pr\u00e1tica Budista da Medita\u00e7\u00e3o e Lucidez&#8221; &#8211; CEBB BH Ensinamentos com Lama Padma Samten no Retiro &#8220;A Pr\u00e1tica<\/p>\n\t\t<\/div>\n\t\t\t\t\t<div class=\"elementor-post__read-more-wrapper\">\n\t\t\n\t\t<a class=\"elementor-post__read-more\" href=\"https:\/\/acaoparamita.com.br\/en\/a-pratica-budista-da-meditacao-e-lucidez\/\" aria-label=\"Read more about Retiro &#8220;A Pr\u00e1tica Budista da Medita\u00e7\u00e3o e Lucidez&#8221;\" tabindex=\"-1\" target=\"_blank\">\n\t\t\tAcessar \u00bb\t\t<\/a>\n\n\t\t\t\t\t<\/div>\n\t\t\t\t<\/div>\n\t\t\t\t\t<\/div>\n\t\t<\/article>\n\t\t\t\t<article class=\"elementor-post elementor-grid-item post-12715 post type-post status-publish format-standard has-post-thumbnail hentry category-aprofundamento category-bikkhuboddhi category-caminho-do-meio category-linha-tematica-especial category-linha-tematica-ii category-pagina-acompanhamento-interna category-sul category-sutta-sutra-buda tag-buda tag-sociedade\" role=\"listitem\">\n\t\t\t<div class=\"elementor-post__card\">\n\t\t\t\t<a class=\"elementor-post__thumbnail__link\" href=\"https:\/\/acaoparamita.com.br\/en\/nossa-existencia-o-mundo-o-buda-o-darma-e-a-sociedade\/\" tabindex=\"-1\" target=\"_blank\"><div class=\"elementor-post__thumbnail\"><img decoding=\"async\" width=\"2048\" height=\"1365\" src=\"https:\/\/i0.wp.com\/acaoparamita.com.br\/wp-content\/uploads\/2024\/05\/capa-post-site-min.png?fit=2048%2C1365&amp;ssl=1\" class=\"attachment-full size-full wp-image-12714\" alt=\"\" srcset=\"https:\/\/i0.wp.com\/acaoparamita.com.br\/wp-content\/uploads\/2024\/05\/capa-post-site-min.png?w=2048&amp;ssl=1 2048w, https:\/\/i0.wp.com\/acaoparamita.com.br\/wp-content\/uploads\/2024\/05\/capa-post-site-min.png?resize=300%2C200&amp;ssl=1 300w, https:\/\/i0.wp.com\/acaoparamita.com.br\/wp-content\/uploads\/2024\/05\/capa-post-site-min.png?resize=1024%2C683&amp;ssl=1 1024w, https:\/\/i0.wp.com\/acaoparamita.com.br\/wp-content\/uploads\/2024\/05\/capa-post-site-min.png?resize=768%2C512&amp;ssl=1 768w, https:\/\/i0.wp.com\/acaoparamita.com.br\/wp-content\/uploads\/2024\/05\/capa-post-site-min.png?resize=1536%2C1024&amp;ssl=1 1536w, https:\/\/i0.wp.com\/acaoparamita.com.br\/wp-content\/uploads\/2024\/05\/capa-post-site-min.png?resize=18%2C12&amp;ssl=1 18w, https:\/\/i0.wp.com\/acaoparamita.com.br\/wp-content\/uploads\/2024\/05\/capa-post-site-min.png?resize=600%2C400&amp;ssl=1 600w, https:\/\/i0.wp.com\/acaoparamita.com.br\/wp-content\/uploads\/2024\/05\/capa-post-site-min.png?w=1600&amp;ssl=1 1600w\" sizes=\"(max-width: 800px) 100vw, 800px\" \/><\/div><\/a>\n\t\t\t\t<div class=\"elementor-post__text\">\n\t\t\t\t<h3 class=\"elementor-post__title\">\n\t\t\t<a href=\"https:\/\/acaoparamita.com.br\/en\/nossa-existencia-o-mundo-o-buda-o-darma-e-a-sociedade\/\" target=\"&quot;_blank&quot;\">\n\t\t\t\tNossa Exist\u00eancia, o Mundo, o Buda, o Darma e a Sociedade\t\t\t<\/a>\n\t\t<\/h3>\n\t\t\t\t<div class=\"elementor-post__excerpt\">\n\t\t\t<p>Estudo de Aprofundamento &#8220;Nossa Exist\u00eancia, o Mundo, o Buda, o Darma e a Sociedade&#8221; Ensinamentos com Lama Padma Samten no<\/p>\n\t\t<\/div>\n\t\t\t\t\t<div class=\"elementor-post__read-more-wrapper\">\n\t\t\n\t\t<a class=\"elementor-post__read-more\" href=\"https:\/\/acaoparamita.com.br\/en\/nossa-existencia-o-mundo-o-buda-o-darma-e-a-sociedade\/\" aria-label=\"Read more about Nossa Exist\u00eancia, o Mundo, o Buda, o Darma e a Sociedade\" tabindex=\"-1\" target=\"_blank\">\n\t\t\tAcessar \u00bb\t\t<\/a>\n\n\t\t\t\t\t<\/div>\n\t\t\t\t<\/div>\n\t\t\t\t\t<\/div>\n\t\t<\/article>\n\t\t\t\t<article class=\"elementor-post elementor-grid-item post-12294 post type-post status-publish format-standard has-post-thumbnail hentry category-iluminacao-sabedoria-primordial category-budismo-na-vida-cotidiana category-dudjomrinpoche category-linha-tematica-especial category-linha-tematica-ii category-meditacao category-pagina-acompanhamento-interna category-21-itens category-retiros-fds category-sukhavati category-sul category-tapussa-sutta category-visao tag-acao-no-mundo tag-meditacao\" role=\"listitem\">\n\t\t\t<div class=\"elementor-post__card\">\n\t\t\t\t<a class=\"elementor-post__thumbnail__link\" href=\"https:\/\/acaoparamita.com.br\/en\/seculo-xxi-visao-meditacao-acao-no-mundo-budismo\/\" tabindex=\"-1\" target=\"_blank\"><div class=\"elementor-post__thumbnail\"><img fetchpriority=\"high\" decoding=\"async\" width=\"960\" height=\"643\" src=\"https:\/\/i0.wp.com\/acaoparamita.com.br\/wp-content\/uploads\/2023\/08\/lama-7.jpg?fit=960%2C643&amp;ssl=1\" class=\"attachment-full size-full wp-image-9945\" alt=\"\" srcset=\"https:\/\/i0.wp.com\/acaoparamita.com.br\/wp-content\/uploads\/2023\/08\/lama-7.jpg?w=960&amp;ssl=1 960w, https:\/\/i0.wp.com\/acaoparamita.com.br\/wp-content\/uploads\/2023\/08\/lama-7.jpg?resize=600%2C402&amp;ssl=1 600w, https:\/\/i0.wp.com\/acaoparamita.com.br\/wp-content\/uploads\/2023\/08\/lama-7.jpg?resize=300%2C201&amp;ssl=1 300w, https:\/\/i0.wp.com\/acaoparamita.com.br\/wp-content\/uploads\/2023\/08\/lama-7.jpg?resize=768%2C514&amp;ssl=1 768w, https:\/\/i0.wp.com\/acaoparamita.com.br\/wp-content\/uploads\/2023\/08\/lama-7.jpg?resize=18%2C12&amp;ssl=1 18w\" sizes=\"(max-width: 800px) 100vw, 800px\" \/><\/div><\/a>\n\t\t\t\t<div class=\"elementor-post__text\">\n\t\t\t\t<h3 class=\"elementor-post__title\">\n\t\t\t<a href=\"https:\/\/acaoparamita.com.br\/en\/seculo-xxi-visao-meditacao-acao-no-mundo-budismo\/\" target=\"&quot;_blank&quot;\">\n\t\t\t\tRetiro &#8220;S\u00e9culo XXI \u2013 Vis\u00e3o, Medita\u00e7\u00e3o e A\u00e7\u00e3o no Budismo&#8221;\t\t\t<\/a>\n\t\t<\/h3>\n\t\t\t\t<div class=\"elementor-post__excerpt\">\n\t\t\t<p>Retiro &#8220;S\u00e9culo XXI \u2013 Vis\u00e3o, Medita\u00e7\u00e3o e A\u00e7\u00e3o no Budismo&#8221; Ensinamentos com Lama Padma Samten no Retiro &#8220;S\u00e9culo XXI \u2013<\/p>\n\t\t<\/div>\n\t\t\t\t\t<div class=\"elementor-post__read-more-wrapper\">\n\t\t\n\t\t<a class=\"elementor-post__read-more\" href=\"https:\/\/acaoparamita.com.br\/en\/seculo-xxi-visao-meditacao-acao-no-mundo-budismo\/\" aria-label=\"Read more about Retiro &#8220;S\u00e9culo XXI \u2013 Vis\u00e3o, Medita\u00e7\u00e3o e A\u00e7\u00e3o no Budismo&#8221;\" tabindex=\"-1\" target=\"_blank\">\n\t\t\tAcessar \u00bb\t\t<\/a>\n\n\t\t\t\t\t<\/div>\n\t\t\t\t<\/div>\n\t\t\t\t\t<\/div>\n\t\t<\/article>\n\t\t\t\t<article class=\"elementor-post elementor-grid-item post-12143 post type-post status-publish format-standard has-post-thumbnail hentry category-bikkhuboddhi category-joinville category-linha-tematica-especial category-linha-tematica-ii category-meditacao category-pagina-acompanhamento-interna category-retiros-fds category-sul category-sutta-sutra-buda tag-meditacao tag-sabedoria\" role=\"listitem\">\n\t\t\t<div class=\"elementor-post__card\">\n\t\t\t\t<a class=\"elementor-post__thumbnail__link\" href=\"https:\/\/acaoparamita.com.br\/en\/minirretiro-o-caminho-budista-meditacao-sabedoria\/\" tabindex=\"-1\" target=\"_blank\"><div class=\"elementor-post__thumbnail\"><img fetchpriority=\"high\" decoding=\"async\" width=\"960\" height=\"643\" src=\"https:\/\/i0.wp.com\/acaoparamita.com.br\/wp-content\/uploads\/2023\/08\/lama-7.jpg?fit=960%2C643&amp;ssl=1\" class=\"attachment-full size-full wp-image-9945\" alt=\"\" srcset=\"https:\/\/i0.wp.com\/acaoparamita.com.br\/wp-content\/uploads\/2023\/08\/lama-7.jpg?w=960&amp;ssl=1 960w, https:\/\/i0.wp.com\/acaoparamita.com.br\/wp-content\/uploads\/2023\/08\/lama-7.jpg?resize=600%2C402&amp;ssl=1 600w, https:\/\/i0.wp.com\/acaoparamita.com.br\/wp-content\/uploads\/2023\/08\/lama-7.jpg?resize=300%2C201&amp;ssl=1 300w, https:\/\/i0.wp.com\/acaoparamita.com.br\/wp-content\/uploads\/2023\/08\/lama-7.jpg?resize=768%2C514&amp;ssl=1 768w, https:\/\/i0.wp.com\/acaoparamita.com.br\/wp-content\/uploads\/2023\/08\/lama-7.jpg?resize=18%2C12&amp;ssl=1 18w\" sizes=\"(max-width: 800px) 100vw, 800px\" \/><\/div><\/a>\n\t\t\t\t<div class=\"elementor-post__text\">\n\t\t\t\t<h3 class=\"elementor-post__title\">\n\t\t\t<a href=\"https:\/\/acaoparamita.com.br\/en\/minirretiro-o-caminho-budista-meditacao-sabedoria\/\" target=\"&quot;_blank&quot;\">\n\t\t\t\tMinirretiro &#8220;O Caminho Budista de Medita\u00e7\u00e3o e Sabedoria&#8221; no CEBB Joinville\t\t\t<\/a>\n\t\t<\/h3>\n\t\t\t\t<div class=\"elementor-post__excerpt\">\n\t\t\t<p>Minirretiro &#8220;O Caminho Budista de Medita\u00e7\u00e3o e Sabedoria&#8221; P\u00e1gina de Acompanhamento do minirretiro com Lama Padma Samten no CEBB Joinville<\/p>\n\t\t<\/div>\n\t\t\t\t\t<div class=\"elementor-post__read-more-wrapper\">\n\t\t\n\t\t<a class=\"elementor-post__read-more\" href=\"https:\/\/acaoparamita.com.br\/en\/minirretiro-o-caminho-budista-meditacao-sabedoria\/\" aria-label=\"Read more about Minirretiro &#8220;O Caminho Budista de Medita\u00e7\u00e3o e Sabedoria&#8221; no CEBB Joinville\" tabindex=\"-1\" target=\"_blank\">\n\t\t\tAcessar \u00bb\t\t<\/a>\n\n\t\t\t\t\t<\/div>\n\t\t\t\t<\/div>\n\t\t\t\t\t<\/div>\n\t\t<\/article>\n\t\t\t\t<article class=\"elementor-post elementor-grid-item post-11907 post type-post status-publish format-standard has-post-thumbnail hentry category-aprofundamento category-bikkhuboddhi category-caminho-do-meio category-linha-tematica-especial category-linha-tematica-ii category-pagina-acompanhamento-interna category-sul category-sutta-sutra-buda category-visao tag-nirvana tag-realizacao\" role=\"listitem\">\n\t\t\t<div class=\"elementor-post__card\">\n\t\t\t\t<a class=\"elementor-post__thumbnail__link\" href=\"https:\/\/acaoparamita.com.br\/en\/sabedoria-nirvana-realizacao\/\" tabindex=\"-1\" target=\"_blank\"><div class=\"elementor-post__thumbnail\"><img fetchpriority=\"high\" decoding=\"async\" width=\"960\" height=\"643\" src=\"https:\/\/i0.wp.com\/acaoparamita.com.br\/wp-content\/uploads\/2023\/08\/lama-7.jpg?fit=960%2C643&amp;ssl=1\" class=\"attachment-full size-full wp-image-9945\" alt=\"\" srcset=\"https:\/\/i0.wp.com\/acaoparamita.com.br\/wp-content\/uploads\/2023\/08\/lama-7.jpg?w=960&amp;ssl=1 960w, https:\/\/i0.wp.com\/acaoparamita.com.br\/wp-content\/uploads\/2023\/08\/lama-7.jpg?resize=600%2C402&amp;ssl=1 600w, https:\/\/i0.wp.com\/acaoparamita.com.br\/wp-content\/uploads\/2023\/08\/lama-7.jpg?resize=300%2C201&amp;ssl=1 300w, https:\/\/i0.wp.com\/acaoparamita.com.br\/wp-content\/uploads\/2023\/08\/lama-7.jpg?resize=768%2C514&amp;ssl=1 768w, https:\/\/i0.wp.com\/acaoparamita.com.br\/wp-content\/uploads\/2023\/08\/lama-7.jpg?resize=18%2C12&amp;ssl=1 18w\" sizes=\"(max-width: 800px) 100vw, 800px\" \/><\/div><\/a>\n\t\t\t\t<div class=\"elementor-post__text\">\n\t\t\t\t<h3 class=\"elementor-post__title\">\n\t\t\t<a href=\"https:\/\/acaoparamita.com.br\/en\/sabedoria-nirvana-realizacao\/\" target=\"&quot;_blank&quot;\">\n\t\t\t\tSabedoria, Nirvana, Etapas de Realiza\u00e7\u00e3o\t\t\t<\/a>\n\t\t<\/h3>\n\t\t\t\t<div class=\"elementor-post__excerpt\">\n\t\t\t<p>Estudo de Aprofundamento &#8220;Sabedoria, Nirvana, Etapas de Realiza\u00e7\u00e3o&#8221; Ensinamentos com Lama Padma Samten no Estudo de Aprofundamento &#8220;Sabedoria, Nirvana, Etapas<\/p>\n\t\t<\/div>\n\t\t\t\t\t<div class=\"elementor-post__read-more-wrapper\">\n\t\t\n\t\t<a class=\"elementor-post__read-more\" href=\"https:\/\/acaoparamita.com.br\/en\/sabedoria-nirvana-realizacao\/\" aria-label=\"Read more about Sabedoria, Nirvana, Etapas de Realiza\u00e7\u00e3o\" tabindex=\"-1\" target=\"_blank\">\n\t\t\tAcessar \u00bb\t\t<\/a>\n\n\t\t\t\t\t<\/div>\n\t\t\t\t<\/div>\n\t\t\t\t\t<\/div>\n\t\t<\/article>\n\t\t\t\t<article class=\"elementor-post elementor-grid-item post-11538 post type-post status-publish format-standard has-post-thumbnail hentry category-budismo-na-vida-cotidiana category-linha-tematica-especial category-linha-tematica-ii category-mendjila category-pagina-acompanhamento-interna category-retiros-fds category-sul tag-terras-puras\" role=\"listitem\">\n\t\t\t<div class=\"elementor-post__card\">\n\t\t\t\t<a class=\"elementor-post__thumbnail__link\" href=\"https:\/\/acaoparamita.com.br\/en\/as-terras-puras-e-o-caminho-gradual\/\" tabindex=\"-1\" target=\"_blank\"><div class=\"elementor-post__thumbnail\"><img fetchpriority=\"high\" decoding=\"async\" width=\"960\" height=\"643\" src=\"https:\/\/i0.wp.com\/acaoparamita.com.br\/wp-content\/uploads\/2023\/08\/lama-7.jpg?fit=960%2C643&amp;ssl=1\" class=\"attachment-full size-full wp-image-9945\" alt=\"\" srcset=\"https:\/\/i0.wp.com\/acaoparamita.com.br\/wp-content\/uploads\/2023\/08\/lama-7.jpg?w=960&amp;ssl=1 960w, https:\/\/i0.wp.com\/acaoparamita.com.br\/wp-content\/uploads\/2023\/08\/lama-7.jpg?resize=600%2C402&amp;ssl=1 600w, https:\/\/i0.wp.com\/acaoparamita.com.br\/wp-content\/uploads\/2023\/08\/lama-7.jpg?resize=300%2C201&amp;ssl=1 300w, https:\/\/i0.wp.com\/acaoparamita.com.br\/wp-content\/uploads\/2023\/08\/lama-7.jpg?resize=768%2C514&amp;ssl=1 768w, https:\/\/i0.wp.com\/acaoparamita.com.br\/wp-content\/uploads\/2023\/08\/lama-7.jpg?resize=18%2C12&amp;ssl=1 18w\" sizes=\"(max-width: 800px) 100vw, 800px\" \/><\/div><\/a>\n\t\t\t\t<div class=\"elementor-post__text\">\n\t\t\t\t<h3 class=\"elementor-post__title\">\n\t\t\t<a href=\"https:\/\/acaoparamita.com.br\/en\/as-terras-puras-e-o-caminho-gradual\/\" target=\"&quot;_blank&quot;\">\n\t\t\t\tRetiro &#8220;As terras puras e o caminho gradual&#8221;\t\t\t<\/a>\n\t\t<\/h3>\n\t\t\t\t<div class=\"elementor-post__excerpt\">\n\t\t\t<p>Retiro &#8220;As terras puras e o caminho gradual&#8221; Ensinamentos com Lama Padma Samten no Retiro &#8220;As terras puras e o<\/p>\n\t\t<\/div>\n\t\t\t\t\t<div class=\"elementor-post__read-more-wrapper\">\n\t\t\n\t\t<a class=\"elementor-post__read-more\" href=\"https:\/\/acaoparamita.com.br\/en\/as-terras-puras-e-o-caminho-gradual\/\" aria-label=\"Read more about Retiro &#8220;As terras puras e o caminho gradual&#8221;\" tabindex=\"-1\" target=\"_blank\">\n\t\t\tAcessar \u00bb\t\t<\/a>\n\n\t\t\t\t\t<\/div>\n\t\t\t\t<\/div>\n\t\t\t\t\t<\/div>\n\t\t<\/article>\n\t\t\t\t<article class=\"elementor-post elementor-grid-item post-11518 post type-post status-publish format-standard has-post-thumbnail hentry category-iluminacao-sabedoria-primordial category-aprofundamento category-bikkhuboddhi category-dudjomrinpoche category-linha-tematica-especial category-meditacao category-retiros-verao category-satipatana-sutta category-sem-categoria category-sul category-sutta-sutra-buda tag-cebb-akanishta tag-cebb-bacupari tag-retiro-verao-2024\" role=\"listitem\">\n\t\t\t<div class=\"elementor-post__card\">\n\t\t\t\t<a class=\"elementor-post__thumbnail__link\" href=\"https:\/\/acaoparamita.com.br\/en\/pagina-de-acompanhamento-retiro-de-verao-cebb-akanishta-bacupari-2024\/\" tabindex=\"-1\" target=\"_blank\"><div class=\"elementor-post__thumbnail\"><img loading=\"lazy\" decoding=\"async\" width=\"2560\" height=\"1714\" src=\"https:\/\/i0.wp.com\/acaoparamita.com.br\/wp-content\/uploads\/2024\/02\/21146782331_8ab4f8a0d0_o-scaled.jpg?fit=2560%2C1714&amp;ssl=1\" class=\"attachment-full size-full wp-image-10897\" alt=\"\" srcset=\"https:\/\/i0.wp.com\/acaoparamita.com.br\/wp-content\/uploads\/2024\/02\/21146782331_8ab4f8a0d0_o-scaled.jpg?w=2560&amp;ssl=1 2560w, https:\/\/i0.wp.com\/acaoparamita.com.br\/wp-content\/uploads\/2024\/02\/21146782331_8ab4f8a0d0_o-scaled.jpg?resize=300%2C201&amp;ssl=1 300w, https:\/\/i0.wp.com\/acaoparamita.com.br\/wp-content\/uploads\/2024\/02\/21146782331_8ab4f8a0d0_o-scaled.jpg?resize=1024%2C685&amp;ssl=1 1024w, https:\/\/i0.wp.com\/acaoparamita.com.br\/wp-content\/uploads\/2024\/02\/21146782331_8ab4f8a0d0_o-scaled.jpg?resize=768%2C514&amp;ssl=1 768w, https:\/\/i0.wp.com\/acaoparamita.com.br\/wp-content\/uploads\/2024\/02\/21146782331_8ab4f8a0d0_o-scaled.jpg?resize=1536%2C1028&amp;ssl=1 1536w, https:\/\/i0.wp.com\/acaoparamita.com.br\/wp-content\/uploads\/2024\/02\/21146782331_8ab4f8a0d0_o-scaled.jpg?resize=2048%2C1371&amp;ssl=1 2048w, https:\/\/i0.wp.com\/acaoparamita.com.br\/wp-content\/uploads\/2024\/02\/21146782331_8ab4f8a0d0_o-scaled.jpg?resize=18%2C12&amp;ssl=1 18w, https:\/\/i0.wp.com\/acaoparamita.com.br\/wp-content\/uploads\/2024\/02\/21146782331_8ab4f8a0d0_o-scaled.jpg?resize=600%2C402&amp;ssl=1 600w, https:\/\/i0.wp.com\/acaoparamita.com.br\/wp-content\/uploads\/2024\/02\/21146782331_8ab4f8a0d0_o-scaled.jpg?w=1600&amp;ssl=1 1600w, https:\/\/i0.wp.com\/acaoparamita.com.br\/wp-content\/uploads\/2024\/02\/21146782331_8ab4f8a0d0_o-scaled.jpg?w=2400&amp;ssl=1 2400w\" sizes=\"(max-width: 800px) 100vw, 800px\" \/><\/div><\/a>\n\t\t\t\t<div class=\"elementor-post__text\">\n\t\t\t\t<h3 class=\"elementor-post__title\">\n\t\t\t<a href=\"https:\/\/acaoparamita.com.br\/en\/pagina-de-acompanhamento-retiro-de-verao-cebb-akanishta-bacupari-2024\/\" target=\"&quot;_blank&quot;\">\n\t\t\t\tRetiro de Ver\u00e3o 2024 | CEBB Akanishta\t\t\t<\/a>\n\t\t<\/h3>\n\t\t\t\t<div class=\"elementor-post__excerpt\">\n\t\t\t<p>Ensinamentos com Lama Padma Samten no Retiro de Ver\u00e3o 2024 no CEBB Akanishta\/2024, transmitido ao vivo no per\u00edodo de 23.02<\/p>\n\t\t<\/div>\n\t\t\t\t\t<div class=\"elementor-post__read-more-wrapper\">\n\t\t\n\t\t<a class=\"elementor-post__read-more\" href=\"https:\/\/acaoparamita.com.br\/en\/pagina-de-acompanhamento-retiro-de-verao-cebb-akanishta-bacupari-2024\/\" aria-label=\"Read more about Retiro de Ver\u00e3o 2024 | CEBB Akanishta\" tabindex=\"-1\" target=\"_blank\">\n\t\t\tAcessar \u00bb\t\t<\/a>\n\n\t\t\t\t\t<\/div>\n\t\t\t\t<\/div>\n\t\t\t\t\t<\/div>\n\t\t<\/article>\n\t\t\t\t<article class=\"elementor-post elementor-grid-item post-11025 post type-post status-publish format-standard has-post-thumbnail hentry category-belem category-budismo-na-vida-cotidiana category-linha-tematica-especial category-linha-tematica-ii category-norte category-pagina-acompanhamento-interna category-21-itens category-retiros-fds category-sadana tag-prajnaparamita\" role=\"listitem\">\n\t\t\t<div class=\"elementor-post__card\">\n\t\t\t\t<a class=\"elementor-post__thumbnail__link\" href=\"https:\/\/acaoparamita.com.br\/en\/sutra-do-coracao-introducao-ao-budismo\/\" tabindex=\"-1\" target=\"_blank\"><div class=\"elementor-post__thumbnail\"><img loading=\"lazy\" decoding=\"async\" width=\"960\" height=\"1280\" src=\"https:\/\/i0.wp.com\/acaoparamita.com.br\/wp-content\/uploads\/2024\/03\/Lama-Belem.jpeg?fit=960%2C1280&amp;ssl=1\" class=\"attachment-full size-full wp-image-12251\" alt=\"\" srcset=\"https:\/\/i0.wp.com\/acaoparamita.com.br\/wp-content\/uploads\/2024\/03\/Lama-Belem.jpeg?w=960&amp;ssl=1 960w, https:\/\/i0.wp.com\/acaoparamita.com.br\/wp-content\/uploads\/2024\/03\/Lama-Belem.jpeg?resize=225%2C300&amp;ssl=1 225w, https:\/\/i0.wp.com\/acaoparamita.com.br\/wp-content\/uploads\/2024\/03\/Lama-Belem.jpeg?resize=768%2C1024&amp;ssl=1 768w, https:\/\/i0.wp.com\/acaoparamita.com.br\/wp-content\/uploads\/2024\/03\/Lama-Belem.jpeg?resize=9%2C12&amp;ssl=1 9w, https:\/\/i0.wp.com\/acaoparamita.com.br\/wp-content\/uploads\/2024\/03\/Lama-Belem.jpeg?resize=600%2C800&amp;ssl=1 600w\" sizes=\"(max-width: 800px) 100vw, 800px\" \/><\/div><\/a>\n\t\t\t\t<div class=\"elementor-post__text\">\n\t\t\t\t<h3 class=\"elementor-post__title\">\n\t\t\t<a href=\"https:\/\/acaoparamita.com.br\/en\/sutra-do-coracao-introducao-ao-budismo\/\" target=\"&quot;_blank&quot;\">\n\t\t\t\tMinirretiro: &#8220;Sutra do Cora\u00e7\u00e3o: Introdu\u00e7\u00e3o ao Budismo&#8221;\t\t\t<\/a>\n\t\t<\/h3>\n\t\t\t\t<div class=\"elementor-post__excerpt\">\n\t\t\t<p>Minirretiro &#8220;Sutra do Cora\u00e7\u00e3o: Introdu\u00e7\u00e3o ao Budismo&#8221; Ensinamentos com Lama Padma Samten &#8220;Sutra do Cora\u00e7\u00e3o: Introdu\u00e7\u00e3o ao Budismo&#8221;, transmitido ao<\/p>\n\t\t<\/div>\n\t\t\t\t\t<div class=\"elementor-post__read-more-wrapper\">\n\t\t\n\t\t<a class=\"elementor-post__read-more\" href=\"https:\/\/acaoparamita.com.br\/en\/sutra-do-coracao-introducao-ao-budismo\/\" aria-label=\"Read more about Minirretiro: &#8220;Sutra do Cora\u00e7\u00e3o: Introdu\u00e7\u00e3o ao Budismo&#8221;\" tabindex=\"-1\" target=\"_blank\">\n\t\t\tAcessar \u00bb\t\t<\/a>\n\n\t\t\t\t\t<\/div>\n\t\t\t\t<\/div>\n\t\t\t\t\t<\/div>\n\t\t<\/article>\n\t\t\t\t<article class=\"elementor-post elementor-grid-item post-10956 post type-post status-publish format-standard has-post-thumbnail hentry category-darmata category-linha-tematica-especial category-linha-tematica-ii category-meditacao category-nordeste category-pagina-acompanhamento-interna category-retiros-fds tag-145 tag-cebb-darmata tag-energia\" role=\"listitem\">\n\t\t\t<div class=\"elementor-post__card\">\n\t\t\t\t<a class=\"elementor-post__thumbnail__link\" href=\"https:\/\/acaoparamita.com.br\/en\/compreensao-liberacao-mente-energia-emocoes\/\" tabindex=\"-1\" target=\"_blank\"><div class=\"elementor-post__thumbnail\"><img fetchpriority=\"high\" decoding=\"async\" width=\"960\" height=\"643\" src=\"https:\/\/i0.wp.com\/acaoparamita.com.br\/wp-content\/uploads\/2023\/08\/lama-7.jpg?fit=960%2C643&amp;ssl=1\" class=\"attachment-full size-full wp-image-9945\" alt=\"\" srcset=\"https:\/\/i0.wp.com\/acaoparamita.com.br\/wp-content\/uploads\/2023\/08\/lama-7.jpg?w=960&amp;ssl=1 960w, https:\/\/i0.wp.com\/acaoparamita.com.br\/wp-content\/uploads\/2023\/08\/lama-7.jpg?resize=600%2C402&amp;ssl=1 600w, https:\/\/i0.wp.com\/acaoparamita.com.br\/wp-content\/uploads\/2023\/08\/lama-7.jpg?resize=300%2C201&amp;ssl=1 300w, https:\/\/i0.wp.com\/acaoparamita.com.br\/wp-content\/uploads\/2023\/08\/lama-7.jpg?resize=768%2C514&amp;ssl=1 768w, https:\/\/i0.wp.com\/acaoparamita.com.br\/wp-content\/uploads\/2023\/08\/lama-7.jpg?resize=18%2C12&amp;ssl=1 18w\" sizes=\"(max-width: 800px) 100vw, 800px\" \/><\/div><\/a>\n\t\t\t\t<div class=\"elementor-post__text\">\n\t\t\t\t<h3 class=\"elementor-post__title\">\n\t\t\t<a href=\"https:\/\/acaoparamita.com.br\/en\/compreensao-liberacao-mente-energia-emocoes\/\" target=\"&quot;_blank&quot;\">\n\t\t\t\tRetiro &#8220;A Compreens\u00e3o e Libera\u00e7\u00e3o da Mente, da Energia e das Emo\u00e7\u00f5es&#8221; CEBB Darmata\t\t\t<\/a>\n\t\t<\/h3>\n\t\t\t\t<div class=\"elementor-post__excerpt\">\n\t\t\t<p>Retiro &#8220;A Compreens\u00e3o e Libera\u00e7\u00e3o da Mente, da Energia e das Emo\u00e7\u00f5es&#8221; Ensinamentos com Lama Padma Samten no Retiro &#8220;A<\/p>\n\t\t<\/div>\n\t\t\t\t\t<div class=\"elementor-post__read-more-wrapper\">\n\t\t\n\t\t<a class=\"elementor-post__read-more\" href=\"https:\/\/acaoparamita.com.br\/en\/compreensao-liberacao-mente-energia-emocoes\/\" aria-label=\"Read more about Retiro &#8220;A Compreens\u00e3o e Libera\u00e7\u00e3o da Mente, da Energia e das Emo\u00e7\u00f5es&#8221; CEBB Darmata\" tabindex=\"-1\" target=\"_blank\">\n\t\t\tAcessar \u00bb\t\t<\/a>\n\n\t\t\t\t\t<\/div>\n\t\t\t\t<\/div>\n\t\t\t\t\t<\/div>\n\t\t<\/article>\n\t\t\t\t<article class=\"elementor-post elementor-grid-item post-9002 post type-post status-publish format-standard has-post-thumbnail hentry category-aprofundamento category-bikkhuboddhi category-caminho-do-meio category-linha-tematica-especial category-meditacao category-pagina-acompanhamento-interna category-sul category-sutta-sutra-buda tag-145 tag-cebb-caminho-do-meio\" role=\"listitem\">\n\t\t\t<div class=\"elementor-post__card\">\n\t\t\t\t<a class=\"elementor-post__thumbnail__link\" href=\"https:\/\/acaoparamita.com.br\/en\/iluminando-mente-de-sabedoria\/\" tabindex=\"-1\" target=\"_blank\"><div class=\"elementor-post__thumbnail\"><img loading=\"lazy\" decoding=\"async\" width=\"681\" height=\"475\" src=\"https:\/\/i0.wp.com\/acaoparamita.com.br\/wp-content\/uploads\/2024\/03\/livro-nas-palavras-do-Buda-e1713545615843.jpg?fit=681%2C475&amp;ssl=1\" class=\"attachment-full size-full wp-image-12263\" alt=\"\" srcset=\"https:\/\/i0.wp.com\/acaoparamita.com.br\/wp-content\/uploads\/2024\/03\/livro-nas-palavras-do-Buda-e1713545615843.jpg?w=681&amp;ssl=1 681w, https:\/\/i0.wp.com\/acaoparamita.com.br\/wp-content\/uploads\/2024\/03\/livro-nas-palavras-do-Buda-e1713545615843.jpg?resize=300%2C209&amp;ssl=1 300w, https:\/\/i0.wp.com\/acaoparamita.com.br\/wp-content\/uploads\/2024\/03\/livro-nas-palavras-do-Buda-e1713545615843.jpg?resize=18%2C12&amp;ssl=1 18w, https:\/\/i0.wp.com\/acaoparamita.com.br\/wp-content\/uploads\/2024\/03\/livro-nas-palavras-do-Buda-e1713545615843.jpg?resize=600%2C419&amp;ssl=1 600w\" sizes=\"(max-width: 681px) 100vw, 681px\" \/><\/div><\/a>\n\t\t\t\t<div class=\"elementor-post__text\">\n\t\t\t\t<h3 class=\"elementor-post__title\">\n\t\t\t<a href=\"https:\/\/acaoparamita.com.br\/en\/iluminando-mente-de-sabedoria\/\" target=\"&quot;_blank&quot;\">\n\t\t\t\tIn-depth Study (apr\/24) - Shining the Light of Wisdom\t\t\t<\/a>\n\t\t<\/h3>\n\t\t\t\t<div class=\"elementor-post__excerpt\">\n\t\t\t<p>Estudo de Aprofundamento &#8220;Iluminando a Mente da Sabedoria&#8221; Ensinamentos com Lama Padma Samten no Estudo de Aprofundamento &#8220;Iluminando a Mente<\/p>\n\t\t<\/div>\n\t\t\t\t\t<div class=\"elementor-post__read-more-wrapper\">\n\t\t\n\t\t<a class=\"elementor-post__read-more\" href=\"https:\/\/acaoparamita.com.br\/en\/iluminando-mente-de-sabedoria\/\" aria-label=\"Read more about Estudo de Aprofundamento &#8211; Iluminando a Mente de Sabedoria\" tabindex=\"-1\" target=\"_blank\">\n\t\t\tAcessar \u00bb\t\t<\/a>\n\n\t\t\t\t\t<\/div>\n\t\t\t\t<\/div>\n\t\t\t\t\t<\/div>\n\t\t<\/article>\n\t\t\t\t<article class=\"elementor-post elementor-grid-item post-10728 post type-post status-publish format-standard has-post-thumbnail hentry category-caminho-do-meio category-linha-tematica-especial category-meditacao category-21-itens category-retiros-verao category-sul tag-cebb-caminho-do-meio tag-retiro-verao-2024\" role=\"listitem\">\n\t\t\t<div class=\"elementor-post__card\">\n\t\t\t\t<a class=\"elementor-post__thumbnail__link\" href=\"https:\/\/acaoparamita.com.br\/en\/elementor-10728\/\" tabindex=\"-1\" target=\"_blank\"><div class=\"elementor-post__thumbnail\"><img loading=\"lazy\" decoding=\"async\" width=\"800\" height=\"534\" src=\"https:\/\/i0.wp.com\/acaoparamita.com.br\/wp-content\/uploads\/2023\/08\/50899661772_bc86ff54ac_c.jpg?fit=800%2C534&amp;ssl=1\" class=\"attachment-full size-full wp-image-9891\" alt=\"\" srcset=\"https:\/\/i0.wp.com\/acaoparamita.com.br\/wp-content\/uploads\/2023\/08\/50899661772_bc86ff54ac_c.jpg?w=800&amp;ssl=1 800w, https:\/\/i0.wp.com\/acaoparamita.com.br\/wp-content\/uploads\/2023\/08\/50899661772_bc86ff54ac_c.jpg?resize=600%2C401&amp;ssl=1 600w, https:\/\/i0.wp.com\/acaoparamita.com.br\/wp-content\/uploads\/2023\/08\/50899661772_bc86ff54ac_c.jpg?resize=300%2C200&amp;ssl=1 300w, https:\/\/i0.wp.com\/acaoparamita.com.br\/wp-content\/uploads\/2023\/08\/50899661772_bc86ff54ac_c.jpg?resize=768%2C513&amp;ssl=1 768w, https:\/\/i0.wp.com\/acaoparamita.com.br\/wp-content\/uploads\/2023\/08\/50899661772_bc86ff54ac_c.jpg?resize=18%2C12&amp;ssl=1 18w\" sizes=\"(max-width: 800px) 100vw, 800px\" \/><\/div><\/a>\n\t\t\t\t<div class=\"elementor-post__text\">\n\t\t\t\t<h3 class=\"elementor-post__title\">\n\t\t\t<a href=\"https:\/\/acaoparamita.com.br\/en\/elementor-10728\/\" target=\"&quot;_blank&quot;\">\n\t\t\t\tRetiro de Ver\u00e3o 2024 | CEBB Caminho do Meio\t\t\t<\/a>\n\t\t<\/h3>\n\t\t\t\t<div class=\"elementor-post__excerpt\">\n\t\t\t<p>Ensinamentos com Lama Padma Samten no Retiro de Ver\u00e3o 2024 , transmitido ao vivo nos dia 10 a 18 de<\/p>\n\t\t<\/div>\n\t\t\t\t\t<div class=\"elementor-post__read-more-wrapper\">\n\t\t\n\t\t<a class=\"elementor-post__read-more\" href=\"https:\/\/acaoparamita.com.br\/en\/elementor-10728\/\" aria-label=\"Read more about Retiro de Ver\u00e3o 2024 | CEBB Caminho do Meio\" tabindex=\"-1\" target=\"_blank\">\n\t\t\tAcessar \u00bb\t\t<\/a>\n\n\t\t\t\t\t<\/div>\n\t\t\t\t<\/div>\n\t\t\t\t\t<\/div>\n\t\t<\/article>\n\t\t\t\t<article class=\"elementor-post elementor-grid-item post-10673 post type-post status-publish format-standard has-post-thumbnail hentry category-alto-paraiso category-budismo-na-vida-cotidiana category-centro-oeste category-linha-tematica-especial category-21-itens category-retiros-verao tag-145 tag-cebb-alto-paraiso tag-pacificar\" role=\"listitem\">\n\t\t\t<div class=\"elementor-post__card\">\n\t\t\t\t<a class=\"elementor-post__thumbnail__link\" href=\"https:\/\/acaoparamita.com.br\/en\/retiro-de-verao-alto-paraiso-2024\/\" tabindex=\"-1\" target=\"_blank\"><div class=\"elementor-post__thumbnail\"><img loading=\"lazy\" decoding=\"async\" width=\"1800\" height=\"1251\" src=\"https:\/\/i0.wp.com\/acaoparamita.com.br\/wp-content\/uploads\/2024\/02\/53509150731_06915b32a5_k.jpg?fit=1800%2C1251&amp;ssl=1\" class=\"attachment-full size-full wp-image-10675\" alt=\"\" srcset=\"https:\/\/i0.wp.com\/acaoparamita.com.br\/wp-content\/uploads\/2024\/02\/53509150731_06915b32a5_k.jpg?w=1800&amp;ssl=1 1800w, https:\/\/i0.wp.com\/acaoparamita.com.br\/wp-content\/uploads\/2024\/02\/53509150731_06915b32a5_k.jpg?resize=300%2C209&amp;ssl=1 300w, https:\/\/i0.wp.com\/acaoparamita.com.br\/wp-content\/uploads\/2024\/02\/53509150731_06915b32a5_k.jpg?resize=1024%2C712&amp;ssl=1 1024w, https:\/\/i0.wp.com\/acaoparamita.com.br\/wp-content\/uploads\/2024\/02\/53509150731_06915b32a5_k.jpg?resize=768%2C534&amp;ssl=1 768w, https:\/\/i0.wp.com\/acaoparamita.com.br\/wp-content\/uploads\/2024\/02\/53509150731_06915b32a5_k.jpg?resize=1536%2C1068&amp;ssl=1 1536w, https:\/\/i0.wp.com\/acaoparamita.com.br\/wp-content\/uploads\/2024\/02\/53509150731_06915b32a5_k.jpg?resize=18%2C12&amp;ssl=1 18w, https:\/\/i0.wp.com\/acaoparamita.com.br\/wp-content\/uploads\/2024\/02\/53509150731_06915b32a5_k.jpg?resize=600%2C417&amp;ssl=1 600w, https:\/\/i0.wp.com\/acaoparamita.com.br\/wp-content\/uploads\/2024\/02\/53509150731_06915b32a5_k.jpg?w=1600&amp;ssl=1 1600w\" sizes=\"(max-width: 800px) 100vw, 800px\" \/><\/div><\/a>\n\t\t\t\t<div class=\"elementor-post__text\">\n\t\t\t\t<h3 class=\"elementor-post__title\">\n\t\t\t<a href=\"https:\/\/acaoparamita.com.br\/en\/retiro-de-verao-alto-paraiso-2024\/\" target=\"&quot;_blank&quot;\">\n\t\t\t\tRetiro de Ver\u00e3o 2024 | CEBB Alto Para\u00edso\t\t\t<\/a>\n\t\t<\/h3>\n\t\t\t\t<div class=\"elementor-post__excerpt\">\n\t\t\t<p>Ensinamentos com Lama Padma Samten no Retiro Roteiro dos 21 Itens, transmitido ao vivo nos per\u00edodos de 23 a 26<\/p>\n\t\t<\/div>\n\t\t\t\t\t<div class=\"elementor-post__read-more-wrapper\">\n\t\t\n\t\t<a class=\"elementor-post__read-more\" href=\"https:\/\/acaoparamita.com.br\/en\/retiro-de-verao-alto-paraiso-2024\/\" aria-label=\"Read more about Retiro de Ver\u00e3o 2024 | CEBB Alto Para\u00edso\" tabindex=\"-1\" target=\"_blank\">\n\t\t\tAcessar \u00bb\t\t<\/a>\n\n\t\t\t\t\t<\/div>\n\t\t\t\t<\/div>\n\t\t\t\t\t<\/div>\n\t\t<\/article>\n\t\t\t\t<article class=\"elementor-post elementor-grid-item post-10496 post type-post status-publish format-standard has-post-thumbnail hentry category-iluminacao-sabedoria-primordial category-caminho-do-meio category-dudjomrinpoche category-linha-tematica-especial category-meditacao category-21-itens category-retiro-da-iluminacao-do-buda category-sul category-sutra-diamante tag-cebb-caminho-do-meio tag-retiro2023\" role=\"listitem\">\n\t\t\t<div class=\"elementor-post__card\">\n\t\t\t\t<a class=\"elementor-post__thumbnail__link\" href=\"https:\/\/acaoparamita.com.br\/en\/iluminacao-buda-2023\/\" tabindex=\"-1\" target=\"_blank\"><div class=\"elementor-post__thumbnail\"><img loading=\"lazy\" decoding=\"async\" width=\"300\" height=\"300\" src=\"https:\/\/i0.wp.com\/acaoparamita.com.br\/wp-content\/uploads\/2023\/03\/pintura-templo-300x300-1.png?fit=300%2C300&amp;ssl=1\" class=\"attachment-full size-full wp-image-7984\" alt=\"\" srcset=\"https:\/\/i0.wp.com\/acaoparamita.com.br\/wp-content\/uploads\/2023\/03\/pintura-templo-300x300-1.png?w=300&amp;ssl=1 300w, https:\/\/i0.wp.com\/acaoparamita.com.br\/wp-content\/uploads\/2023\/03\/pintura-templo-300x300-1.png?resize=100%2C100&amp;ssl=1 100w, https:\/\/i0.wp.com\/acaoparamita.com.br\/wp-content\/uploads\/2023\/03\/pintura-templo-300x300-1.png?resize=150%2C150&amp;ssl=1 150w\" sizes=\"(max-width: 300px) 100vw, 300px\" \/><\/div><\/a>\n\t\t\t\t<div class=\"elementor-post__text\">\n\t\t\t\t<h3 class=\"elementor-post__title\">\n\t\t\t<a href=\"https:\/\/acaoparamita.com.br\/en\/iluminacao-buda-2023\/\" target=\"&quot;_blank&quot;\">\n\t\t\t\tRetiro da Ilumina\u00e7\u00e3o do Buda 2023\t\t\t<\/a>\n\t\t<\/h3>\n\t\t\t\t<div class=\"elementor-post__excerpt\">\n\t\t\t<p>Ensinamentos com Lama Padma Samten no Retiro da Ilumina\u00e7\u00e3o do Buda 2023, transmitido ao vivo nos dia 1 a 8<\/p>\n\t\t<\/div>\n\t\t\t\t\t<div class=\"elementor-post__read-more-wrapper\">\n\t\t\n\t\t<a class=\"elementor-post__read-more\" href=\"https:\/\/acaoparamita.com.br\/en\/iluminacao-buda-2023\/\" aria-label=\"Read more about Retiro da Ilumina\u00e7\u00e3o do Buda 2023\" tabindex=\"-1\" target=\"_blank\">\n\t\t\tAcessar \u00bb\t\t<\/a>\n\n\t\t\t\t\t<\/div>\n\t\t\t\t<\/div>\n\t\t\t\t\t<\/div>\n\t\t<\/article>\n\t\t\t\t<article class=\"elementor-post elementor-grid-item post-10478 post type-post status-publish format-standard has-post-thumbnail hentry category-aprofundamento category-caminho-do-meio category-jamgon-mipham category-linha-tematica-especial category-moralidade category-sul tag-cebb-caminho-do-meio\" role=\"listitem\">\n\t\t\t<div class=\"elementor-post__card\">\n\t\t\t\t<a class=\"elementor-post__thumbnail__link\" href=\"https:\/\/acaoparamita.com.br\/en\/typeelementorsiteurlhttps-acaoparamita-com-br-wp-json-elementsidb8486e9eltypecontainerisinnerfalseislockedfalsesettingsflex_direct\/\" tabindex=\"-1\" target=\"_blank\"><div class=\"elementor-post__thumbnail\"><img loading=\"lazy\" decoding=\"async\" width=\"285\" height=\"350\" src=\"https:\/\/i0.wp.com\/acaoparamita.com.br\/wp-content\/uploads\/2023\/12\/Mipham-3.jpg?fit=285%2C350&amp;ssl=1\" class=\"attachment-full size-full wp-image-10686\" alt=\"\" srcset=\"https:\/\/i0.wp.com\/acaoparamita.com.br\/wp-content\/uploads\/2023\/12\/Mipham-3.jpg?w=285&amp;ssl=1 285w, https:\/\/i0.wp.com\/acaoparamita.com.br\/wp-content\/uploads\/2023\/12\/Mipham-3.jpg?resize=244%2C300&amp;ssl=1 244w, https:\/\/i0.wp.com\/acaoparamita.com.br\/wp-content\/uploads\/2023\/12\/Mipham-3.jpg?resize=10%2C12&amp;ssl=1 10w\" sizes=\"(max-width: 285px) 100vw, 285px\" \/><\/div><\/a>\n\t\t\t\t<div class=\"elementor-post__text\">\n\t\t\t\t<h3 class=\"elementor-post__title\">\n\t\t\t<a href=\"https:\/\/acaoparamita.com.br\/en\/typeelementorsiteurlhttps-acaoparamita-com-br-wp-json-elementsidb8486e9eltypecontainerisinnerfalseislockedfalsesettingsflex_direct\/\" target=\"&quot;_blank&quot;\">\n\t\t\t\tIn-depth Study (nov\/23) \u2013<br>\"Advices for a Balances and Prosperous Society\"<\/br>\t\t\t<\/a>\n\t\t<\/h3>\n\t\t\t\t<div class=\"elementor-post__excerpt\">\n\t\t\t<p>Estudo de Aprofundamento Conselhos para uma Sociedade Equilibrada e Pr\u00f3spera Ensinamentos com Lama Padma Samten no Estudo de Aprofundamento \u201cConselhos<\/p>\n\t\t<\/div>\n\t\t\t\t\t<div class=\"elementor-post__read-more-wrapper\">\n\t\t\n\t\t<a class=\"elementor-post__read-more\" href=\"https:\/\/acaoparamita.com.br\/en\/typeelementorsiteurlhttps-acaoparamita-com-br-wp-json-elementsidb8486e9eltypecontainerisinnerfalseislockedfalsesettingsflex_direct\/\" aria-label=\"Read more about Estudo de Aprofundamento &#8211; Conselhos para uma Sociedade Equilibrada e Pr\u00f3spera\" tabindex=\"-1\" target=\"_blank\">\n\t\t\tAcessar \u00bb\t\t<\/a>\n\n\t\t\t\t\t<\/div>\n\t\t\t\t<\/div>\n\t\t\t\t\t<\/div>\n\t\t<\/article>\n\t\t\t\t<article class=\"elementor-post elementor-grid-item post-10406 post type-post status-publish format-standard has-post-thumbnail hentry category-linha-tematica-especial category-lojong-os-oito-versos-que-transformam-a-mente category-retiros-fds category-sadana category-sao-paulo category-sudeste tag-cebb-sao-paulo tag-retiro2023\" role=\"listitem\">\n\t\t\t<div class=\"elementor-post__card\">\n\t\t\t\t<a class=\"elementor-post__thumbnail__link\" href=\"https:\/\/acaoparamita.com.br\/en\/retiro-os-oito-versos-que-transformam-a-mente\/\" tabindex=\"-1\" target=\"_blank\"><div class=\"elementor-post__thumbnail\"><img fetchpriority=\"high\" decoding=\"async\" width=\"960\" height=\"643\" src=\"https:\/\/i0.wp.com\/acaoparamita.com.br\/wp-content\/uploads\/2023\/08\/lama-7.jpg?fit=960%2C643&amp;ssl=1\" class=\"attachment-full size-full wp-image-9945\" alt=\"\" srcset=\"https:\/\/i0.wp.com\/acaoparamita.com.br\/wp-content\/uploads\/2023\/08\/lama-7.jpg?w=960&amp;ssl=1 960w, https:\/\/i0.wp.com\/acaoparamita.com.br\/wp-content\/uploads\/2023\/08\/lama-7.jpg?resize=600%2C402&amp;ssl=1 600w, https:\/\/i0.wp.com\/acaoparamita.com.br\/wp-content\/uploads\/2023\/08\/lama-7.jpg?resize=300%2C201&amp;ssl=1 300w, https:\/\/i0.wp.com\/acaoparamita.com.br\/wp-content\/uploads\/2023\/08\/lama-7.jpg?resize=768%2C514&amp;ssl=1 768w, https:\/\/i0.wp.com\/acaoparamita.com.br\/wp-content\/uploads\/2023\/08\/lama-7.jpg?resize=18%2C12&amp;ssl=1 18w\" sizes=\"(max-width: 800px) 100vw, 800px\" \/><\/div><\/a>\n\t\t\t\t<div class=\"elementor-post__text\">\n\t\t\t\t<h3 class=\"elementor-post__title\">\n\t\t\t<a href=\"https:\/\/acaoparamita.com.br\/en\/retiro-os-oito-versos-que-transformam-a-mente\/\" target=\"&quot;_blank&quot;\">\n\t\t\t\tWeekend Retreat (nov\/23) \u2013<br>\"Eight Verses for Training the Mind\"\t\t\t<\/a>\n\t\t<\/h3>\n\t\t\t\t<div class=\"elementor-post__excerpt\">\n\t\t\t<p>Ensinamentos com Lama Padma Samten em S\u00e3o Paulo &#8211; &#8220;Os oito versos que transformam a mente&#8221; &#8211; transmitido ao vivo<\/p>\n\t\t<\/div>\n\t\t\t\t\t<div class=\"elementor-post__read-more-wrapper\">\n\t\t\n\t\t<a class=\"elementor-post__read-more\" href=\"https:\/\/acaoparamita.com.br\/en\/retiro-os-oito-versos-que-transformam-a-mente\/\" aria-label=\"Read more about Retiro &#8220;Os oito versos que transformam a mente&#8221;\" tabindex=\"-1\" target=\"_blank\">\n\t\t\tAcessar \u00bb\t\t<\/a>\n\n\t\t\t\t\t<\/div>\n\t\t\t\t<\/div>\n\t\t\t\t\t<\/div>\n\t\t<\/article>\n\t\t\t\t<article class=\"elementor-post elementor-grid-item post-10021 post type-post status-publish format-standard has-post-thumbnail hentry category-aprofundamento category-caminho-do-meio category-linha-tematica-especial category-morte category-o-livro-tibetano-dos-mortos category-sul category-termasgururinpoche\" role=\"listitem\">\n\t\t\t<div class=\"elementor-post__card\">\n\t\t\t\t<a class=\"elementor-post__thumbnail__link\" href=\"https:\/\/acaoparamita.com.br\/en\/estudo-de-aprofundamento-lucidez-diante-do-bardo-da-morte\/\" tabindex=\"-1\" target=\"_blank\"><div class=\"elementor-post__thumbnail\"><img loading=\"lazy\" decoding=\"async\" width=\"501\" height=\"382\" src=\"https:\/\/i0.wp.com\/acaoparamita.com.br\/wp-content\/uploads\/2023\/08\/Screenshot-from-2023-08-19-09-20-15.png?fit=501%2C382&amp;ssl=1\" class=\"attachment-full size-full wp-image-10033\" alt=\"\" srcset=\"https:\/\/i0.wp.com\/acaoparamita.com.br\/wp-content\/uploads\/2023\/08\/Screenshot-from-2023-08-19-09-20-15.png?w=501&amp;ssl=1 501w, https:\/\/i0.wp.com\/acaoparamita.com.br\/wp-content\/uploads\/2023\/08\/Screenshot-from-2023-08-19-09-20-15.png?resize=300%2C229&amp;ssl=1 300w, https:\/\/i0.wp.com\/acaoparamita.com.br\/wp-content\/uploads\/2023\/08\/Screenshot-from-2023-08-19-09-20-15.png?resize=16%2C12&amp;ssl=1 16w\" sizes=\"(max-width: 501px) 100vw, 501px\" \/><\/div><\/a>\n\t\t\t\t<div class=\"elementor-post__text\">\n\t\t\t\t<h3 class=\"elementor-post__title\">\n\t\t\t<a href=\"https:\/\/acaoparamita.com.br\/en\/estudo-de-aprofundamento-lucidez-diante-do-bardo-da-morte\/\" target=\"&quot;_blank&quot;\">\n\t\t\t\tIn-depth Study (aug\/23) \u2013 <br>\"Awareness in the face of the Death Bardo | Part 1\"<\/br>\t\t\t<\/a>\n\t\t<\/h3>\n\t\t\t\t<div class=\"elementor-post__excerpt\">\n\t\t\t<p>Estudo de Aprofundamento &#8211; Lucidez Diante do Bardo da Morte (partes 1 e 2) Ensinamentos com Lama Padma Samten no<\/p>\n\t\t<\/div>\n\t\t\t\t\t<div class=\"elementor-post__read-more-wrapper\">\n\t\t\n\t\t<a class=\"elementor-post__read-more\" href=\"https:\/\/acaoparamita.com.br\/en\/estudo-de-aprofundamento-lucidez-diante-do-bardo-da-morte\/\" aria-label=\"Read more about Estudo de Aprofundamento &#8211; Lucidez Diante do Bardo da Morte\" tabindex=\"-1\" target=\"_blank\">\n\t\t\tAcessar \u00bb\t\t<\/a>\n\n\t\t\t\t\t<\/div>\n\t\t\t\t<\/div>\n\t\t\t\t\t<\/div>\n\t\t<\/article>\n\t\t\t\t<article class=\"elementor-post elementor-grid-item post-9965 post type-post status-publish format-standard has-post-thumbnail hentry category-iluminacao-sabedoria-primordial category-akanishta-bacupari category-anapanasati-sutta category-dudjomlingpa category-dudjomrinpoche category-linha-tematica-especial category-meditacao category-darma-tolo category-retiros-verao category-satipatana-sutta category-sul category-sutta-sutra-buda category-tapussa-sutta tag-bacupari tag-retiro2023\" role=\"listitem\">\n\t\t\t<div class=\"elementor-post__card\">\n\t\t\t\t<a class=\"elementor-post__thumbnail__link\" href=\"https:\/\/acaoparamita.com.br\/en\/retiro-a-meditacao-dos-jhanas\/\" tabindex=\"-1\" target=\"_blank\"><div class=\"elementor-post__thumbnail\"><img loading=\"lazy\" decoding=\"async\" width=\"799\" height=\"533\" src=\"https:\/\/i0.wp.com\/acaoparamita.com.br\/wp-content\/uploads\/2023\/08\/52576129273_c2d9b09d32_c.jpg?fit=799%2C533&amp;ssl=1\" class=\"attachment-full size-full wp-image-9964\" alt=\"\" srcset=\"https:\/\/i0.wp.com\/acaoparamita.com.br\/wp-content\/uploads\/2023\/08\/52576129273_c2d9b09d32_c.jpg?w=799&amp;ssl=1 799w, https:\/\/i0.wp.com\/acaoparamita.com.br\/wp-content\/uploads\/2023\/08\/52576129273_c2d9b09d32_c.jpg?resize=600%2C400&amp;ssl=1 600w, https:\/\/i0.wp.com\/acaoparamita.com.br\/wp-content\/uploads\/2023\/08\/52576129273_c2d9b09d32_c.jpg?resize=300%2C200&amp;ssl=1 300w, https:\/\/i0.wp.com\/acaoparamita.com.br\/wp-content\/uploads\/2023\/08\/52576129273_c2d9b09d32_c.jpg?resize=768%2C512&amp;ssl=1 768w, https:\/\/i0.wp.com\/acaoparamita.com.br\/wp-content\/uploads\/2023\/08\/52576129273_c2d9b09d32_c.jpg?resize=18%2C12&amp;ssl=1 18w\" sizes=\"(max-width: 799px) 100vw, 799px\" \/><\/div><\/a>\n\t\t\t\t<div class=\"elementor-post__text\">\n\t\t\t\t<h3 class=\"elementor-post__title\">\n\t\t\t<a href=\"https:\/\/acaoparamita.com.br\/en\/retiro-a-meditacao-dos-jhanas\/\" target=\"&quot;_blank&quot;\">\n\t\t\t\tRetiro de Ver\u00e3o 2023 #2 | CEBB Bacupari\t\t\t<\/a>\n\t\t<\/h3>\n\t\t\t\t<div class=\"elementor-post__excerpt\">\n\t\t\t<p>Ensinamentos com Lama Padma Samten no CEBB Bacopari &#8211; A Medita\u00e7\u00e3o dos Jhanas \u2013 transmitido ao vivo nos dias 22<\/p>\n\t\t<\/div>\n\t\t\t\t\t<div class=\"elementor-post__read-more-wrapper\">\n\t\t\n\t\t<a class=\"elementor-post__read-more\" href=\"https:\/\/acaoparamita.com.br\/en\/retiro-a-meditacao-dos-jhanas\/\" aria-label=\"Read more about Retiro de Ver\u00e3o 2023 #2 | CEBB Bacupari\" tabindex=\"-1\" target=\"_blank\">\n\t\t\tAcessar \u00bb\t\t<\/a>\n\n\t\t\t\t\t<\/div>\n\t\t\t\t<\/div>\n\t\t\t\t\t<\/div>\n\t\t<\/article>\n\t\t\t\t<article class=\"elementor-post elementor-grid-item post-9961 post type-post status-publish format-standard has-post-thumbnail hentry category-iluminacao-sabedoria-primordial category-akanishta-bacupari category-anapanasati-sutta category-linha-tematica-especial category-meditacao category-retiros-verao category-satipatana-sutta category-sul category-sutta-sutra-buda category-tapussa-sutta tag-bacupari tag-retiro2023\" role=\"listitem\">\n\t\t\t<div class=\"elementor-post__card\">\n\t\t\t\t<a class=\"elementor-post__thumbnail__link\" href=\"https:\/\/acaoparamita.com.br\/en\/acompanhamento-retiro-a-pratica-da-lucidez-rigpa-prajna-e-sati-bacopari-2023\/\" tabindex=\"-1\" target=\"_blank\"><div class=\"elementor-post__thumbnail\"><img loading=\"lazy\" decoding=\"async\" width=\"799\" height=\"533\" src=\"https:\/\/i0.wp.com\/acaoparamita.com.br\/wp-content\/uploads\/2023\/08\/52576129273_c2d9b09d32_c.jpg?fit=799%2C533&amp;ssl=1\" class=\"attachment-full size-full wp-image-9964\" alt=\"\" srcset=\"https:\/\/i0.wp.com\/acaoparamita.com.br\/wp-content\/uploads\/2023\/08\/52576129273_c2d9b09d32_c.jpg?w=799&amp;ssl=1 799w, https:\/\/i0.wp.com\/acaoparamita.com.br\/wp-content\/uploads\/2023\/08\/52576129273_c2d9b09d32_c.jpg?resize=600%2C400&amp;ssl=1 600w, https:\/\/i0.wp.com\/acaoparamita.com.br\/wp-content\/uploads\/2023\/08\/52576129273_c2d9b09d32_c.jpg?resize=300%2C200&amp;ssl=1 300w, https:\/\/i0.wp.com\/acaoparamita.com.br\/wp-content\/uploads\/2023\/08\/52576129273_c2d9b09d32_c.jpg?resize=768%2C512&amp;ssl=1 768w, https:\/\/i0.wp.com\/acaoparamita.com.br\/wp-content\/uploads\/2023\/08\/52576129273_c2d9b09d32_c.jpg?resize=18%2C12&amp;ssl=1 18w\" sizes=\"(max-width: 799px) 100vw, 799px\" \/><\/div><\/a>\n\t\t\t\t<div class=\"elementor-post__text\">\n\t\t\t\t<h3 class=\"elementor-post__title\">\n\t\t\t<a href=\"https:\/\/acaoparamita.com.br\/en\/acompanhamento-retiro-a-pratica-da-lucidez-rigpa-prajna-e-sati-bacopari-2023\/\" target=\"&quot;_blank&quot;\">\n\t\t\t\tRetiro de Ver\u00e3o 2023 #1 | CEBB Bacupari\t\t\t<\/a>\n\t\t<\/h3>\n\t\t\t\t<div class=\"elementor-post__excerpt\">\n\t\t\t<p>Ensinamentos com Lama Padma Samten no CEBB Bacopari &#8211; A Pr\u00e1tica da Lucidez Rigpa, Prajna e Sati &#8211; transmitido ao<\/p>\n\t\t<\/div>\n\t\t\t\t\t<div class=\"elementor-post__read-more-wrapper\">\n\t\t\n\t\t<a class=\"elementor-post__read-more\" href=\"https:\/\/acaoparamita.com.br\/en\/acompanhamento-retiro-a-pratica-da-lucidez-rigpa-prajna-e-sati-bacopari-2023\/\" aria-label=\"Read more about Retiro de Ver\u00e3o 2023 #1 | CEBB Bacupari\" tabindex=\"-1\" target=\"_blank\">\n\t\t\tAcessar \u00bb\t\t<\/a>\n\n\t\t\t\t\t<\/div>\n\t\t\t\t<\/div>\n\t\t\t\t\t<\/div>\n\t\t<\/article>\n\t\t\t\t<article class=\"elementor-post elementor-grid-item post-9957 post type-post status-publish format-standard has-post-thumbnail hentry category-budismo-na-vida-cotidiana category-caminho-do-meio category-linha-tematica-especial category-21-itens category-retiros-verao category-sul tag-cebb-caminho-do-meio tag-retiro2023\" role=\"listitem\">\n\t\t\t<div class=\"elementor-post__card\">\n\t\t\t\t<a class=\"elementor-post__thumbnail__link\" href=\"https:\/\/acaoparamita.com.br\/en\/acompanhamento-retiro-de-verao-2023-cebb-caminho-do-meio\/\" tabindex=\"-1\" target=\"_blank\"><div class=\"elementor-post__thumbnail\"><img loading=\"lazy\" decoding=\"async\" width=\"1024\" height=\"476\" src=\"https:\/\/i0.wp.com\/acaoparamita.com.br\/wp-content\/uploads\/2023\/08\/Lama-Samten-inverno-2022-1024x476-1.png?fit=1024%2C476&amp;ssl=1\" class=\"attachment-full size-full wp-image-9959\" alt=\"\" srcset=\"https:\/\/i0.wp.com\/acaoparamita.com.br\/wp-content\/uploads\/2023\/08\/Lama-Samten-inverno-2022-1024x476-1.png?w=1024&amp;ssl=1 1024w, https:\/\/i0.wp.com\/acaoparamita.com.br\/wp-content\/uploads\/2023\/08\/Lama-Samten-inverno-2022-1024x476-1.png?resize=600%2C279&amp;ssl=1 600w, https:\/\/i0.wp.com\/acaoparamita.com.br\/wp-content\/uploads\/2023\/08\/Lama-Samten-inverno-2022-1024x476-1.png?resize=300%2C139&amp;ssl=1 300w, https:\/\/i0.wp.com\/acaoparamita.com.br\/wp-content\/uploads\/2023\/08\/Lama-Samten-inverno-2022-1024x476-1.png?resize=768%2C357&amp;ssl=1 768w, https:\/\/i0.wp.com\/acaoparamita.com.br\/wp-content\/uploads\/2023\/08\/Lama-Samten-inverno-2022-1024x476-1.png?resize=18%2C8&amp;ssl=1 18w\" sizes=\"(max-width: 800px) 100vw, 800px\" \/><\/div><\/a>\n\t\t\t\t<div class=\"elementor-post__text\">\n\t\t\t\t<h3 class=\"elementor-post__title\">\n\t\t\t<a href=\"https:\/\/acaoparamita.com.br\/en\/acompanhamento-retiro-de-verao-2023-cebb-caminho-do-meio\/\" target=\"&quot;_blank&quot;\">\n\t\t\t\tSummer Retreat (2023) <br>in Caminho do Meio<\/br>\t\t\t<\/a>\n\t\t<\/h3>\n\t\t\t\t<div class=\"elementor-post__excerpt\">\n\t\t\t<p>Sess\u00e3o #1Sess\u00e3o #2Sess\u00e3o #3Sess\u00e3o #4Sess\u00e3o #5 Sess\u00e3o #6Sess\u00e3o #7Sess\u00e3o #8Sess\u00e3o #9Sess\u00e3o #10 Ensinamentos com Lama Padma Samten no Retiro de<\/p>\n\t\t<\/div>\n\t\t\t\t\t<div class=\"elementor-post__read-more-wrapper\">\n\t\t\n\t\t<a class=\"elementor-post__read-more\" href=\"https:\/\/acaoparamita.com.br\/en\/acompanhamento-retiro-de-verao-2023-cebb-caminho-do-meio\/\" aria-label=\"Read more about Retiro de Ver\u00e3o 2023 | CEBB Caminho do Meio\" tabindex=\"-1\" target=\"_blank\">\n\t\t\tAcessar \u00bb\t\t<\/a>\n\n\t\t\t\t\t<\/div>\n\t\t\t\t<\/div>\n\t\t\t\t\t<\/div>\n\t\t<\/article>\n\t\t\t\t<article class=\"elementor-post elementor-grid-item post-9954 post type-post status-publish format-standard has-post-thumbnail hentry category-iluminacao-sabedoria-primordial category-budismo-na-vida-cotidiana category-darmata category-dudjomrinpoche category-linha-tematica-especial category-nordeste category-21-itens category-retiros-verao category-visao tag-cebb-darmata tag-retiro2023\" role=\"listitem\">\n\t\t\t<div class=\"elementor-post__card\">\n\t\t\t\t<a class=\"elementor-post__thumbnail__link\" href=\"https:\/\/acaoparamita.com.br\/en\/acompanhamento-retiro-a-iluminacao-da-sabedoria-primordial\/\" tabindex=\"-1\" target=\"_blank\"><div class=\"elementor-post__thumbnail\"><img loading=\"lazy\" decoding=\"async\" width=\"1024\" height=\"684\" src=\"https:\/\/i0.wp.com\/acaoparamita.com.br\/wp-content\/uploads\/2023\/08\/52494230156_6eab53e4e2_k-1024x684-1.jpg?fit=1024%2C684&amp;ssl=1\" class=\"attachment-full size-full wp-image-9955\" alt=\"\" srcset=\"https:\/\/i0.wp.com\/acaoparamita.com.br\/wp-content\/uploads\/2023\/08\/52494230156_6eab53e4e2_k-1024x684-1.jpg?w=1024&amp;ssl=1 1024w, https:\/\/i0.wp.com\/acaoparamita.com.br\/wp-content\/uploads\/2023\/08\/52494230156_6eab53e4e2_k-1024x684-1.jpg?resize=600%2C401&amp;ssl=1 600w, https:\/\/i0.wp.com\/acaoparamita.com.br\/wp-content\/uploads\/2023\/08\/52494230156_6eab53e4e2_k-1024x684-1.jpg?resize=300%2C200&amp;ssl=1 300w, https:\/\/i0.wp.com\/acaoparamita.com.br\/wp-content\/uploads\/2023\/08\/52494230156_6eab53e4e2_k-1024x684-1.jpg?resize=768%2C513&amp;ssl=1 768w, https:\/\/i0.wp.com\/acaoparamita.com.br\/wp-content\/uploads\/2023\/08\/52494230156_6eab53e4e2_k-1024x684-1.jpg?resize=18%2C12&amp;ssl=1 18w\" sizes=\"(max-width: 800px) 100vw, 800px\" \/><\/div><\/a>\n\t\t\t\t<div class=\"elementor-post__text\">\n\t\t\t\t<h3 class=\"elementor-post__title\">\n\t\t\t<a href=\"https:\/\/acaoparamita.com.br\/en\/acompanhamento-retiro-a-iluminacao-da-sabedoria-primordial\/\" target=\"&quot;_blank&quot;\">\n\t\t\t\tIn-depth Study (fev\/2023) \u2013 <br>\"The Light of Primordial Wisdom\"<\/br>\t\t\t<\/a>\n\t\t<\/h3>\n\t\t\t\t<div class=\"elementor-post__excerpt\">\n\t\t\t<p>Ensinamentos com Lama Padma Samten no CEBB Darmata \u2013 A Ilumina\u00e7\u00e3o da Sabedoria Primordial \u2013 transmitido ao vivo nos dias<\/p>\n\t\t<\/div>\n\t\t\t\t\t<div class=\"elementor-post__read-more-wrapper\">\n\t\t\n\t\t<a class=\"elementor-post__read-more\" href=\"https:\/\/acaoparamita.com.br\/en\/acompanhamento-retiro-a-iluminacao-da-sabedoria-primordial\/\" aria-label=\"Read more about Retiro A Ilumina\u00e7\u00e3o da Sabedoria Primordial\" tabindex=\"-1\" target=\"_blank\">\n\t\t\tAcessar \u00bb\t\t<\/a>\n\n\t\t\t\t\t<\/div>\n\t\t\t\t<\/div>\n\t\t\t\t\t<\/div>\n\t\t<\/article>\n\t\t\t\t<article class=\"elementor-post elementor-grid-item post-9952 post type-post status-publish format-standard has-post-thumbnail hentry category-budismo-na-vida-cotidiana category-linha-tematica-especial category-nordeste category-21-itens category-retiros-fds category-salvador tag-retiro-final-de-semana tag-retiro2023\" role=\"listitem\">\n\t\t\t<div class=\"elementor-post__card\">\n\t\t\t\t<a class=\"elementor-post__thumbnail__link\" href=\"https:\/\/acaoparamita.com.br\/en\/acompanhamento-retiro-pacificacao-e-cura-na-roda-da-vida\/\" tabindex=\"-1\" target=\"_blank\"><div class=\"elementor-post__thumbnail\"><img loading=\"lazy\" decoding=\"async\" width=\"722\" height=\"722\" src=\"https:\/\/i0.wp.com\/acaoparamita.com.br\/wp-content\/uploads\/2023\/03\/pintura-templo.png?fit=722%2C722&amp;ssl=1\" class=\"attachment-full size-full wp-image-7981\" alt=\"\" srcset=\"https:\/\/i0.wp.com\/acaoparamita.com.br\/wp-content\/uploads\/2023\/03\/pintura-templo.png?w=722&amp;ssl=1 722w, https:\/\/i0.wp.com\/acaoparamita.com.br\/wp-content\/uploads\/2023\/03\/pintura-templo.png?resize=300%2C300&amp;ssl=1 300w, https:\/\/i0.wp.com\/acaoparamita.com.br\/wp-content\/uploads\/2023\/03\/pintura-templo.png?resize=100%2C100&amp;ssl=1 100w, https:\/\/i0.wp.com\/acaoparamita.com.br\/wp-content\/uploads\/2023\/03\/pintura-templo.png?resize=600%2C600&amp;ssl=1 600w, https:\/\/i0.wp.com\/acaoparamita.com.br\/wp-content\/uploads\/2023\/03\/pintura-templo.png?resize=150%2C150&amp;ssl=1 150w\" sizes=\"(max-width: 722px) 100vw, 722px\" \/><\/div><\/a>\n\t\t\t\t<div class=\"elementor-post__text\">\n\t\t\t\t<h3 class=\"elementor-post__title\">\n\t\t\t<a href=\"https:\/\/acaoparamita.com.br\/en\/acompanhamento-retiro-pacificacao-e-cura-na-roda-da-vida\/\" target=\"&quot;_blank&quot;\">\n\t\t\t\tWeekend Retreat (mar\/23) \u2013 \"Pacifying and Healing in the Wheel of Life\"<\/br>\t\t\t<\/a>\n\t\t<\/h3>\n\t\t\t\t<div class=\"elementor-post__excerpt\">\n\t\t\t<p>Ensinamentos com Lama Padma Samten no CEBB Salvador &#8211; Pacifica\u00e7\u00e3o e Cura na Roda da Vida &#8211; transmitido ao vivo<\/p>\n\t\t<\/div>\n\t\t\t\t\t<div class=\"elementor-post__read-more-wrapper\">\n\t\t\n\t\t<a class=\"elementor-post__read-more\" href=\"https:\/\/acaoparamita.com.br\/en\/acompanhamento-retiro-pacificacao-e-cura-na-roda-da-vida\/\" aria-label=\"Read more about Retiro \u201cPacifica\u00e7\u00e3o e Cura na Roda da Vida\u201d\" tabindex=\"-1\" target=\"_blank\">\n\t\t\tAcessar \u00bb\t\t<\/a>\n\n\t\t\t\t\t<\/div>\n\t\t\t\t<\/div>\n\t\t\t\t\t<\/div>\n\t\t<\/article>\n\t\t\t\t<article class=\"elementor-post elementor-grid-item post-9949 post type-post status-publish format-standard has-post-thumbnail hentry category-budismo-na-vida-cotidiana category-linha-tematica-especial category-nordeste category-21-itens category-reconcavo category-retiros-fds tag-cebb-reconcavo tag-retiro-final-de-semana tag-retiro2023\" role=\"listitem\">\n\t\t\t<div class=\"elementor-post__card\">\n\t\t\t\t<a class=\"elementor-post__thumbnail__link\" href=\"https:\/\/acaoparamita.com.br\/en\/acompanhamento-retiro-a-pratica-das-quatro-confiancas-para-permanecer-firme-no-caminho-da-liberacao\/\" tabindex=\"-1\" target=\"_blank\"><div class=\"elementor-post__thumbnail\"><img loading=\"lazy\" decoding=\"async\" width=\"1024\" height=\"593\" src=\"https:\/\/i0.wp.com\/acaoparamita.com.br\/wp-content\/uploads\/2023\/08\/WhatsApp-Image-2023-02-10-at-16.22.48-1024x593-1.jpeg?fit=1024%2C593&amp;ssl=1\" class=\"attachment-full size-full wp-image-9951\" alt=\"\" srcset=\"https:\/\/i0.wp.com\/acaoparamita.com.br\/wp-content\/uploads\/2023\/08\/WhatsApp-Image-2023-02-10-at-16.22.48-1024x593-1.jpeg?w=1024&amp;ssl=1 1024w, https:\/\/i0.wp.com\/acaoparamita.com.br\/wp-content\/uploads\/2023\/08\/WhatsApp-Image-2023-02-10-at-16.22.48-1024x593-1.jpeg?resize=600%2C347&amp;ssl=1 600w, https:\/\/i0.wp.com\/acaoparamita.com.br\/wp-content\/uploads\/2023\/08\/WhatsApp-Image-2023-02-10-at-16.22.48-1024x593-1.jpeg?resize=300%2C174&amp;ssl=1 300w, https:\/\/i0.wp.com\/acaoparamita.com.br\/wp-content\/uploads\/2023\/08\/WhatsApp-Image-2023-02-10-at-16.22.48-1024x593-1.jpeg?resize=768%2C445&amp;ssl=1 768w, https:\/\/i0.wp.com\/acaoparamita.com.br\/wp-content\/uploads\/2023\/08\/WhatsApp-Image-2023-02-10-at-16.22.48-1024x593-1.jpeg?resize=18%2C10&amp;ssl=1 18w\" sizes=\"(max-width: 800px) 100vw, 800px\" \/><\/div><\/a>\n\t\t\t\t<div class=\"elementor-post__text\">\n\t\t\t\t<h3 class=\"elementor-post__title\">\n\t\t\t<a href=\"https:\/\/acaoparamita.com.br\/en\/acompanhamento-retiro-a-pratica-das-quatro-confiancas-para-permanecer-firme-no-caminho-da-liberacao\/\" target=\"&quot;_blank&quot;\">\n\t\t\t\tWeekend Retreat (mar\/23) \u2013 <br>\"The practice of the Four Trusts to stand firm on the Path of Liberation\"<\/br>\t\t\t<\/a>\n\t\t<\/h3>\n\t\t\t\t<div class=\"elementor-post__excerpt\">\n\t\t\t<p>Ensinamentos com Lama Padma Samten no CEBB Rec\u00f4ncavo &#8211; Pacifica\u00e7\u00e3o e Cura na Roda da Vida &#8211; transmitido ao vivo<\/p>\n\t\t<\/div>\n\t\t\t\t\t<div class=\"elementor-post__read-more-wrapper\">\n\t\t\n\t\t<a class=\"elementor-post__read-more\" href=\"https:\/\/acaoparamita.com.br\/en\/acompanhamento-retiro-a-pratica-das-quatro-confiancas-para-permanecer-firme-no-caminho-da-liberacao\/\" aria-label=\"Read more about Retiro A Pr\u00e1tica das Quatro Confian\u00e7as para\u00a0permanecer firme no Caminho da Libera\u00e7\u00e3o!\" tabindex=\"-1\" target=\"_blank\">\n\t\t\tAcessar \u00bb\t\t<\/a>\n\n\t\t\t\t\t<\/div>\n\t\t\t\t<\/div>\n\t\t\t\t\t<\/div>\n\t\t<\/article>\n\t\t\t\t<\/div>\n\t\t\n\t\t\t\t\t\t<\/div>\n\t\t\t\t<\/div>\n\t\t\t\t\t<\/div>\n\t\t<\/div>\n\t\t\t\t\t<\/div>\n\t\t<\/section>\n\t\t\t\t<section class=\"elementor-section elementor-top-section elementor-element elementor-element-a630405 elementor-section-boxed elementor-section-height-default elementor-section-height-default\" data-id=\"a630405\" data-element_type=\"section\" data-e-type=\"section\">\n\t\t\t\t\t\t<div class=\"elementor-container elementor-column-gap-default\">\n\t\t\t\t\t<div class=\"elementor-column elementor-col-100 elementor-top-column elementor-element elementor-element-1c48eae\" data-id=\"1c48eae\" data-element_type=\"column\" data-e-type=\"column\">\n\t\t\t<div class=\"elementor-widget-wrap\">\n\t\t\t\t\t\t\t<\/div>\n\t\t<\/div>\n\t\t\t\t\t<\/div>\n\t\t<\/section>\n\t\t\t\t<section class=\"elementor-section elementor-top-section elementor-element elementor-element-1d52282 elementor-section-boxed elementor-section-height-default elementor-section-height-default\" data-id=\"1d52282\" data-element_type=\"section\" data-e-type=\"section\" data-settings=\"{&quot;background_background&quot;:&quot;classic&quot;}\">\n\t\t\t\t\t\t<div class=\"elementor-container elementor-column-gap-default\">\n\t\t\t\t\t<div class=\"elementor-column elementor-col-100 elementor-top-column elementor-element elementor-element-999344d\" data-id=\"999344d\" data-element_type=\"column\" data-e-type=\"column\">\n\t\t\t<div class=\"elementor-widget-wrap elementor-element-populated\">\n\t\t\t\t\t\t<div class=\"elementor-element elementor-element-468abd5 elementor-widget elementor-widget-html\" data-id=\"468abd5\" data-element_type=\"widget\" data-e-type=\"widget\" data-widget_type=\"html.default\">\n\t\t\t\t<div class=\"elementor-widget-container\">\n\t\t\t\t\t<center><span style=\"font-family: Bitter;\">\r\nAqui est\u00e3o disponibilizados de forma organizada os ensinamentos mais recentes do Lama Padma Samten. O acesso a essas linhas tem\u00e1ticas \u00e9 livre, independente de inscri\u00e7\u00e3o ou valores financeiros. <br><br>\r\n\r\nSe voc\u00ea aspira apoiar a sustenta\u00e7\u00e3o desse iniciativa clique abaixo e acesse o formul\u00e1rio que permite oferecer um valor livre, mensal\/sequencial ou \u00fanico. <br><br>\r\n\r\nDesde os tempos do Buda, o Darma \u00e9 sustentado pela generosidade dos praticantes e das pessoas que se sentem beneficiadas. <br><br>\r\n<b>Doa\u00e7\u00f5es via PIX:<\/b> <br>\r\nacaoparamita@gmail.com<br> \r\n<\/center><center><br> <b>Doa\u00e7\u00f5es via Paypal: <\/b><form action=\"https:\/\/www.paypal.com\/cgi-bin\/webscr\" method=\"post\" target=\"_top\">\r\n<input type=\"hidden\" name=\"cmd\" value=\"_s-xclick\" \/>\r\n<input type=\"hidden\" name=\"hosted_button_id\" value=\"J7X6ZTRPY74J4\" \/>\r\n<input type=\"image\" src=\"https:\/\/www.paypalobjects.com\/pt_BR\/BR\/i\/btn\/btn_donateCC_LG.gif\" border=\"0\" name=\"submit\" title=\"PayPal - The safer, easier way to pay online!\" alt=\"Fa\u00e7a doa\u00e7\u00f5es com o bot\u00e3o do PayPal\" \/>\r\n<img data-recalc-dims=\"1\" loading=\"lazy\" decoding=\"async\" alt=\"\" border=\"0\" src=\"https:\/\/i0.wp.com\/www.paypal.com\/pt_BR\/i\/scr\/pixel.gif?resize=1%2C1&#038;ssl=1\" width=\"1\" height=\"1\" \/>\r\n<\/form>&nbsp;<\/center>\t\t\t\t<\/div>\n\t\t\t\t<\/div>\n\t\t\t\t\t<\/div>\n\t\t<\/div>\n\t\t\t\t\t<\/div>\n\t\t<\/section>\n\t\t\t\t<\/div>","protected":false},"excerpt":{"rendered":"<p>LiNHAS TEM\u00c1TICAS Sobre As linhas tem\u00e1ticas organizam os ensinamentos de modo a enriquecer os conte\u00fados que apoiam o desenvolvimento da estabilidade da mente, vis\u00e3o, medita\u00e7\u00e3o e a\u00e7\u00e3o no mundo. O objetivo central \u00e9 ajudar os praticantes a desenvolver lucidez nos diversos blocos, diversos reinos e diversos bardos \u2013 todos express\u00f5es da clara luz. Como utilizar [&hellip;]<\/p>\n","protected":false},"author":1,"featured_media":0,"parent":0,"menu_order":0,"comment_status":"closed","ping_status":"closed","template":"elementor_header_footer","meta":{"_themeisle_gutenberg_block_has_review":false,"footnotes":""},"class_list":["post-4078","page","type-page","status-publish","hentry"],"jetpack_sharing_enabled":true,"_links":{"self":[{"href":"https:\/\/acaoparamita.com.br\/en\/wp-json\/wp\/v2\/pages\/4078","targetHints":{"allow":["GET"]}}],"collection":[{"href":"https:\/\/acaoparamita.com.br\/en\/wp-json\/wp\/v2\/pages"}],"about":[{"href":"https:\/\/acaoparamita.com.br\/en\/wp-json\/wp\/v2\/types\/page"}],"author":[{"embeddable":true,"href":"https:\/\/acaoparamita.com.br\/en\/wp-json\/wp\/v2\/users\/1"}],"replies":[{"embeddable":true,"href":"https:\/\/acaoparamita.com.br\/en\/wp-json\/wp\/v2\/comments?post=4078"}],"version-history":[{"count":58,"href":"https:\/\/acaoparamita.com.br\/en\/wp-json\/wp\/v2\/pages\/4078\/revisions"}],"predecessor-version":[{"id":10292,"href":"https:\/\/acaoparamita.com.br\/en\/wp-json\/wp\/v2\/pages\/4078\/revisions\/10292"}],"wp:attachment":[{"href":"https:\/\/acaoparamita.com.br\/en\/wp-json\/wp\/v2\/media?parent=4078"}],"curies":[{"name":"wp","href":"https:\/\/api.w.org\/{rel}","templated":true}]}}